{"id":1808,"date":"2026-08-18T11:24:05","date_gmt":"2026-08-18T14:24:05","guid":{"rendered":"https:\/\/arvorecultural.com.br\/?page_id=1808"},"modified":"2026-09-02T13:41:57","modified_gmt":"2026-09-02T16:41:57","slug":"inicio-2026","status":"publish","type":"page","link":"https:\/\/arvorecultural.com.br\/en\/","title":{"rendered":"In\u00edcio 2026"},"content":{"rendered":"<div class=\"wp-block-cover\"><span aria-hidden=\"true\" class=\"wp-block-cover__background has-background-dim\"><\/span><img loading=\"lazy\" decoding=\"async\" width=\"1000\" height=\"667\" class=\"wp-block-cover__image-background wp-image-218\" alt=\"Copa de \u00e1rvores vista de baixo, representando crescimento, conex\u00e3o e transforma\u00e7\u00e3o.\" src=\"https:\/\/arvorecultural.com.br\/wp-content\/uploads\/2020\/09\/shutterstock_95030080.jpg\" data-object-fit=\"cover\" srcset=\"https:\/\/arvorecultural.com.br\/wp-content\/uploads\/2020\/09\/shutterstock_95030080.jpg 1000w, https:\/\/arvorecultural.com.br\/wp-content\/uploads\/2020\/09\/shutterstock_95030080-300x200.jpg 300w, https:\/\/arvorecultural.com.br\/wp-content\/uploads\/2020\/09\/shutterstock_95030080-768x512.jpg 768w\" sizes=\"(max-width: 1000px) 100vw, 1000px\" \/><div class=\"wp-block-cover__inner-container is-layout-constrained wp-block-cover-is-layout-constrained\">\n<p class=\"has-text-align-center has-large-font-size\">Culture that transforms. Strategy that creates value.<\/p>\n\n\n\n<p>We create and develop projects, cultural assets and opportunities that connect art, businesses, investors and communities.<\/p>\n\n\n\n<div class=\"wp-block-buttons is-layout-flex wp-block-buttons-is-layout-flex\">\n<div class=\"wp-block-button\"><a class=\"wp-block-button__link wp-element-button\" href=\"#nossa-atuacao\">Explore what we do<\/a><\/div>\n<\/div>\n<\/div><\/div>\n\n\n\n<h2 class=\"wp-block-heading\" id=\"nossa-atuacao\">What we do<\/h2>\n\n\n\n<p>From concept to delivery, we combine cultural expertise, in-depth knowledge of incentive laws and business development to transform ideas into value, impact and lasting legacy.<\/p>\n\n\n\n<p class=\"has-text-color has-link-color wp-elements-8db16279a5b2ff77d099518b6170d409\" style=\"color:#1d2735\">Rouanet Law \u2022 ProAC ICMS \u2022 PROMAC \u2022 state and municipal cultural incentive programs<\/p>\n\n\n\n<div class=\"wp-block-columns is-layout-flex wp-container-core-columns-layout-1 wp-block-columns-is-layout-flex\">\n<div class=\"wp-block-column has-background is-layout-flow wp-block-column-is-layout-flow\" style=\"border-width:1px;background-color:#f3ffff;padding-top:24px;padding-right:24px;padding-bottom:24px;padding-left:24px\">\n<p class=\"has-text-color has-link-color wp-elements-e89b327535d4a574a886123476995a7e\" style=\"color:#78a91f\">01<\/p>\n\n\n\n<h2 class=\"wp-block-heading\">Cultural strategy and development<\/h2>\n\n\n\n<p>Incentivized projects, annual plans, sponsor presentations and feasibility models.<\/p>\n<\/div>\n\n\n\n<div class=\"wp-block-column has-background is-layout-flow wp-block-column-is-layout-flow\" style=\"border-width:1px;background-color:#f3ffff;padding-top:24px;padding-right:24px;padding-bottom:24px;padding-left:24px\">\n<p class=\"has-text-color has-link-color wp-elements-b03316361bf80cc7cbf6185730827360\" style=\"color:#78a91f\">02<\/p>\n\n\n\n<h2 class=\"wp-block-heading has-text-color has-link-color wp-elements-3232777b0311c6db64d37f434c2ec7fe\" style=\"color:#1d2735\">Project management and delivery<\/h2>\n\n\n\n<p>Planning, coordination and full delivery of arts and cultural projects, from production to measurable results.<\/p>\n<\/div>\n\n\n\n<div class=\"wp-block-column has-background is-layout-flow wp-block-column-is-layout-flow\" style=\"border-width:1px;background-color:#f3ffff;padding-top:24px;padding-right:24px;padding-bottom:24px;padding-left:24px\">\n<p class=\"has-text-color has-link-color wp-elements-d4456e0b4a01f424d67efa00c484bf4c\" style=\"color:#78a91f\">03<\/p>\n\n\n\n<h2 class=\"wp-block-heading\">Cultural assets and new business opportunities<\/h2>\n\n\n\n<p>Cultural assets and new business opportunities<\/p>\n<\/div>\n<\/div>\n\n\n\n<div class=\"wp-block-group is-layout-constrained wp-block-group-is-layout-constrained\"><div class=\"wp-block-group__inner-container\">\n<h2 class=\"wp-block-heading\"><strong>A track record that inspires trust<\/strong><\/h2>\n\n\n\n<p>Experi\u00eancia, continuidade e articula\u00e7\u00e3o entre empresas, institui\u00e7\u00f5es, artistas e territ\u00f3rios.<\/p>\n\n\n\n<div class=\"wp-block-columns is-layout-flex wp-container-core-columns-layout-2 wp-block-columns-is-layout-flex\">\n<div class=\"wp-block-column is-layout-flow wp-block-column-is-layout-flow\">\n<h2 class=\"wp-block-heading has-text-color has-link-color wp-elements-78066416fcdf36468b2157853d1a1662\" style=\"color:#1d2735\">Since 2003<\/h2>\n\n\n\n<p>A continuous presence in art, culture and strategy.<\/p>\n<\/div>\n\n\n\n<div class=\"wp-block-column is-layout-flow wp-block-column-is-layout-flow\">\n<h2 class=\"wp-block-heading has-text-color has-link-color wp-elements-c0e36fc97b7a24a16b9a23fd15c5a772\" style=\"color:#1d2735\">Directly reached through cultural and educational projects.<\/h2>\n\n\n\n<p>Directly reached through cultural and educational projects.<\/p>\n<\/div>\n\n\n\n<div class=\"wp-block-column is-layout-flow wp-block-column-is-layout-flow\">\n<h2 class=\"wp-block-heading has-text-color has-link-color wp-elements-3ab090c8ae6b97a14a2e8e69f074dd23\" style=\"color:#1d2735\">Brazil and abroad<\/h2>\n\n\n\n<p>Projects, performances and partnerships across different regions and countries.<\/p>\n<\/div>\n<\/div>\n\n\n\n<p>Experience with federal, state and municipal cultural incentive laws, from project development through implementation and final delivery.<\/p>\n\n\n\n<h2 class=\"wp-block-heading has-text-color has-link-color wp-elements-1bf576bb200ad552b5be56fe22ca801e\" style=\"color:#000000\"><strong>A track record built alongside brands and institutions<\/strong><\/h2>\n\n\n\n<p>Clients, sponsors and partners who are part of \u00c1rvore Cultural\u2019s story.<\/p>\n\n\n\n<figure class=\"wp-block-gallery has-nested-images columns-5 wp-block-gallery-1 is-layout-flex wp-block-gallery-is-layout-flex\" style=\"margin-right:0;margin-left:0\">\n<figure class=\"wp-block-image size-full\"><img loading=\"lazy\" decoding=\"async\" width=\"1200\" height=\"500\" src=\"https:\/\/arvorecultural.com.br\/wp-content\/uploads\/2026\/08\/01-CCR-ViaOeste-site-equilibrada.png\" alt=\"Logotipo da CCR ViaOeste\" class=\"wp-image-2840\" srcset=\"https:\/\/arvorecultural.com.br\/wp-content\/uploads\/2026\/08\/01-CCR-ViaOeste-site-equilibrada.png 1200w, https:\/\/arvorecultural.com.br\/wp-content\/uploads\/2026\/08\/01-CCR-ViaOeste-site-equilibrada-300x125.png 300w, https:\/\/arvorecultural.com.br\/wp-content\/uploads\/2026\/08\/01-CCR-ViaOeste-site-equilibrada-1024x427.png 1024w, https:\/\/arvorecultural.com.br\/wp-content\/uploads\/2026\/08\/01-CCR-ViaOeste-site-equilibrada-768x320.png 768w\" sizes=\"(max-width: 1200px) 100vw, 1200px\" \/><\/figure>\n\n\n\n<figure class=\"wp-block-image size-full\"><img loading=\"lazy\" decoding=\"async\" width=\"1200\" height=\"500\" src=\"https:\/\/arvorecultural.com.br\/wp-content\/uploads\/2026\/08\/02-Hitachi-site-equilibrada.png\" alt=\"Logotipo da Hitachi\" class=\"wp-image-2841\" srcset=\"https:\/\/arvorecultural.com.br\/wp-content\/uploads\/2026\/08\/02-Hitachi-site-equilibrada.png 1200w, https:\/\/arvorecultural.com.br\/wp-content\/uploads\/2026\/08\/02-Hitachi-site-equilibrada-300x125.png 300w, https:\/\/arvorecultural.com.br\/wp-content\/uploads\/2026\/08\/02-Hitachi-site-equilibrada-1024x427.png 1024w, https:\/\/arvorecultural.com.br\/wp-content\/uploads\/2026\/08\/02-Hitachi-site-equilibrada-768x320.png 768w\" sizes=\"(max-width: 1200px) 100vw, 1200px\" \/><\/figure>\n\n\n\n<figure class=\"wp-block-image size-full\"><img loading=\"lazy\" decoding=\"async\" width=\"1200\" height=\"500\" src=\"https:\/\/arvorecultural.com.br\/wp-content\/uploads\/2026\/08\/03-IHARA-site-equilibrada.png\" alt=\"Logotipo da IHARA\" class=\"wp-image-2843\" srcset=\"https:\/\/arvorecultural.com.br\/wp-content\/uploads\/2026\/08\/03-IHARA-site-equilibrada.png 1200w, https:\/\/arvorecultural.com.br\/wp-content\/uploads\/2026\/08\/03-IHARA-site-equilibrada-300x125.png 300w, https:\/\/arvorecultural.com.br\/wp-content\/uploads\/2026\/08\/03-IHARA-site-equilibrada-1024x427.png 1024w, https:\/\/arvorecultural.com.br\/wp-content\/uploads\/2026\/08\/03-IHARA-site-equilibrada-768x320.png 768w\" sizes=\"(max-width: 1200px) 100vw, 1200px\" \/><\/figure>\n\n\n\n<figure class=\"wp-block-image size-full\"><img loading=\"lazy\" decoding=\"async\" width=\"1200\" height=\"500\" src=\"https:\/\/arvorecultural.com.br\/wp-content\/uploads\/2026\/08\/04-Instituto-Amanhecer-site-equilibrada.png\" alt=\"Logotipo do Instituto Amanhecer\" class=\"wp-image-2845\" srcset=\"https:\/\/arvorecultural.com.br\/wp-content\/uploads\/2026\/08\/04-Instituto-Amanhecer-site-equilibrada.png 1200w, https:\/\/arvorecultural.com.br\/wp-content\/uploads\/2026\/08\/04-Instituto-Amanhecer-site-equilibrada-300x125.png 300w, https:\/\/arvorecultural.com.br\/wp-content\/uploads\/2026\/08\/04-Instituto-Amanhecer-site-equilibrada-1024x427.png 1024w, https:\/\/arvorecultural.com.br\/wp-content\/uploads\/2026\/08\/04-Instituto-Amanhecer-site-equilibrada-768x320.png 768w\" sizes=\"(max-width: 1200px) 100vw, 1200px\" \/><\/figure>\n\n\n\n<figure class=\"wp-block-image size-full\"><img loading=\"lazy\" decoding=\"async\" width=\"1200\" height=\"500\" src=\"https:\/\/arvorecultural.com.br\/wp-content\/uploads\/2026\/08\/05-Magalu-site-equilibrada.png\" alt=\"Logotipo do Magalu\" class=\"wp-image-2846\" srcset=\"https:\/\/arvorecultural.com.br\/wp-content\/uploads\/2026\/08\/05-Magalu-site-equilibrada.png 1200w, https:\/\/arvorecultural.com.br\/wp-content\/uploads\/2026\/08\/05-Magalu-site-equilibrada-300x125.png 300w, https:\/\/arvorecultural.com.br\/wp-content\/uploads\/2026\/08\/05-Magalu-site-equilibrada-1024x427.png 1024w, https:\/\/arvorecultural.com.br\/wp-content\/uploads\/2026\/08\/05-Magalu-site-equilibrada-768x320.png 768w\" sizes=\"(max-width: 1200px) 100vw, 1200px\" \/><\/figure>\n<\/figure>\n\n\n\n<figure class=\"wp-block-gallery has-nested-images columns-5 is-cropped wp-block-gallery-2 is-layout-flex wp-block-gallery-is-layout-flex\">\n<figure class=\"wp-block-image size-full\"><img loading=\"lazy\" decoding=\"async\" width=\"1200\" height=\"500\" src=\"https:\/\/arvorecultural.com.br\/wp-content\/uploads\/2026\/08\/06-SESI-Conselho-Nacional-site-equilibrada.png\" alt=\"Logotipo do SESI Conselho Nacional\" class=\"wp-image-2848\" srcset=\"https:\/\/arvorecultural.com.br\/wp-content\/uploads\/2026\/08\/06-SESI-Conselho-Nacional-site-equilibrada.png 1200w, https:\/\/arvorecultural.com.br\/wp-content\/uploads\/2026\/08\/06-SESI-Conselho-Nacional-site-equilibrada-300x125.png 300w, https:\/\/arvorecultural.com.br\/wp-content\/uploads\/2026\/08\/06-SESI-Conselho-Nacional-site-equilibrada-1024x427.png 1024w, https:\/\/arvorecultural.com.br\/wp-content\/uploads\/2026\/08\/06-SESI-Conselho-Nacional-site-equilibrada-768x320.png 768w\" sizes=\"(max-width: 1200px) 100vw, 1200px\" \/><\/figure>\n\n\n\n<figure class=\"wp-block-image size-full\"><img loading=\"lazy\" decoding=\"async\" width=\"1200\" height=\"500\" src=\"https:\/\/arvorecultural.com.br\/wp-content\/uploads\/2026\/08\/11-Rede-Graal-site-60-fundo-branco-maior.png\" alt=\"Logotipo da Rede Graal\" class=\"wp-image-2864\" srcset=\"https:\/\/arvorecultural.com.br\/wp-content\/uploads\/2026\/08\/11-Rede-Graal-site-60-fundo-branco-maior.png 1200w, https:\/\/arvorecultural.com.br\/wp-content\/uploads\/2026\/08\/11-Rede-Graal-site-60-fundo-branco-maior-300x125.png 300w, https:\/\/arvorecultural.com.br\/wp-content\/uploads\/2026\/08\/11-Rede-Graal-site-60-fundo-branco-maior-1024x427.png 1024w, https:\/\/arvorecultural.com.br\/wp-content\/uploads\/2026\/08\/11-Rede-Graal-site-60-fundo-branco-maior-768x320.png 768w\" sizes=\"(max-width: 1200px) 100vw, 1200px\" \/><\/figure>\n\n\n\n<figure class=\"wp-block-image size-full\"><img loading=\"lazy\" decoding=\"async\" width=\"1200\" height=\"500\" src=\"https:\/\/arvorecultural.com.br\/wp-content\/uploads\/2026\/08\/08-Starrett-site-equilibrada.png\" alt=\"Logotipo da Starrett\" class=\"wp-image-2850\" srcset=\"https:\/\/arvorecultural.com.br\/wp-content\/uploads\/2026\/08\/08-Starrett-site-equilibrada.png 1200w, https:\/\/arvorecultural.com.br\/wp-content\/uploads\/2026\/08\/08-Starrett-site-equilibrada-300x125.png 300w, https:\/\/arvorecultural.com.br\/wp-content\/uploads\/2026\/08\/08-Starrett-site-equilibrada-1024x427.png 1024w, https:\/\/arvorecultural.com.br\/wp-content\/uploads\/2026\/08\/08-Starrett-site-equilibrada-768x320.png 768w\" sizes=\"(max-width: 1200px) 100vw, 1200px\" \/><\/figure>\n\n\n\n<figure class=\"wp-block-image size-full\"><img loading=\"lazy\" decoding=\"async\" width=\"1200\" height=\"500\" src=\"https:\/\/arvorecultural.com.br\/wp-content\/uploads\/2026\/08\/09-Tapetah-site-equilibrada.png\" alt=\"Logotipo da Tapetah\" class=\"wp-image-2851\" srcset=\"https:\/\/arvorecultural.com.br\/wp-content\/uploads\/2026\/08\/09-Tapetah-site-equilibrada.png 1200w, https:\/\/arvorecultural.com.br\/wp-content\/uploads\/2026\/08\/09-Tapetah-site-equilibrada-300x125.png 300w, https:\/\/arvorecultural.com.br\/wp-content\/uploads\/2026\/08\/09-Tapetah-site-equilibrada-1024x427.png 1024w, https:\/\/arvorecultural.com.br\/wp-content\/uploads\/2026\/08\/09-Tapetah-site-equilibrada-768x320.png 768w\" sizes=\"(max-width: 1200px) 100vw, 1200px\" \/><\/figure>\n\n\n\n<figure class=\"wp-block-image size-full\"><img loading=\"lazy\" decoding=\"async\" width=\"1200\" height=\"500\" src=\"https:\/\/arvorecultural.com.br\/wp-content\/uploads\/2026\/08\/10-Bradesco-site-equilibrada.png\" alt=\"Logotipo do Bradesco\" class=\"wp-image-2852\" srcset=\"https:\/\/arvorecultural.com.br\/wp-content\/uploads\/2026\/08\/10-Bradesco-site-equilibrada.png 1200w, https:\/\/arvorecultural.com.br\/wp-content\/uploads\/2026\/08\/10-Bradesco-site-equilibrada-300x125.png 300w, https:\/\/arvorecultural.com.br\/wp-content\/uploads\/2026\/08\/10-Bradesco-site-equilibrada-1024x427.png 1024w, https:\/\/arvorecultural.com.br\/wp-content\/uploads\/2026\/08\/10-Bradesco-site-equilibrada-768x320.png 768w\" sizes=\"(max-width: 1200px) 100vw, 1200px\" \/><\/figure>\n<\/figure>\n<\/div><\/div>\n\n\n\n<div class=\"wp-block-columns has-text-color has-background has-link-color wp-elements-39343ee331c2e601a2300560ca2e7f2b is-layout-flex wp-container-core-columns-layout-3 wp-block-columns-is-layout-flex\" style=\"color:#f3f7fa;background-color:#e3f1f4\">\n<div class=\"wp-block-column is-layout-flow wp-block-column-is-layout-flow\"><div class=\"wp-block-image\">\n<figure class=\"alignright size-large\"><img loading=\"lazy\" decoding=\"async\" width=\"432\" height=\"1024\" src=\"https:\/\/arvorecultural.com.br\/wp-content\/uploads\/2026\/08\/Dirce_casa1708_2-2-edited-scaled-1-432x1024.webp\" alt=\"Exposi\u00e7\u00e3o da AGaleria em Casa em ambiente residencial, com obras de arte integradas ao espa\u00e7o.\" class=\"wp-image-2718\" style=\"aspect-ratio:4\/3;object-fit:cover\" srcset=\"https:\/\/arvorecultural.com.br\/wp-content\/uploads\/2026\/08\/Dirce_casa1708_2-2-edited-scaled-1-432x1024.webp 432w, https:\/\/arvorecultural.com.br\/wp-content\/uploads\/2026\/08\/Dirce_casa1708_2-2-edited-scaled-1-127x300.webp 127w, https:\/\/arvorecultural.com.br\/wp-content\/uploads\/2026\/08\/Dirce_casa1708_2-2-edited-scaled-1-768x1820.webp 768w, https:\/\/arvorecultural.com.br\/wp-content\/uploads\/2026\/08\/Dirce_casa1708_2-2-edited-scaled-1-648x1536.webp 648w, https:\/\/arvorecultural.com.br\/wp-content\/uploads\/2026\/08\/Dirce_casa1708_2-2-edited-scaled-1-864x2048.webp 864w, https:\/\/arvorecultural.com.br\/wp-content\/uploads\/2026\/08\/Dirce_casa1708_2-2-edited-scaled-1.webp 1080w\" sizes=\"(max-width: 432px) 100vw, 432px\" \/><\/figure><\/div><\/div>\n\n\n\n<div class=\"wp-block-column has-text-color has-link-color wp-elements-cc7c1d63d2d85434ca24d0ec6f33de26 is-layout-flow wp-block-column-is-layout-flow\" style=\"color:#1d2735\">\n<p class=\"has-text-color has-link-color has-small-font-size wp-elements-bafe15e0b2270351cc51a14a28f6788b\" style=\"color:#78a91f\"><strong>AN \u00c1RVORE CULTURAL ASSET<\/strong><\/p>\n\n\n\n<h2 class=\"wp-block-heading\">AGaleria<\/h2>\n\n\n\n<p><em>Art, design and experiences in motion.<\/em><br><br>Founded in Ubatuba and operating as a nomadic gallery, AGaleria brings artists, audiences and spaces together through exhibitions, curatorial projects and personalized experiences.<\/p>\n\n\n\n<p>Between 2022 and 2024, it hosted <strong>13 group exhibitions and 20 live music performances<\/strong> at its physical venue. Today, it is expanding its presence through AGaleria em Casa.<\/p>\n\n\n\n<div class=\"wp-block-buttons is-layout-flex wp-block-buttons-is-layout-flex\">\n<div class=\"wp-block-button\"><a class=\"wp-block-button__link has-theme-palette-3-background-color has-background wp-element-button\" href=\"https:\/\/arvorecultural.com.br\/en\/?page_id=2359\">Discover AGaleria<\/a><\/div>\n<\/div>\n<\/div>\n<\/div>\n\n\n\n<h2 class=\"wp-block-heading\">Ongoing Projects<\/h2>\n\n\n\n<p>Projects currently underway, combining strategy, management and results monitoring.<\/p>\n\n\n\n<div class=\"wp-block-columns is-layout-flex wp-container-core-columns-layout-4 wp-block-columns-is-layout-flex\">\n<div class=\"wp-block-column is-layout-flow wp-block-column-is-layout-flow\">\n<h3 class=\"wp-block-heading has-text-align-left\">Energia Cidad\u00e3<\/h3>\n\n\n\n<p>Guarulhos, SP | Ongoing<br><\/p>\n\n\n\n<div style=\"height:30px\" aria-hidden=\"true\" class=\"wp-block-spacer\"><\/div>\n\n\n\n<figure class=\"wp-block-image size-large\"><img loading=\"lazy\" decoding=\"async\" width=\"1024\" height=\"683\" src=\"https:\/\/arvorecultural.com.br\/wp-content\/uploads\/2026\/08\/Energia_Cidada_card_projetos_1200x800-1024x683.webp\" alt=\"Imagem de divulga\u00e7\u00e3o do projeto Energia Cidad\u00e3\" class=\"wp-image-2930\" srcset=\"https:\/\/arvorecultural.com.br\/wp-content\/uploads\/2026\/08\/Energia_Cidada_card_projetos_1200x800-1024x683.webp 1024w, https:\/\/arvorecultural.com.br\/wp-content\/uploads\/2026\/08\/Energia_Cidada_card_projetos_1200x800-300x200.webp 300w, https:\/\/arvorecultural.com.br\/wp-content\/uploads\/2026\/08\/Energia_Cidada_card_projetos_1200x800-768x512.webp 768w, https:\/\/arvorecultural.com.br\/wp-content\/uploads\/2026\/08\/Energia_Cidada_card_projetos_1200x800.webp 1200w\" sizes=\"(max-width: 1024px) 100vw, 1024px\" \/><\/figure>\n\n\n\n<p>Continuing education in theater and artistic expression for children and teenagers, with cultural activities open to the community<\/p>\n\n\n\n<div class=\"wp-block-buttons is-layout-flex wp-block-buttons-is-layout-flex\">\n<div class=\"wp-block-button\"><a class=\"wp-block-button__link wp-element-button\" href=\"https:\/\/www.instagram.com\/iamanhecer\/\" target=\"_blank\" rel=\"noreferrer noopener\">Follow the project<\/a><\/div>\n<\/div>\n<\/div>\n\n\n\n<div class=\"wp-block-column is-layout-flow wp-block-column-is-layout-flow\">\n<h3 class=\"wp-block-heading has-text-align-left\">BAB<\/h3>\n\n\n\n<p><strong>Brazilian Architecture Biennial<\/strong><br>S\u00e3o Paulo, SP | Ongoing<\/p>\n\n\n\n<figure class=\"wp-block-image size-large\"><img loading=\"lazy\" decoding=\"async\" width=\"1024\" height=\"683\" src=\"https:\/\/arvorecultural.com.br\/wp-content\/uploads\/2026\/08\/BAB_card_projetos_1200x800-1-1024x683.webp\" alt=\"Imagem de divulga\u00e7\u00e3o da Bienal de Arquitetura Brasileira\" class=\"wp-image-2936\" srcset=\"https:\/\/arvorecultural.com.br\/wp-content\/uploads\/2026\/08\/BAB_card_projetos_1200x800-1-1024x683.webp 1024w, https:\/\/arvorecultural.com.br\/wp-content\/uploads\/2026\/08\/BAB_card_projetos_1200x800-1-300x200.webp 300w, https:\/\/arvorecultural.com.br\/wp-content\/uploads\/2026\/08\/BAB_card_projetos_1200x800-1-768x512.webp 768w, https:\/\/arvorecultural.com.br\/wp-content\/uploads\/2026\/08\/BAB_card_projetos_1200x800-1.webp 1200w\" sizes=\"(max-width: 1024px) 100vw, 1024px\" \/><\/figure>\n\n\n\n<p>An exhibition dedicated to the architecture of Brazil's six biomes, with continued social initiatives and the production of a book.<\/p>\n\n\n\n<div class=\"wp-block-buttons is-layout-flex wp-block-buttons-is-layout-flex\">\n<div class=\"wp-block-button\"><a class=\"wp-block-button__link wp-element-button\" href=\"https:\/\/www.bienaldearquiteturabrasileira.com\" target=\"_blank\" rel=\"noreferrer noopener\">Follow the project<\/a><\/div>\n<\/div>\n<\/div>\n\n\n\n<div class=\"wp-block-column is-layout-flow wp-block-column-is-layout-flow\">\n<h3 class=\"wp-block-heading\">P_ARTE<\/h3>\n\n\n\n<p><strong>Parque Geminiani Momesso<\/strong><br>Ibipor\u00e3, PR | Ongoing<\/p>\n\n\n\n<figure class=\"wp-block-image size-large\"><img loading=\"lazy\" decoding=\"async\" width=\"1024\" height=\"683\" src=\"https:\/\/arvorecultural.com.br\/wp-content\/uploads\/2026\/08\/Parque_Geminiani_Momesso_card_provisorio_1200x800-1024x683.webp\" alt=\"Imagem de divulga\u00e7\u00e3o do Parque Geminiani Momesso\" class=\"wp-image-2934\" srcset=\"https:\/\/arvorecultural.com.br\/wp-content\/uploads\/2026\/08\/Parque_Geminiani_Momesso_card_provisorio_1200x800-1024x683.webp 1024w, https:\/\/arvorecultural.com.br\/wp-content\/uploads\/2026\/08\/Parque_Geminiani_Momesso_card_provisorio_1200x800-300x200.webp 300w, https:\/\/arvorecultural.com.br\/wp-content\/uploads\/2026\/08\/Parque_Geminiani_Momesso_card_provisorio_1200x800-768x512.webp 768w, https:\/\/arvorecultural.com.br\/wp-content\/uploads\/2026\/08\/Parque_Geminiani_Momesso_card_provisorio_1200x800.webp 1200w\" sizes=\"(max-width: 1024px) 100vw, 1024px\" \/><\/figure>\n\n\n\n<p>A park dedicated to Brazilian art, integrating a collection, pavilions, nature, exhibitions, and educational activities.<\/p>\n\n\n\n<div class=\"wp-block-buttons is-layout-flex wp-block-buttons-is-layout-flex\">\n<div class=\"wp-block-button\"><a class=\"wp-block-button__link wp-element-button\" href=\"https:\/\/parte.org.br\" target=\"_blank\" rel=\"noreferrer noopener\">Follow the project<\/a><\/div>\n<\/div>\n<\/div>\n\n\n\n<div class=\"wp-block-column is-layout-flow wp-block-column-is-layout-flow\">\n<h3 class=\"wp-block-heading\">AGaleria em Casa<\/h3>\n\n\n\n<div style=\"height:0px\" aria-hidden=\"true\" class=\"wp-block-spacer\"><\/div>\n\n\n\n<p>S\u00e3o Paulo, Ubatuba and other locations<\/p>\n\n\n\n<div style=\"height:30px\" aria-hidden=\"true\" class=\"wp-block-spacer\"><\/div>\n\n\n\n<figure class=\"wp-block-image size-large\"><img loading=\"lazy\" decoding=\"async\" width=\"1024\" height=\"683\" src=\"https:\/\/arvorecultural.com.br\/wp-content\/uploads\/2026\/08\/AGaleria_em_Casa_card_projetos_1200x800-1-1024x683.webp\" alt=\"Imagem de divulga\u00e7\u00e3o do projeto AGaleria em Casa\" class=\"wp-image-2938\" srcset=\"https:\/\/arvorecultural.com.br\/wp-content\/uploads\/2026\/08\/AGaleria_em_Casa_card_projetos_1200x800-1-1024x683.webp 1024w, https:\/\/arvorecultural.com.br\/wp-content\/uploads\/2026\/08\/AGaleria_em_Casa_card_projetos_1200x800-1-300x200.webp 300w, https:\/\/arvorecultural.com.br\/wp-content\/uploads\/2026\/08\/AGaleria_em_Casa_card_projetos_1200x800-1-768x512.webp 768w, https:\/\/arvorecultural.com.br\/wp-content\/uploads\/2026\/08\/AGaleria_em_Casa_card_projetos_1200x800-1.webp 1200w\" sizes=\"(max-width: 1024px) 100vw, 1024px\" \/><\/figure>\n\n\n\n<p>A nomadic project that brings artists, collectors, and audiences together through exhibitions and gatherings in different spaces.<\/p>\n\n\n\n<div class=\"wp-block-buttons is-layout-flex wp-block-buttons-is-layout-flex\">\n<div class=\"wp-block-button\"><a class=\"wp-block-button__link wp-element-button\" href=\"https:\/\/www.instagram.com\/agaleriaubatuba\" target=\"_blank\" rel=\"noreferrer noopener\">Follow the project<\/a><\/div>\n<\/div>\n<\/div>\n<\/div>\n\n\n\n<h2 class=\"wp-block-heading\" id=\"projetos-realizados\">Cultural Investment Opportunities <\/h2>\n\n\n\n<p>Approved projects ready to build partnerships with companies, investors and organizations that recognize art and culture as strategic assets for their brands, relationships and value creation.<\/p>\n\n\n\n<div class=\"wp-block-columns is-layout-flex wp-container-core-columns-layout-5 wp-block-columns-is-layout-flex\">\n<div class=\"wp-block-column is-layout-flow wp-block-column-is-layout-flow\">\n<h3 class=\"wp-block-heading\">Mulher de 50 Pode &#8230;<\/h3>\n\n\n\n<figure class=\"wp-block-image size-full\"><img loading=\"lazy\" decoding=\"async\" width=\"1200\" height=\"800\" src=\"https:\/\/arvorecultural.com.br\/wp-content\/uploads\/2026\/08\/Mulher_de_50_Pode_Denise_1200x800-2.webp\" alt=\"Imagem de divulga\u00e7\u00e3o do espet\u00e1culo Mulher de 50 Pode\" class=\"wp-image-3111\" srcset=\"https:\/\/arvorecultural.com.br\/wp-content\/uploads\/2026\/08\/Mulher_de_50_Pode_Denise_1200x800-2.webp 1200w, https:\/\/arvorecultural.com.br\/wp-content\/uploads\/2026\/08\/Mulher_de_50_Pode_Denise_1200x800-2-300x200.webp 300w, https:\/\/arvorecultural.com.br\/wp-content\/uploads\/2026\/08\/Mulher_de_50_Pode_Denise_1200x800-2-1024x683.webp 1024w, https:\/\/arvorecultural.com.br\/wp-content\/uploads\/2026\/08\/Mulher_de_50_Pode_Denise_1200x800-2-768x512.webp 768w\" sizes=\"(max-width: 1200px) 100vw, 1200px\" \/><\/figure>\n\n\n\n<p>A thoughtful comedy by Denise Prado that celebrates women over 50, exploring transformation, discovery and new possibilities with humor and sensitivity.<\/p>\n\n\n\n<div class=\"wp-block-buttons is-layout-flex wp-block-buttons-is-layout-flex\">\n<div class=\"wp-block-button\"><a class=\"wp-block-button__link wp-element-button\" href=\"https:\/\/arvorecultural.com.br\/en\/mulher-de-50-pode\/\">Discover the project<\/a><\/div>\n<\/div>\n<\/div>\n\n\n\n<div class=\"wp-block-column is-layout-flow wp-block-column-is-layout-flow\">\n<h3 class=\"wp-block-heading\">SPAMALOT <\/h3>\n\n\n\n<figure class=\"wp-block-image size-large\"><img loading=\"lazy\" decoding=\"async\" width=\"1024\" height=\"683\" src=\"https:\/\/arvorecultural.com.br\/wp-content\/uploads\/2026\/08\/spamalot-capa-site-1200x800-3-1024x683.webp\" alt=\"Imagem de divulga\u00e7\u00e3o do musical SPAMALOT\" class=\"wp-image-3114\" srcset=\"https:\/\/arvorecultural.com.br\/wp-content\/uploads\/2026\/08\/spamalot-capa-site-1200x800-3-1024x683.webp 1024w, https:\/\/arvorecultural.com.br\/wp-content\/uploads\/2026\/08\/spamalot-capa-site-1200x800-3-300x200.webp 300w, https:\/\/arvorecultural.com.br\/wp-content\/uploads\/2026\/08\/spamalot-capa-site-1200x800-3-768x512.webp 768w, https:\/\/arvorecultural.com.br\/wp-content\/uploads\/2026\/08\/spamalot-capa-site-1200x800-3.webp 1200w\" sizes=\"(max-width: 1024px) 100vw, 1024px\" \/><\/figure>\n\n\n\n<p>An irreverent musical comedy about journeys, encounters, and the quest for the Grail itself, ready for a major production on Brazilian stages.<\/p>\n\n\n\n<div class=\"wp-block-buttons is-layout-flex wp-block-buttons-is-layout-flex\">\n<div class=\"wp-block-button\"><a class=\"wp-block-button__link wp-element-button\" href=\"https:\/\/arvorecultural.com.br\/en\/spamalot-a-comedia-musical\/\">Discover the project<\/a><\/div>\n<\/div>\n<\/div>\n\n\n\n<div class=\"wp-block-column is-layout-flow wp-block-column-is-layout-flow\">\n<h3 class=\"wp-block-heading\">Bienal Sonora<\/h3>\n\n\n\n<figure class=\"wp-block-image size-large\"><img loading=\"lazy\" decoding=\"async\" width=\"1024\" height=\"683\" src=\"https:\/\/arvorecultural.com.br\/wp-content\/uploads\/2026\/08\/bienal-sonora-capa-site-1200x800-2-1024x683.webp\" alt=\"Imagem-conceito da Bienal Sonora\" class=\"wp-image-3117\" srcset=\"https:\/\/arvorecultural.com.br\/wp-content\/uploads\/2026\/08\/bienal-sonora-capa-site-1200x800-2-1024x683.webp 1024w, https:\/\/arvorecultural.com.br\/wp-content\/uploads\/2026\/08\/bienal-sonora-capa-site-1200x800-2-300x200.webp 300w, https:\/\/arvorecultural.com.br\/wp-content\/uploads\/2026\/08\/bienal-sonora-capa-site-1200x800-2-768x512.webp 768w, https:\/\/arvorecultural.com.br\/wp-content\/uploads\/2026\/08\/bienal-sonora-capa-site-1200x800-2.webp 1200w\" sizes=\"(max-width: 1024px) 100vw, 1024px\" \/><\/figure>\n\n\n\n<p>A cultural platform connecting music, memory, education, and new experiences, tracing the history of sound and envisioning possibilities for the future.<\/p>\n\n\n\n<div class=\"wp-block-buttons is-layout-flex wp-block-buttons-is-layout-flex\">\n<div class=\"wp-block-button\"><a class=\"wp-block-button__link wp-element-button\" href=\"https:\/\/arvorecultural.com.br\/en\/bienal-sonora\/\">Discover the project<\/a><\/div>\n<\/div>\n<\/div>\n<\/div>\n\n\n\n<div class=\"wp-block-buttons is-content-justification-center is-layout-flex wp-container-core-buttons-layout-10 wp-block-buttons-is-layout-flex\">\n<div class=\"wp-block-button is-style-outline\"><a class=\"wp-block-button__link wp-element-button\" href=\"https:\/\/arvorecultural.com.br\/en\/oportunidades-de-investimento-em-arte-e-cultura\/\">Discover all opportunities<\/a><\/div>\n<\/div>\n\n\n\n<h2 class=\"wp-block-heading\">Completed Projects<\/h2>\n\n\n\n<p>A journey shaped by projects that connect creativity, education, artists, companies, institutions, audiences and communities.<\/p>\n\n\n\n<div class=\"wp-block-columns is-layout-flex wp-container-core-columns-layout-6 wp-block-columns-is-layout-flex\">\n<div class=\"wp-block-column is-layout-flow wp-block-column-is-layout-flow\">\n<h3 class=\"wp-block-heading\">Tribos de S\u00e3o Miguel <\/h3>\n\n\n\n<figure class=\"wp-block-image size-large\"><img loading=\"lazy\" decoding=\"async\" width=\"1024\" height=\"683\" src=\"https:\/\/arvorecultural.com.br\/wp-content\/uploads\/2026\/08\/Tribos_de_Sao_Miguel_1200x800-1024x683.webp\" alt=\"Muro pintado do projeto Tribos de S\u00e3o Miguel \" class=\"wp-image-2873\" srcset=\"https:\/\/arvorecultural.com.br\/wp-content\/uploads\/2026\/08\/Tribos_de_Sao_Miguel_1200x800-1024x683.webp 1024w, https:\/\/arvorecultural.com.br\/wp-content\/uploads\/2026\/08\/Tribos_de_Sao_Miguel_1200x800-300x200.webp 300w, https:\/\/arvorecultural.com.br\/wp-content\/uploads\/2026\/08\/Tribos_de_Sao_Miguel_1200x800-768x512.webp 768w, https:\/\/arvorecultural.com.br\/wp-content\/uploads\/2026\/08\/Tribos_de_Sao_Miguel_1200x800.webp 1200w\" sizes=\"(max-width: 1024px) 100vw, 1024px\" \/><\/figure>\n\n\n\n<p>Urban art, education, and memory transformed a historic mural into a visual narrative of the territory.<\/p>\n\n\n\n<div class=\"wp-block-buttons is-layout-flex wp-block-buttons-is-layout-flex\">\n<div class=\"wp-block-button\"><a class=\"wp-block-button__link wp-element-button\" href=\"https:\/\/arvorecultural.com.br\/en\/tribos-de-sao-miguel\/\">Discover the project<\/a><\/div>\n<\/div>\n<\/div>\n\n\n\n<div class=\"wp-block-column is-layout-flow wp-block-column-is-layout-flow\">\n<h3 class=\"wp-block-heading\">Som da Motown<\/h3>\n\n\n\n<figure class=\"wp-block-image size-full\"><img loading=\"lazy\" decoding=\"async\" width=\"1200\" height=\"800\" src=\"https:\/\/arvorecultural.com.br\/wp-content\/uploads\/2026\/08\/Som_da_Motown_1200x800-1.webp\" alt=\"Atrizes do Som da Motown no palco\" class=\"wp-image-2876\" srcset=\"https:\/\/arvorecultural.com.br\/wp-content\/uploads\/2026\/08\/Som_da_Motown_1200x800-1.webp 1200w, https:\/\/arvorecultural.com.br\/wp-content\/uploads\/2026\/08\/Som_da_Motown_1200x800-1-300x200.webp 300w, https:\/\/arvorecultural.com.br\/wp-content\/uploads\/2026\/08\/Som_da_Motown_1200x800-1-1024x683.webp 1024w, https:\/\/arvorecultural.com.br\/wp-content\/uploads\/2026\/08\/Som_da_Motown_1200x800-1-768x512.webp 768w\" sizes=\"(max-width: 1200px) 100vw, 1200px\" \/><\/figure>\n\n\n\n<p>A large-scale show celebrating the Motown repertoire with music, dance, and Brazilian production.<\/p>\n\n\n\n<div class=\"wp-block-buttons is-layout-flex wp-block-buttons-is-layout-flex\">\n<div class=\"wp-block-button\"><a class=\"wp-block-button__link wp-element-button\" href=\"https:\/\/arvorecultural.com.br\/en\/som-da-motown\/\">Discover the project<\/a><\/div>\n<\/div>\n<\/div>\n\n\n\n<div class=\"wp-block-column is-layout-flow wp-block-column-is-layout-flow\">\n<h3 class=\"wp-block-heading\">Projeto Tocar<\/h3>\n\n\n\n<figure class=\"wp-block-image size-full\"><img loading=\"lazy\" decoding=\"async\" width=\"960\" height=\"640\" src=\"https:\/\/arvorecultural.com.br\/wp-content\/uploads\/2026\/08\/Projeto_Tocar_Tom_Jazz_equipe_alunos.webp\" alt=\"Equipe e alunos do Projeto Tocar reunidos ap\u00f3s apresenta\u00e7\u00e3o no Tom Jazz\" class=\"wp-image-3125\" srcset=\"https:\/\/arvorecultural.com.br\/wp-content\/uploads\/2026\/08\/Projeto_Tocar_Tom_Jazz_equipe_alunos.webp 960w, https:\/\/arvorecultural.com.br\/wp-content\/uploads\/2026\/08\/Projeto_Tocar_Tom_Jazz_equipe_alunos-300x200.webp 300w, https:\/\/arvorecultural.com.br\/wp-content\/uploads\/2026\/08\/Projeto_Tocar_Tom_Jazz_equipe_alunos-768x512.webp 768w\" sizes=\"(max-width: 960px) 100vw, 960px\" \/><\/figure>\n\n\n\n<p>Free music education that broadened perspectives, strengthened bonds, and brought young people closer to new cultural experiences.<\/p>\n\n\n\n<div class=\"wp-block-buttons is-layout-flex wp-block-buttons-is-layout-flex\">\n<div class=\"wp-block-button\"><a class=\"wp-block-button__link wp-element-button\" href=\"https:\/\/arvorecultural.com.br\/en\/projeto-tocar\/\">Discover the project<\/a><\/div>\n<\/div>\n<\/div>\n<\/div>\n\n\n\n<div class=\"wp-block-buttons is-content-justification-center is-layout-flex wp-container-core-buttons-layout-14 wp-block-buttons-is-layout-flex\">\n<div class=\"wp-block-button is-style-outline\"><a class=\"wp-block-button__link wp-element-button\" href=\"https:\/\/arvorecultural.com.br\/en\/projetos-2026\/\">See all projects<\/a><\/div>\n<\/div>\n\n\n\n<h3 class=\"wp-block-heading has-text-align-center\">Let\u2019s turn culture into value, impact and legacy.<\/h3>\n\n\n\n<p>Strong projects grow from good ideas, strategy, coordination and results-driven management.<\/p>\n\n\n\n<div class=\"wp-block-buttons is-content-justification-center is-layout-flex wp-container-core-buttons-layout-15 wp-block-buttons-is-layout-flex\">\n<div class=\"wp-block-button\"><a class=\"wp-block-button__link has-text-color has-background has-link-color wp-element-button\" href=\"https:\/\/wa.me\/5511955007575?text=Ol\u00e1!%20Visitei%20o%20site%20da%20\u00c1rvore%20Cultural%20e%20gostaria%20de%20conversar.\" style=\"color:#6fae3a;background-color:#123b5d\" target=\"_blank\" rel=\"noreferrer noopener\">Talk to \u00c1rvore Cultural<\/a><\/div>\n<\/div>","protected":false},"excerpt":{"rendered":"<p>Nossa atua\u00e7\u00e3o Da concep\u00e7\u00e3o \u00e0 realiza\u00e7\u00e3o, unimos intelig\u00eancia cultural, dom\u00ednio das leis de incentivo e desenvolvimento de neg\u00f3cios para transformar ideias em valor, impacto e legado. Lei Rouanet \u2022 ProAC ICMS \u2022 PROMAC \u2022 mecanismos estaduais e municipais 01 Estrat\u00e9gia e estrutura\u00e7\u00e3o cultural Projetos incentivados, planos anuais, apresenta\u00e7\u00f5es para patrocinadores e modelos de viabilidade. 02&#8230;<\/p>","protected":false},"author":5,"featured_media":0,"parent":0,"menu_order":0,"comment_status":"closed","ping_status":"closed","template":"","meta":{"_kad_post_transparent":"","_kad_post_title":"","_kad_post_layout":"","_kad_post_sidebar_id":"","_kad_post_content_style":"","_kad_post_vertical_padding":"","_kad_post_feature":"","_kad_post_feature_position":"","_kad_post_header":false,"_kad_post_footer":false,"_kad_post_classname":"","footnotes":"","_joinchat":[]},"aioseo_notices":[],"aioseo_head":"\n\t\t<!-- All in One SEO 5.0.0.1 - aioseo.com -->\n\t<meta name=\"description\" content=\"A \u00c1rvore Cultural desenvolve, coordena e realiza projetos de arte e cultura, conectando empresas, artistas e territ\u00f3rios por meio de estrat\u00e9gia e impacto.\" \/>\n\t<meta name=\"robots\" content=\"max-image-preview:large\" \/>\n\t<link rel=\"canonical\" href=\"https:\/\/arvorecultural.com.br\/en\/\" \/>\n\t<meta name=\"generator\" content=\"All in One SEO (AIOSEO) 5.0.0.1\" \/>\n\t\t<meta property=\"og:locale\" content=\"en_US\" \/>\n\t\t<meta property=\"og:site_name\" content=\"ArvoreCultural - Arte, cultura e estrat\u00e9gia que geram valor.\" \/>\n\t\t<meta property=\"og:type\" content=\"article\" \/>\n\t\t<meta property=\"og:title\" content=\"\u00c1rvore Cultural | Projetos, produ\u00e7\u00e3o e estrat\u00e9gia cultural\" \/>\n\t\t<meta property=\"og:description\" content=\"A \u00c1rvore Cultural desenvolve, coordena e realiza projetos de arte e cultura, conectando empresas, artistas e territ\u00f3rios por meio de estrat\u00e9gia e impacto.\" \/>\n\t\t<meta property=\"og:url\" content=\"https:\/\/arvorecultural.com.br\/en\/\" \/>\n\t\t<meta property=\"og:image\" content=\"https:\/\/arvorecultural.com.br\/wp-content\/uploads\/2026\/08\/cropped-logo-arvore-cultural-azul-verde.png\" \/>\n\t\t<meta property=\"og:image:secure_url\" content=\"https:\/\/arvorecultural.com.br\/wp-content\/uploads\/2026\/08\/cropped-logo-arvore-cultural-azul-verde.png\" \/>\n\t\t<meta property=\"og:image:width\" content=\"512\" \/>\n\t\t<meta property=\"og:image:height\" content=\"512\" \/>\n\t\t<meta property=\"article:published_time\" content=\"2026-08-18T14:24:05+00:00\" \/>\n\t\t<meta property=\"article:modified_time\" content=\"2026-09-02T16:41:57+00:00\" \/>\n\t\t<meta name=\"twitter:card\" content=\"summary_large_image\" \/>\n\t\t<meta name=\"twitter:title\" content=\"\u00c1rvore Cultural | Projetos, produ\u00e7\u00e3o e estrat\u00e9gia cultural\" \/>\n\t\t<meta name=\"twitter:description\" content=\"A \u00c1rvore Cultural desenvolve, coordena e realiza projetos de arte e cultura, conectando empresas, artistas e territ\u00f3rios por meio de estrat\u00e9gia e impacto.\" \/>\n\t\t<meta name=\"twitter:image\" content=\"https:\/\/arvorecultural.com.br\/wp-content\/uploads\/2026\/08\/cropped-logo-arvore-cultural-azul-verde.png\" \/>\n\t\t<script type=\"application\/ld+json\" class=\"aioseo-schema\">\n\t\t\t{\"@context\":\"https:\\\/\\\/schema.org\",\"@graph\":[{\"@type\":\"BreadcrumbList\",\"@id\":\"https:\\\/\\\/arvorecultural.com.br\\\/en\\\/#breadcrumblist\",\"itemListElement\":[{\"@type\":\"ListItem\",\"@id\":\"https:\\\/\\\/arvorecultural.com.br\\\/en#listItem\",\"position\":1,\"name\":\"Home\",\"item\":\"https:\\\/\\\/arvorecultural.com.br\\\/en\",\"nextItem\":{\"@type\":\"ListItem\",\"@id\":\"https:\\\/\\\/arvorecultural.com.br\\\/en\\\/#listItem\",\"name\":\"In\\u00edcio 2026\"}},{\"@type\":\"ListItem\",\"@id\":\"https:\\\/\\\/arvorecultural.com.br\\\/en\\\/#listItem\",\"position\":2,\"name\":\"In\\u00edcio 2026\",\"previousItem\":{\"@type\":\"ListItem\",\"@id\":\"https:\\\/\\\/arvorecultural.com.br\\\/en#listItem\",\"name\":\"Home\"}}]},{\"@type\":\"Organization\",\"@id\":\"https:\\\/\\\/arvorecultural.com.br\\\/en\\\/#organization\",\"name\":\"ArvoreCultural \\u00c1rvore Cultural\",\"description\":\"Arte, cultura e estrat\\u00e9gia que geram valor. Produtora e consultoria cultural especializada em cria\\u00e7\\u00e3o, coordena\\u00e7\\u00e3o, produ\\u00e7\\u00e3o e gest\\u00e3o de projetos de arte e cultura.\",\"url\":\"https:\\\/\\\/arvorecultural.com.br\\\/en\\\/\",\"telephone\":\"+5511955007575\",\"logo\":{\"@type\":\"ImageObject\",\"url\":\"https:\\\/\\\/arvorecultural.com.br\\\/wp-content\\\/uploads\\\/2026\\\/08\\\/cropped-logo-arvore-cultural-azul-verde.png\",\"@id\":\"https:\\\/\\\/arvorecultural.com.br\\\/en\\\/#organizationLogo\",\"width\":512,\"height\":512},\"image\":{\"@id\":\"https:\\\/\\\/arvorecultural.com.br\\\/en\\\/#organizationLogo\"},\"sameAs\":[\"https:\\\/\\\/www.instagram.com\\\/arvorecultural\\\/\"]},{\"@type\":\"WebPage\",\"@id\":\"https:\\\/\\\/arvorecultural.com.br\\\/en\\\/#webpage\",\"url\":\"https:\\\/\\\/arvorecultural.com.br\\\/en\\\/\",\"name\":\"\\u00c1rvore Cultural | Projetos, produ\\u00e7\\u00e3o e estrat\\u00e9gia cultural\",\"description\":\"A \\u00c1rvore Cultural desenvolve, coordena e realiza projetos de arte e cultura, conectando empresas, artistas e territ\\u00f3rios por meio de estrat\\u00e9gia e impacto.\",\"inLanguage\":\"en-US\",\"isPartOf\":{\"@id\":\"https:\\\/\\\/arvorecultural.com.br\\\/en\\\/#website\"},\"breadcrumb\":{\"@id\":\"https:\\\/\\\/arvorecultural.com.br\\\/en\\\/#breadcrumblist\"},\"datePublished\":\"2026-08-18T11:24:05-03:00\",\"dateModified\":\"2026-09-02T13:41:57-03:00\"},{\"@type\":\"WebSite\",\"@id\":\"https:\\\/\\\/arvorecultural.com.br\\\/en\\\/#website\",\"url\":\"https:\\\/\\\/arvorecultural.com.br\\\/en\\\/\",\"name\":\"ArvoreCultural\",\"description\":\"Arte, cultura e estrat\\u00e9gia que geram valor.\",\"inLanguage\":\"en-US\",\"publisher\":{\"@id\":\"https:\\\/\\\/arvorecultural.com.br\\\/en\\\/#organization\"}}]}\n\t\t<\/script>\n\t\t<!-- All in One SEO -->\n\n","aioseo_head_json":{"title":"\u00c1rvore Cultural | Projetos, produ\u00e7\u00e3o e estrat\u00e9gia cultural","description":"A \u00c1rvore Cultural desenvolve, coordena e realiza projetos de arte e cultura, conectando empresas, artistas e territ\u00f3rios por meio de estrat\u00e9gia e impacto.","canonical_url":"https:\/\/arvorecultural.com.br\/en\/","robots":"max-image-preview:large","keywords":"","webmasterTools":{"miscellaneous":""},"schema":{"@context":"https:\/\/schema.org","@graph":[{"@type":"BreadcrumbList","@id":"https:\/\/arvorecultural.com.br\/en\/#breadcrumblist","itemListElement":[{"@type":"ListItem","@id":"https:\/\/arvorecultural.com.br\/en#listItem","position":1,"name":"Home","item":"https:\/\/arvorecultural.com.br\/en","nextItem":{"@type":"ListItem","@id":"https:\/\/arvorecultural.com.br\/en\/#listItem","name":"In\u00edcio 2026"}},{"@type":"ListItem","@id":"https:\/\/arvorecultural.com.br\/en\/#listItem","position":2,"name":"In\u00edcio 2026","previousItem":{"@type":"ListItem","@id":"https:\/\/arvorecultural.com.br\/en#listItem","name":"Home"}}]},{"@type":"Organization","@id":"https:\/\/arvorecultural.com.br\/en\/#organization","name":"ArvoreCultural \u00c1rvore Cultural","description":"Arte, cultura e estrat\u00e9gia que geram valor. Produtora e consultoria cultural especializada em cria\u00e7\u00e3o, coordena\u00e7\u00e3o, produ\u00e7\u00e3o e gest\u00e3o de projetos de arte e cultura.","url":"https:\/\/arvorecultural.com.br\/en\/","telephone":"+5511955007575","logo":{"@type":"ImageObject","url":"https:\/\/arvorecultural.com.br\/wp-content\/uploads\/2026\/08\/cropped-logo-arvore-cultural-azul-verde.png","@id":"https:\/\/arvorecultural.com.br\/en\/#organizationLogo","width":512,"height":512},"image":{"@id":"https:\/\/arvorecultural.com.br\/en\/#organizationLogo"},"sameAs":["https:\/\/www.instagram.com\/arvorecultural\/"]},{"@type":"WebPage","@id":"https:\/\/arvorecultural.com.br\/en\/#webpage","url":"https:\/\/arvorecultural.com.br\/en\/","name":"\u00c1rvore Cultural | Projetos, produ\u00e7\u00e3o e estrat\u00e9gia cultural","description":"A \u00c1rvore Cultural desenvolve, coordena e realiza projetos de arte e cultura, conectando empresas, artistas e territ\u00f3rios por meio de estrat\u00e9gia e impacto.","inLanguage":"en-US","isPartOf":{"@id":"https:\/\/arvorecultural.com.br\/en\/#website"},"breadcrumb":{"@id":"https:\/\/arvorecultural.com.br\/en\/#breadcrumblist"},"datePublished":"2026-08-18T11:24:05-03:00","dateModified":"2026-09-02T13:41:57-03:00"},{"@type":"WebSite","@id":"https:\/\/arvorecultural.com.br\/en\/#website","url":"https:\/\/arvorecultural.com.br\/en\/","name":"ArvoreCultural","description":"Arte, cultura e estrat\u00e9gia que geram valor.","inLanguage":"en-US","publisher":{"@id":"https:\/\/arvorecultural.com.br\/en\/#organization"}}]},"og:locale":"en_US","og:site_name":"ArvoreCultural - Arte, cultura e estrat\u00e9gia que geram valor.","og:type":"article","og:title":"\u00c1rvore Cultural | Projetos, produ\u00e7\u00e3o e estrat\u00e9gia cultural","og:description":"A \u00c1rvore Cultural desenvolve, coordena e realiza projetos de arte e cultura, conectando empresas, artistas e territ\u00f3rios por meio de estrat\u00e9gia e impacto.","og:url":"https:\/\/arvorecultural.com.br\/en\/","og:image":"https:\/\/arvorecultural.com.br\/wp-content\/uploads\/2026\/08\/cropped-logo-arvore-cultural-azul-verde.png","og:image:secure_url":"https:\/\/arvorecultural.com.br\/wp-content\/uploads\/2026\/08\/cropped-logo-arvore-cultural-azul-verde.png","og:image:width":512,"og:image:height":512,"article:published_time":"2026-08-18T14:24:05+00:00","article:modified_time":"2026-09-02T16:41:57+00:00","twitter:card":"summary_large_image","twitter:title":"\u00c1rvore Cultural | Projetos, produ\u00e7\u00e3o e estrat\u00e9gia cultural","twitter:description":"A \u00c1rvore Cultural desenvolve, coordena e realiza projetos de arte e cultura, conectando empresas, artistas e territ\u00f3rios por meio de estrat\u00e9gia e impacto.","twitter:image":"https:\/\/arvorecultural.com.br\/wp-content\/uploads\/2026\/08\/cropped-logo-arvore-cultural-azul-verde.png"},"aioseo_meta_data":{"post_id":"1808","title":"\u00c1rvore Cultural | Projetos, produ\u00e7\u00e3o e estrat\u00e9gia cultural","description":"A \u00c1rvore Cultural desenvolve, coordena e realiza projetos de arte e cultura, conectando empresas, artistas e territ\u00f3rios por meio de estrat\u00e9gia e impacto.","keywords":null,"keyphrases":{"focus":{"keyphrase":"","score":0,"analysis":{"keyphraseInTitle":{"score":0,"maxScore":9,"error":1}}},"additional":[]},"focus_keyword":null,"additional_keywords":null,"truseo_locale":null,"primary_term":null,"canonical_url":null,"og_title":null,"og_description":null,"og_object_type":"default","og_image_type":"default","og_image_custom_url":null,"og_image_custom_fields":null,"og_image_url":null,"og_image_width":null,"og_image_height":null,"og_video":"","og_custom_url":null,"og_article_section":null,"og_article_tags":null,"twitter_use_og":false,"twitter_card":"default","twitter_image_type":"default","twitter_image_custom_url":null,"twitter_image_custom_fields":null,"twitter_image_url":null,"twitter_title":null,"twitter_description":null,"schema_type":"default","schema_type_options":null,"schema":{"blockGraphs":[],"customGraphs":[],"default":{"data":{"Article":[],"Course":[],"Dataset":[],"FAQPage":[],"Movie":[],"Person":[],"Product":[],"ProductReview":[],"Car":[],"Recipe":[],"Service":[],"SoftwareApplication":[],"WebPage":[]},"graphName":"WebPage","isEnabled":true},"graphs":[]},"pillar_content":false,"robots_default":true,"robots_noindex":false,"robots_noarchive":false,"robots_nosnippet":false,"robots_nofollow":false,"robots_noimageindex":false,"robots_noodp":false,"robots_notranslate":false,"robots_max_snippet":"-1","robots_max_videopreview":"-1","robots_max_imagepreview":"large","priority":null,"frequency":"default","local_seo":null,"limit_modified_date":false,"ai":{"faqs":[],"keyPoints":[],"schemas":[],"titles":[],"descriptions":[],"socialPosts":{"email":{"subject":"","preview":"","content":""},"linkedin":[],"twitter":[],"facebook":[],"instagram":[]}},"breadcrumb_settings":null,"seo_analyzer_scan_date":null,"created":"2026-08-20 21:56:35","updated":"2026-09-02 18:10:45"},"aioseo_breadcrumb":"<div class=\"aioseo-breadcrumbs\"><span class=\"aioseo-breadcrumb\">\n\t\t\t<a href=\"https:\/\/arvorecultural.com.br\/en\" title=\"Home\">Home<\/a>\n\t\t<\/span><span class=\"aioseo-breadcrumb-separator\">&raquo;<\/span><span class=\"aioseo-breadcrumb\">\n\t\t\tIn\u00edcio 2026\n\t\t<\/span><\/div>","aioseo_breadcrumb_json":[{"label":"Home","link":"https:\/\/arvorecultural.com.br\/en"},{"label":"In\u00edcio 2026","link":"https:\/\/arvorecultural.com.br\/en\/"}],"_links":{"self":[{"href":"https:\/\/arvorecultural.com.br\/en\/wp-json\/wp\/v2\/pages\/1808"}],"collection":[{"href":"https:\/\/arvorecultural.com.br\/en\/wp-json\/wp\/v2\/pages"}],"about":[{"href":"https:\/\/arvorecultural.com.br\/en\/wp-json\/wp\/v2\/types\/page"}],"author":[{"embeddable":true,"href":"https:\/\/arvorecultural.com.br\/en\/wp-json\/wp\/v2\/users\/5"}],"replies":[{"embeddable":true,"href":"https:\/\/arvorecultural.com.br\/en\/wp-json\/wp\/v2\/comments?post=1808"}],"version-history":[{"count":297,"href":"https:\/\/arvorecultural.com.br\/en\/wp-json\/wp\/v2\/pages\/1808\/revisions"}],"predecessor-version":[{"id":3451,"href":"https:\/\/arvorecultural.com.br\/en\/wp-json\/wp\/v2\/pages\/1808\/revisions\/3451"}],"wp:attachment":[{"href":"https:\/\/arvorecultural.com.br\/en\/wp-json\/wp\/v2\/media?parent=1808"}],"curies":[{"name":"wp","href":"https:\/\/api.w.org\/{rel}","templated":true}]}}