{"id":2035,"date":"2026-08-19T12:46:18","date_gmt":"2026-08-19T15:46:18","guid":{"rendered":"https:\/\/arvorecultural.com.br\/?page_id=2035"},"modified":"2026-08-20T19:39:34","modified_gmt":"2026-08-20T22:39:34","slug":"som-da-motown","status":"publish","type":"page","link":"https:\/\/arvorecultural.com.br\/en\/som-da-motown\/","title":{"rendered":"Som da Motown"},"content":{"rendered":"<figure class=\"wp-block-image size-full\"><img loading=\"lazy\" decoding=\"async\" width=\"717\" height=\"479\" src=\"https:\/\/arvorecultural.com.br\/wp-content\/uploads\/2026\/08\/cena-som-da-motown.jpg\" alt=\"Atrizes na apresenta\u00e7\u00e3o do Som da Motown no Mackenzie em Sao Paulo\" class=\"wp-image-2057\" srcset=\"https:\/\/arvorecultural.com.br\/wp-content\/uploads\/2026\/08\/cena-som-da-motown.jpg 717w, https:\/\/arvorecultural.com.br\/wp-content\/uploads\/2026\/08\/cena-som-da-motown-300x200.jpg 300w\" sizes=\"(max-width: 717px) 100vw, 717px\" \/><\/figure>\n\n\n\n<h2 class=\"wp-block-heading\">Som da Motown<\/h2>\n\n\n\n<p>Som da Motown brought together more than fifty songs associated with the history of the record label that helped shape Black American music. The show featured songs by artists such as Michael Jackson, Diana Ross, Stevie Wonder, Lionel Richie, The Supremes, Jackson 5 and Four Tops<\/p>\n\n\n\n<p>Presented at Mackenzie\u2019s Ruy Barbosa Auditorium in S\u00e3o Paulo, the project combined vocals, a live band, dance, costumes and stage production in a large-scale show. With local production by \u00c1rvore Cultural, it became a milestone in the company\u2019s work on musical projects within a university setting<\/p>\n\n\n\n<p>The show was conceived and directed by Cl\u00e1udio Figueira and Renato Vieira<\/p>\n\n\n\n<h2 class=\"wp-block-heading\">Photo Gallery<\/h2>\n\n\n\n<figure class=\"wp-block-gallery has-nested-images columns-default is-cropped wp-block-gallery-1 is-layout-flex wp-block-gallery-is-layout-flex\">\n<figure class=\"wp-block-image size-large\"><img loading=\"lazy\" decoding=\"async\" width=\"720\" height=\"478\" data-id=\"1639\" src=\"https:\/\/arvorecultural.com.br\/wp-content\/uploads\/2020\/10\/meninas.jpg\" alt=\"Atrizes musical Som da Motown, apresenta\u00e7\u00e3o no Mackenzie Sao Paulo\" class=\"wp-image-1639\" srcset=\"https:\/\/arvorecultural.com.br\/wp-content\/uploads\/2020\/10\/meninas.jpg 720w, https:\/\/arvorecultural.com.br\/wp-content\/uploads\/2020\/10\/meninas-300x199.jpg 300w\" sizes=\"(max-width: 720px) 100vw, 720px\" \/><\/figure>\n\n\n\n<figure class=\"wp-block-image size-large\"><img loading=\"lazy\" decoding=\"async\" width=\"720\" height=\"480\" data-id=\"1638\" src=\"https:\/\/arvorecultural.com.br\/wp-content\/uploads\/2020\/10\/monica-borjarenato-vieira-e-dirce-abreu.jpg\" alt=\"Monica, Renato Vieira e Dirce Abreu na apresenta\u00e7\u00e3o Som da Motown no Mackenzie Sao Paulo.\" class=\"wp-image-1638\" srcset=\"https:\/\/arvorecultural.com.br\/wp-content\/uploads\/2020\/10\/monica-borjarenato-vieira-e-dirce-abreu.jpg 720w, https:\/\/arvorecultural.com.br\/wp-content\/uploads\/2020\/10\/monica-borjarenato-vieira-e-dirce-abreu-300x200.jpg 300w\" sizes=\"(max-width: 720px) 100vw, 720px\" \/><\/figure>\n\n\n\n<figure class=\"wp-block-image size-large\"><img loading=\"lazy\" decoding=\"async\" width=\"800\" height=\"533\" data-id=\"297\" src=\"https:\/\/arvorecultural.com.br\/wp-content\/uploads\/2020\/09\/mg_1539-1.jpg\" alt=\"Bastidores Musical Som da Motown.\" class=\"wp-image-297\" srcset=\"https:\/\/arvorecultural.com.br\/wp-content\/uploads\/2020\/09\/mg_1539-1.jpg 800w, https:\/\/arvorecultural.com.br\/wp-content\/uploads\/2020\/09\/mg_1539-1-300x200.jpg 300w, https:\/\/arvorecultural.com.br\/wp-content\/uploads\/2020\/09\/mg_1539-1-768x512.jpg 768w\" sizes=\"(max-width: 800px) 100vw, 800px\" \/><\/figure>\n\n\n\n<figure class=\"wp-block-image size-large\"><img loading=\"lazy\" decoding=\"async\" width=\"720\" height=\"478\" data-id=\"291\" src=\"https:\/\/arvorecultural.com.br\/wp-content\/uploads\/2020\/09\/260184_102444443184510_100002568640974_27195_6373587_n.jpg\" alt=\"\" class=\"wp-image-291\" srcset=\"https:\/\/arvorecultural.com.br\/wp-content\/uploads\/2020\/09\/260184_102444443184510_100002568640974_27195_6373587_n.jpg 720w, https:\/\/arvorecultural.com.br\/wp-content\/uploads\/2020\/09\/260184_102444443184510_100002568640974_27195_6373587_n-300x199.jpg 300w\" sizes=\"(max-width: 720px) 100vw, 720px\" \/><\/figure>\n\n\n\n<figure class=\"wp-block-image size-large\"><img loading=\"lazy\" decoding=\"async\" width=\"720\" height=\"480\" data-id=\"278\" src=\"https:\/\/arvorecultural.com.br\/wp-content\/uploads\/2020\/09\/3115b40d-df36-4a9b-b65e-5e3a1a9c6cf9-1.jpg\" alt=\"Wanderleia na equipe Som da Motown no Mackenzie. \" class=\"wp-image-278\" srcset=\"https:\/\/arvorecultural.com.br\/wp-content\/uploads\/2020\/09\/3115b40d-df36-4a9b-b65e-5e3a1a9c6cf9-1.jpg 720w, https:\/\/arvorecultural.com.br\/wp-content\/uploads\/2020\/09\/3115b40d-df36-4a9b-b65e-5e3a1a9c6cf9-1-300x200.jpg 300w\" sizes=\"(max-width: 720px) 100vw, 720px\" \/><\/figure>\n\n\n\n<figure class=\"wp-block-image size-full\"><img loading=\"lazy\" decoding=\"async\" width=\"720\" height=\"480\" data-id=\"2065\" src=\"https:\/\/arvorecultural.com.br\/wp-content\/uploads\/2026\/08\/Som-da-motown.jpg\" alt=\"Equipe do Musical Som da Motown no Mackenzie, S\u00e3o Paulo.\" class=\"wp-image-2065\" srcset=\"https:\/\/arvorecultural.com.br\/wp-content\/uploads\/2026\/08\/Som-da-motown.jpg 720w, https:\/\/arvorecultural.com.br\/wp-content\/uploads\/2026\/08\/Som-da-motown-300x200.jpg 300w\" sizes=\"(max-width: 720px) 100vw, 720px\" \/><\/figure>\n<\/figure>\n\n\n\n<h2 class=\"wp-block-heading\">Results and Experiences<\/h2>\n\n\n\n<p>More than 50 songs in the repertoire<br>A run at Ruy Barbosa Auditorium, with a seating capacity of approximately 1,000.<br>Performances held in 2010<br>Integration of music, dance and stage production.<\/p>\n\n\n\n<h2 class=\"wp-block-heading\">Key Project Information<\/h2>\n\n\n\n<p><strong>Produced by:<\/strong> S\u00f3 de Sapato Produ\u00e7\u00f5es e Promo\u00e7\u00f5es Art\u00edsticas<br><strong>Local Production:<\/strong> \u00c1rvore Cultural<br><strong>Cultural and Production Coordination:<\/strong> Dirce Abreu<br><strong>Concept and Direction:<\/strong> Cl\u00e1udio Figueira and Renato Vieira<br><strong>Period:<\/strong> 2010<br><strong>Location:<\/strong> S\u00e3o Paulo<br><strong>Venue:<\/strong> Ruy Barbosa Auditorium \u2014 Mackenzie Presbyterian University<br><strong>Format:<\/strong> A musical show featuring singers, a live band and dance<br><strong>Repertoire:<\/strong> More than 50 songs associated with Motown\u2019s history<br><strong>Funding for the S\u00e3o Paulo Production:<\/strong> Mackenzie Presbyterian University \u2014 direct funding from its marketing budget<\/p>\n\n\n\n<div class=\"wp-block-buttons is-content-justification-center is-layout-flex wp-container-core-buttons-layout-1 wp-block-buttons-is-layout-flex\">\n<div class=\"wp-block-button\"><a class=\"wp-block-button__link has-text-align-center wp-element-button\" href=\"https:\/\/arvorecultural.com.br\/en\/projetos-2026\/\">Explore Other Projects<\/a><\/div>\n<\/div>","protected":false},"excerpt":{"rendered":"<p>Som da Motown Som da Motown reuniu mais de cinquenta can\u00e7\u00f5es associadas \u00e0 hist\u00f3ria da gravadora que marcou a m\u00fasica negra norte-americana. O espet\u00e1culo percorreu repert\u00f3rios de artistas como Michael Jackson, Diana Ross, Stevie Wonder, Lionel Richie, The Supremes, Jackson 5 e Four Tops. Apresentado no Audit\u00f3rio Rui Barbosa, do Mackenzie, em S\u00e3o Paulo, o&#8230;<\/p>","protected":false},"author":5,"featured_media":0,"parent":0,"menu_order":0,"comment_status":"closed","ping_status":"closed","template":"","meta":{"_kad_post_transparent":"","_kad_post_title":"","_kad_post_layout":"","_kad_post_sidebar_id":"","_kad_post_content_style":"","_kad_post_vertical_padding":"","_kad_post_feature":"","_kad_post_feature_position":"","_kad_post_header":false,"_kad_post_footer":false,"_kad_post_classname":"","footnotes":"","_joinchat":[]},"aioseo_notices":[],"aioseo_head":"\n\t\t<!-- All in One SEO 5.0.0.1 - aioseo.com -->\n\t<meta name=\"description\" content=\"Conhe\u00e7a o Som da Motown, produ\u00e7\u00e3o musical que celebra o repert\u00f3rio, a hist\u00f3ria e a influ\u00eancia da gravadora que transformou a m\u00fasica mundial.\" \/>\n\t<meta name=\"robots\" content=\"max-image-preview:large\" \/>\n\t<link rel=\"canonical\" href=\"https:\/\/arvorecultural.com.br\/en\/som-da-motown\/\" \/>\n\t<meta name=\"generator\" content=\"All in One SEO (AIOSEO) 5.0.0.1\" \/>\n\t\t<meta property=\"og:locale\" content=\"en_US\" \/>\n\t\t<meta property=\"og:site_name\" content=\"ArvoreCultural - Arte, cultura e estrat\u00e9gia que geram valor.\" \/>\n\t\t<meta property=\"og:type\" content=\"article\" \/>\n\t\t<meta property=\"og:title\" content=\"Som da Motown | M\u00fasica, hist\u00f3ria e celebra\u00e7\u00e3o\" \/>\n\t\t<meta property=\"og:description\" content=\"Conhe\u00e7a o Som da Motown, produ\u00e7\u00e3o musical que celebra o repert\u00f3rio, a hist\u00f3ria e a influ\u00eancia da gravadora que transformou a m\u00fasica mundial.\" \/>\n\t\t<meta property=\"og:url\" content=\"https:\/\/arvorecultural.com.br\/en\/som-da-motown\/\" \/>\n\t\t<meta property=\"og:image\" content=\"https:\/\/arvorecultural.com.br\/wp-content\/uploads\/2026\/08\/cropped-logo-arvore-cultural-azul-verde.png\" \/>\n\t\t<meta property=\"og:image:secure_url\" content=\"https:\/\/arvorecultural.com.br\/wp-content\/uploads\/2026\/08\/cropped-logo-arvore-cultural-azul-verde.png\" \/>\n\t\t<meta property=\"og:image:width\" content=\"512\" \/>\n\t\t<meta property=\"og:image:height\" content=\"512\" \/>\n\t\t<meta property=\"article:published_time\" content=\"2026-08-19T15:46:18+00:00\" \/>\n\t\t<meta property=\"article:modified_time\" content=\"2026-08-20T22:39:34+00:00\" \/>\n\t\t<meta name=\"twitter:card\" content=\"summary_large_image\" \/>\n\t\t<meta name=\"twitter:title\" content=\"Som da Motown | M\u00fasica, hist\u00f3ria e celebra\u00e7\u00e3o\" \/>\n\t\t<meta name=\"twitter:description\" content=\"Conhe\u00e7a o Som da Motown, produ\u00e7\u00e3o musical que celebra o repert\u00f3rio, a hist\u00f3ria e a influ\u00eancia da gravadora que transformou a m\u00fasica mundial.\" \/>\n\t\t<meta name=\"twitter:image\" content=\"https:\/\/arvorecultural.com.br\/wp-content\/uploads\/2026\/08\/cropped-logo-arvore-cultural-azul-verde.png\" \/>\n\t\t<script type=\"application\/ld+json\" class=\"aioseo-schema\">\n\t\t\t{\"@context\":\"https:\\\/\\\/schema.org\",\"@graph\":[{\"@type\":\"BreadcrumbList\",\"@id\":\"https:\\\/\\\/arvorecultural.com.br\\\/en\\\/som-da-motown\\\/#breadcrumblist\",\"itemListElement\":[{\"@type\":\"ListItem\",\"@id\":\"https:\\\/\\\/arvorecultural.com.br\\\/en#listItem\",\"position\":1,\"name\":\"Home\",\"item\":\"https:\\\/\\\/arvorecultural.com.br\\\/en\",\"nextItem\":{\"@type\":\"ListItem\",\"@id\":\"https:\\\/\\\/arvorecultural.com.br\\\/en\\\/som-da-motown\\\/#listItem\",\"name\":\"Som da Motown\"}},{\"@type\":\"ListItem\",\"@id\":\"https:\\\/\\\/arvorecultural.com.br\\\/en\\\/som-da-motown\\\/#listItem\",\"position\":2,\"name\":\"Som da Motown\",\"previousItem\":{\"@type\":\"ListItem\",\"@id\":\"https:\\\/\\\/arvorecultural.com.br\\\/en#listItem\",\"name\":\"Home\"}}]},{\"@type\":\"Organization\",\"@id\":\"https:\\\/\\\/arvorecultural.com.br\\\/en\\\/#organization\",\"name\":\"ArvoreCultural \\u00c1rvore Cultural\",\"description\":\"Arte, cultura e estrat\\u00e9gia que geram valor. Produtora e consultoria cultural especializada em cria\\u00e7\\u00e3o, coordena\\u00e7\\u00e3o, produ\\u00e7\\u00e3o e gest\\u00e3o de projetos de arte e cultura.\",\"url\":\"https:\\\/\\\/arvorecultural.com.br\\\/en\\\/\",\"telephone\":\"+5511955007575\",\"logo\":{\"@type\":\"ImageObject\",\"url\":\"https:\\\/\\\/arvorecultural.com.br\\\/wp-content\\\/uploads\\\/2026\\\/08\\\/cropped-logo-arvore-cultural-azul-verde.png\",\"@id\":\"https:\\\/\\\/arvorecultural.com.br\\\/en\\\/som-da-motown\\\/#organizationLogo\",\"width\":512,\"height\":512},\"image\":{\"@id\":\"https:\\\/\\\/arvorecultural.com.br\\\/en\\\/som-da-motown\\\/#organizationLogo\"},\"sameAs\":[\"https:\\\/\\\/www.instagram.com\\\/arvorecultural\\\/\"]},{\"@type\":\"WebPage\",\"@id\":\"https:\\\/\\\/arvorecultural.com.br\\\/en\\\/som-da-motown\\\/#webpage\",\"url\":\"https:\\\/\\\/arvorecultural.com.br\\\/en\\\/som-da-motown\\\/\",\"name\":\"Som da Motown | M\\u00fasica, hist\\u00f3ria e celebra\\u00e7\\u00e3o\",\"description\":\"Conhe\\u00e7a o Som da Motown, produ\\u00e7\\u00e3o musical que celebra o repert\\u00f3rio, a hist\\u00f3ria e a influ\\u00eancia da gravadora que transformou a m\\u00fasica mundial.\",\"inLanguage\":\"en-US\",\"isPartOf\":{\"@id\":\"https:\\\/\\\/arvorecultural.com.br\\\/en\\\/#website\"},\"breadcrumb\":{\"@id\":\"https:\\\/\\\/arvorecultural.com.br\\\/en\\\/som-da-motown\\\/#breadcrumblist\"},\"datePublished\":\"2026-08-19T12:46:18-03:00\",\"dateModified\":\"2026-08-20T19:39:34-03:00\"},{\"@type\":\"WebSite\",\"@id\":\"https:\\\/\\\/arvorecultural.com.br\\\/en\\\/#website\",\"url\":\"https:\\\/\\\/arvorecultural.com.br\\\/en\\\/\",\"name\":\"ArvoreCultural\",\"description\":\"Arte, cultura e estrat\\u00e9gia que geram valor.\",\"inLanguage\":\"en-US\",\"publisher\":{\"@id\":\"https:\\\/\\\/arvorecultural.com.br\\\/en\\\/#organization\"}}]}\n\t\t<\/script>\n\t\t<!-- All in One SEO -->\n\n","aioseo_head_json":{"title":"Som da Motown | M\u00fasica, hist\u00f3ria e celebra\u00e7\u00e3o","description":"Conhe\u00e7a o Som da Motown, produ\u00e7\u00e3o musical que celebra o repert\u00f3rio, a hist\u00f3ria e a influ\u00eancia da gravadora que transformou a m\u00fasica mundial.","canonical_url":"https:\/\/arvorecultural.com.br\/en\/som-da-motown\/","robots":"max-image-preview:large","keywords":"","webmasterTools":{"miscellaneous":""},"schema":{"@context":"https:\/\/schema.org","@graph":[{"@type":"BreadcrumbList","@id":"https:\/\/arvorecultural.com.br\/en\/som-da-motown\/#breadcrumblist","itemListElement":[{"@type":"ListItem","@id":"https:\/\/arvorecultural.com.br\/en#listItem","position":1,"name":"Home","item":"https:\/\/arvorecultural.com.br\/en","nextItem":{"@type":"ListItem","@id":"https:\/\/arvorecultural.com.br\/en\/som-da-motown\/#listItem","name":"Som da Motown"}},{"@type":"ListItem","@id":"https:\/\/arvorecultural.com.br\/en\/som-da-motown\/#listItem","position":2,"name":"Som da Motown","previousItem":{"@type":"ListItem","@id":"https:\/\/arvorecultural.com.br\/en#listItem","name":"Home"}}]},{"@type":"Organization","@id":"https:\/\/arvorecultural.com.br\/en\/#organization","name":"ArvoreCultural \u00c1rvore Cultural","description":"Arte, cultura e estrat\u00e9gia que geram valor. Produtora e consultoria cultural especializada em cria\u00e7\u00e3o, coordena\u00e7\u00e3o, produ\u00e7\u00e3o e gest\u00e3o de projetos de arte e cultura.","url":"https:\/\/arvorecultural.com.br\/en\/","telephone":"+5511955007575","logo":{"@type":"ImageObject","url":"https:\/\/arvorecultural.com.br\/wp-content\/uploads\/2026\/08\/cropped-logo-arvore-cultural-azul-verde.png","@id":"https:\/\/arvorecultural.com.br\/en\/som-da-motown\/#organizationLogo","width":512,"height":512},"image":{"@id":"https:\/\/arvorecultural.com.br\/en\/som-da-motown\/#organizationLogo"},"sameAs":["https:\/\/www.instagram.com\/arvorecultural\/"]},{"@type":"WebPage","@id":"https:\/\/arvorecultural.com.br\/en\/som-da-motown\/#webpage","url":"https:\/\/arvorecultural.com.br\/en\/som-da-motown\/","name":"Som da Motown | M\u00fasica, hist\u00f3ria e celebra\u00e7\u00e3o","description":"Conhe\u00e7a o Som da Motown, produ\u00e7\u00e3o musical que celebra o repert\u00f3rio, a hist\u00f3ria e a influ\u00eancia da gravadora que transformou a m\u00fasica mundial.","inLanguage":"en-US","isPartOf":{"@id":"https:\/\/arvorecultural.com.br\/en\/#website"},"breadcrumb":{"@id":"https:\/\/arvorecultural.com.br\/en\/som-da-motown\/#breadcrumblist"},"datePublished":"2026-08-19T12:46:18-03:00","dateModified":"2026-08-20T19:39:34-03:00"},{"@type":"WebSite","@id":"https:\/\/arvorecultural.com.br\/en\/#website","url":"https:\/\/arvorecultural.com.br\/en\/","name":"ArvoreCultural","description":"Arte, cultura e estrat\u00e9gia que geram valor.","inLanguage":"en-US","publisher":{"@id":"https:\/\/arvorecultural.com.br\/en\/#organization"}}]},"og:locale":"en_US","og:site_name":"ArvoreCultural - Arte, cultura e estrat\u00e9gia que geram valor.","og:type":"article","og:title":"Som da Motown | M\u00fasica, hist\u00f3ria e celebra\u00e7\u00e3o","og:description":"Conhe\u00e7a o Som da Motown, produ\u00e7\u00e3o musical que celebra o repert\u00f3rio, a hist\u00f3ria e a influ\u00eancia da gravadora que transformou a m\u00fasica mundial.","og:url":"https:\/\/arvorecultural.com.br\/en\/som-da-motown\/","og:image":"https:\/\/arvorecultural.com.br\/wp-content\/uploads\/2026\/08\/cropped-logo-arvore-cultural-azul-verde.png","og:image:secure_url":"https:\/\/arvorecultural.com.br\/wp-content\/uploads\/2026\/08\/cropped-logo-arvore-cultural-azul-verde.png","og:image:width":512,"og:image:height":512,"article:published_time":"2026-08-19T15:46:18+00:00","article:modified_time":"2026-08-20T22:39:34+00:00","twitter:card":"summary_large_image","twitter:title":"Som da Motown | M\u00fasica, hist\u00f3ria e celebra\u00e7\u00e3o","twitter:description":"Conhe\u00e7a o Som da Motown, produ\u00e7\u00e3o musical que celebra o repert\u00f3rio, a hist\u00f3ria e a influ\u00eancia da gravadora que transformou a m\u00fasica mundial.","twitter:image":"https:\/\/arvorecultural.com.br\/wp-content\/uploads\/2026\/08\/cropped-logo-arvore-cultural-azul-verde.png"},"aioseo_meta_data":{"post_id":"2035","title":"Som da Motown | M\u00fasica, hist\u00f3ria e celebra\u00e7\u00e3o","description":"Conhe\u00e7a o Som da Motown, produ\u00e7\u00e3o musical que celebra o repert\u00f3rio, a hist\u00f3ria e a influ\u00eancia da gravadora que transformou a m\u00fasica mundial.","keywords":null,"keyphrases":{"focus":{"keyphrase":"","score":0,"analysis":{"keyphraseInTitle":{"score":0,"maxScore":9,"error":1}}},"additional":[]},"focus_keyword":null,"additional_keywords":null,"truseo_locale":null,"primary_term":null,"canonical_url":null,"og_title":null,"og_description":null,"og_object_type":"default","og_image_type":"default","og_image_custom_url":null,"og_image_custom_fields":null,"og_image_url":null,"og_image_width":null,"og_image_height":null,"og_video":"","og_custom_url":null,"og_article_section":null,"og_article_tags":null,"twitter_use_og":false,"twitter_card":"default","twitter_image_type":"default","twitter_image_custom_url":null,"twitter_image_custom_fields":null,"twitter_image_url":null,"twitter_title":null,"twitter_description":null,"schema_type":"default","schema_type_options":null,"schema":{"blockGraphs":[],"customGraphs":[],"default":{"data":{"Article":[],"Course":[],"Dataset":[],"FAQPage":[],"Movie":[],"Person":[],"Product":[],"ProductReview":[],"Car":[],"Recipe":[],"Service":[],"SoftwareApplication":[],"WebPage":[]},"graphName":"WebPage","isEnabled":true},"graphs":[]},"pillar_content":false,"robots_default":true,"robots_noindex":false,"robots_noarchive":false,"robots_nosnippet":false,"robots_nofollow":false,"robots_noimageindex":false,"robots_noodp":false,"robots_notranslate":false,"robots_max_snippet":"-1","robots_max_videopreview":"-1","robots_max_imagepreview":"large","priority":null,"frequency":"default","local_seo":null,"limit_modified_date":false,"ai":{"faqs":[],"keyPoints":[],"schemas":[],"titles":[],"descriptions":[],"socialPosts":{"email":{"subject":"","preview":"","content":""},"linkedin":[],"twitter":[],"facebook":[],"instagram":[]}},"breadcrumb_settings":null,"seo_analyzer_scan_date":null,"created":"2026-08-20 22:16:36","updated":"2026-08-20 23:41:39"},"aioseo_breadcrumb":"<div class=\"aioseo-breadcrumbs\"><span class=\"aioseo-breadcrumb\">\n\t\t\t<a href=\"https:\/\/arvorecultural.com.br\/en\" title=\"Home\">Home<\/a>\n\t\t<\/span><span class=\"aioseo-breadcrumb-separator\">&raquo;<\/span><span class=\"aioseo-breadcrumb\">\n\t\t\tSom da Motown\n\t\t<\/span><\/div>","aioseo_breadcrumb_json":[{"label":"Home","link":"https:\/\/arvorecultural.com.br\/en"},{"label":"Som da Motown","link":"https:\/\/arvorecultural.com.br\/en\/som-da-motown\/"}],"_links":{"self":[{"href":"https:\/\/arvorecultural.com.br\/en\/wp-json\/wp\/v2\/pages\/2035"}],"collection":[{"href":"https:\/\/arvorecultural.com.br\/en\/wp-json\/wp\/v2\/pages"}],"about":[{"href":"https:\/\/arvorecultural.com.br\/en\/wp-json\/wp\/v2\/types\/page"}],"author":[{"embeddable":true,"href":"https:\/\/arvorecultural.com.br\/en\/wp-json\/wp\/v2\/users\/5"}],"replies":[{"embeddable":true,"href":"https:\/\/arvorecultural.com.br\/en\/wp-json\/wp\/v2\/comments?post=2035"}],"version-history":[{"count":20,"href":"https:\/\/arvorecultural.com.br\/en\/wp-json\/wp\/v2\/pages\/2035\/revisions"}],"predecessor-version":[{"id":2273,"href":"https:\/\/arvorecultural.com.br\/en\/wp-json\/wp\/v2\/pages\/2035\/revisions\/2273"}],"wp:attachment":[{"href":"https:\/\/arvorecultural.com.br\/en\/wp-json\/wp\/v2\/media?parent=2035"}],"curies":[{"name":"wp","href":"https:\/\/api.w.org\/{rel}","templated":true}]}}