{"id":2086,"date":"2026-08-19T20:52:51","date_gmt":"2026-08-19T23:52:51","guid":{"rendered":"https:\/\/arvorecultural.com.br\/?page_id=2086"},"modified":"2026-08-29T08:48:16","modified_gmt":"2026-08-29T11:48:16","slug":"m-u-s-a","status":"publish","type":"page","link":"https:\/\/arvorecultural.com.br\/en\/m-u-s-a\/","title":{"rendered":"M.U.S.A"},"content":{"rendered":"<p><strong>M.U.S.A. \u2014 Movimento do Universo das Artes<\/strong><\/p>\n\n\n\n<p><em>A movement dedicated to visual arts, diverse artistic languages and connections between artists, audiences and the art market.<\/em><\/p>\n\n\n\n<p>M.U.S.A. \u2014 Movimento do Universo das Artes \u2014 was conceived by Renato Gosling and developed under the management and cultural coordination of \u00c1rvore Cultural. The project aimed to raise the visibility of artists working across different forms of expression and with diverse backgrounds, connecting artistic creation, curation, exhibitions and the circulation of artworks.<\/p>\n\n\n\n<p>In 2022, the initiative received 321 submissions from 20 Brazilian states, the Federal District and abroad. Curated by Oscar D\u2019Ambrosio, it brought together diverse expressions of contemporary art.<\/p>\n\n\n\n<p>The exhibition was held at Galeria RG in Shopping Parque da Cidade, S\u00e3o Paulo. Sponsored by Magazine Luiza through the Rouanet Law, M.U.S.A. created a meeting place for artists, audiences and the art market, promoting appreciation of the visual arts and the discovery of new talent.<\/p>\n\n\n\n<h2 class=\"wp-block-heading\">Results and Experiences<\/h2>\n\n\n\n<p>321 submissions received.<br>Participation by artists from 20 Brazilian states, the Federal District and abroad.<br>Curated by Oscar D\u2019Ambrosio.<br>An exhibition held at Galeria RG in Shopping Parque da Cidade, S\u00e3o Paulo.<br>Increased visibility for artists and stronger connections between contemporary art, audiences and the art market.<\/p>\n\n\n\n<h2 class=\"wp-block-heading\">Gallery and Memories<\/h2>\n\n\n\n<figure class=\"wp-block-gallery has-nested-images columns-default is-cropped wp-block-gallery-1 is-layout-flex wp-block-gallery-is-layout-flex\">\n<figure class=\"wp-block-image size-large\"><img loading=\"lazy\" decoding=\"async\" width=\"1024\" height=\"768\" data-id=\"2097\" src=\"https:\/\/arvorecultural.com.br\/wp-content\/uploads\/2026\/08\/MUSA_02-EQUIPE-E-ARTISTAS-1024x768.jpg\" alt=\"Equipe e artistas do projeto M.U.S.A no shopping parque da Cidade\" class=\"wp-image-2097\" srcset=\"https:\/\/arvorecultural.com.br\/wp-content\/uploads\/2026\/08\/MUSA_02-EQUIPE-E-ARTISTAS-1024x768.jpg 1024w, https:\/\/arvorecultural.com.br\/wp-content\/uploads\/2026\/08\/MUSA_02-EQUIPE-E-ARTISTAS-300x225.jpg 300w, https:\/\/arvorecultural.com.br\/wp-content\/uploads\/2026\/08\/MUSA_02-EQUIPE-E-ARTISTAS-768x576.jpg 768w, https:\/\/arvorecultural.com.br\/wp-content\/uploads\/2026\/08\/MUSA_02-EQUIPE-E-ARTISTAS.jpg 1280w\" sizes=\"(max-width: 1024px) 100vw, 1024px\" \/><\/figure>\n\n\n\n<figure class=\"wp-block-image size-large\"><img loading=\"lazy\" decoding=\"async\" width=\"1024\" height=\"768\" data-id=\"2098\" src=\"https:\/\/arvorecultural.com.br\/wp-content\/uploads\/2026\/08\/MUSA_03-PUBLICO-E-CIRCULACAO-1-1024x768.jpg\" alt=\"\" class=\"wp-image-2098\" srcset=\"https:\/\/arvorecultural.com.br\/wp-content\/uploads\/2026\/08\/MUSA_03-PUBLICO-E-CIRCULACAO-1-1024x768.jpg 1024w, https:\/\/arvorecultural.com.br\/wp-content\/uploads\/2026\/08\/MUSA_03-PUBLICO-E-CIRCULACAO-1-300x225.jpg 300w, https:\/\/arvorecultural.com.br\/wp-content\/uploads\/2026\/08\/MUSA_03-PUBLICO-E-CIRCULACAO-1-768x576.jpg 768w, https:\/\/arvorecultural.com.br\/wp-content\/uploads\/2026\/08\/MUSA_03-PUBLICO-E-CIRCULACAO-1.jpg 1280w\" sizes=\"(max-width: 1024px) 100vw, 1024px\" \/><\/figure>\n\n\n\n<figure class=\"wp-block-image size-large\"><img loading=\"lazy\" decoding=\"async\" width=\"1024\" height=\"687\" data-id=\"2099\" src=\"https:\/\/arvorecultural.com.br\/wp-content\/uploads\/2026\/08\/MUSA_04-RENATO-GOSLING-E-DIRCE-ABREU-1024x687.jpg\" alt=\"Dirce Abreu e Renato Gosling na abertura do projeto M.U.S.A no shopping parque da cidade em S\u00e3o Paulo.\" class=\"wp-image-2099\" srcset=\"https:\/\/arvorecultural.com.br\/wp-content\/uploads\/2026\/08\/MUSA_04-RENATO-GOSLING-E-DIRCE-ABREU-1024x687.jpg 1024w, https:\/\/arvorecultural.com.br\/wp-content\/uploads\/2026\/08\/MUSA_04-RENATO-GOSLING-E-DIRCE-ABREU-300x201.jpg 300w, https:\/\/arvorecultural.com.br\/wp-content\/uploads\/2026\/08\/MUSA_04-RENATO-GOSLING-E-DIRCE-ABREU-768x515.jpg 768w, https:\/\/arvorecultural.com.br\/wp-content\/uploads\/2026\/08\/MUSA_04-RENATO-GOSLING-E-DIRCE-ABREU.jpg 1280w\" sizes=\"(max-width: 1024px) 100vw, 1024px\" \/><\/figure>\n\n\n\n<figure class=\"wp-block-image size-large\"><img loading=\"lazy\" decoding=\"async\" width=\"1024\" height=\"768\" data-id=\"2100\" src=\"https:\/\/arvorecultural.com.br\/wp-content\/uploads\/2026\/08\/MUSA_05-RENATO-GOSLING-E-OSCAR-DAMBROSIO-1024x768.jpg\" alt=\"Oscar D'ambrosio e Renato Gosling na abertura do projeto M.U.S.A no shopping parque da cidade em S\u00e3o Paulo.\" class=\"wp-image-2100\" srcset=\"https:\/\/arvorecultural.com.br\/wp-content\/uploads\/2026\/08\/MUSA_05-RENATO-GOSLING-E-OSCAR-DAMBROSIO-1024x768.jpg 1024w, https:\/\/arvorecultural.com.br\/wp-content\/uploads\/2026\/08\/MUSA_05-RENATO-GOSLING-E-OSCAR-DAMBROSIO-300x225.jpg 300w, https:\/\/arvorecultural.com.br\/wp-content\/uploads\/2026\/08\/MUSA_05-RENATO-GOSLING-E-OSCAR-DAMBROSIO-768x576.jpg 768w, https:\/\/arvorecultural.com.br\/wp-content\/uploads\/2026\/08\/MUSA_05-RENATO-GOSLING-E-OSCAR-DAMBROSIO.jpg 1280w\" sizes=\"(max-width: 1024px) 100vw, 1024px\" \/><\/figure>\n\n\n\n<figure class=\"wp-block-image size-large\"><img loading=\"lazy\" decoding=\"async\" width=\"1024\" height=\"768\" data-id=\"2101\" src=\"https:\/\/arvorecultural.com.br\/wp-content\/uploads\/2026\/08\/MUSA_06-ARTISTA-E-OBRA-1024x768.jpg\" alt=\"Renato Gosling, artista visual na abertua do projeto M.u.S.A\" class=\"wp-image-2101\" srcset=\"https:\/\/arvorecultural.com.br\/wp-content\/uploads\/2026\/08\/MUSA_06-ARTISTA-E-OBRA-1024x768.jpg 1024w, https:\/\/arvorecultural.com.br\/wp-content\/uploads\/2026\/08\/MUSA_06-ARTISTA-E-OBRA-300x225.jpg 300w, https:\/\/arvorecultural.com.br\/wp-content\/uploads\/2026\/08\/MUSA_06-ARTISTA-E-OBRA-768x576.jpg 768w, https:\/\/arvorecultural.com.br\/wp-content\/uploads\/2026\/08\/MUSA_06-ARTISTA-E-OBRA.jpg 1280w\" sizes=\"(max-width: 1024px) 100vw, 1024px\" \/><\/figure>\n\n\n\n<figure class=\"wp-block-image size-large\"><img loading=\"lazy\" decoding=\"async\" width=\"1024\" height=\"768\" data-id=\"2102\" src=\"https:\/\/arvorecultural.com.br\/wp-content\/uploads\/2026\/08\/Oscar-D_Ambrosio-1024x768.jpeg\" alt=\"Oscar D \u00c0mbrosio, artista visual na abertua do projeto M.U.S.A\" class=\"wp-image-2102\" srcset=\"https:\/\/arvorecultural.com.br\/wp-content\/uploads\/2026\/08\/Oscar-D_Ambrosio-1024x768.jpeg 1024w, https:\/\/arvorecultural.com.br\/wp-content\/uploads\/2026\/08\/Oscar-D_Ambrosio-300x225.jpeg 300w, https:\/\/arvorecultural.com.br\/wp-content\/uploads\/2026\/08\/Oscar-D_Ambrosio-768x576.jpeg 768w, https:\/\/arvorecultural.com.br\/wp-content\/uploads\/2026\/08\/Oscar-D_Ambrosio.jpeg 1280w\" sizes=\"(max-width: 1024px) 100vw, 1024px\" \/><\/figure>\n<\/figure>\n\n\n\n<h2 class=\"wp-block-heading\">Key Project Information<\/h2>\n\n\n\n<p><strong>Conceived by:<\/strong> Renato Gosling<br><strong>Management and Cultural Coordination:<\/strong> \u00c1rvore Cultural<br><strong>Cultural Coordination:<\/strong> Dirce Abreu<br><strong>Curated by:<\/strong> Oscar D\u2019Ambrosio<br><strong>Period:<\/strong> 2022<br><strong>Location:<\/strong> S\u00e3o Paulo<br><strong>Reach:<\/strong> 321 submissions from 20 Brazilian states, the Federal District and abroad<br><strong>Exhibition Venue:<\/strong> Galeria RG \u2014 Shopping Parque da Cidade<br><strong>Sponsored by:<\/strong> Magazine Luiza<br><strong>Tax Incentive Mechanism:<\/strong> Rouanet Law<br><strong>PRONAC:<\/strong> 200598<\/p>\n\n\n\n<div class=\"wp-block-buttons is-content-justification-center is-layout-flex wp-container-core-buttons-layout-1 wp-block-buttons-is-layout-flex\">\n<div class=\"wp-block-button\"><a class=\"wp-block-button__link has-text-align-center wp-element-button\" href=\"https:\/\/arvorecultural.com.br\/en\/projetos-2026\/\">Explore Other Projects<\/a><\/div>\n<\/div>\n\n\n\n<div class=\"wp-block-buttons is-content-justification-center is-layout-flex wp-container-core-buttons-layout-2 wp-block-buttons-is-layout-flex\">\n<div class=\"wp-block-button is-style-outline\"><a class=\"wp-block-button__link wp-element-button\">Back to Home<\/a><\/div>\n<\/div>","protected":false},"excerpt":{"rendered":"<p>M.U.S.A. \u2014 Movimento do Universo das Artes Um movimento dedicado \u00e0s artes visuais, \u00e0 diversidade de linguagens e \u00e0 aproxima\u00e7\u00e3o entre artistas, p\u00fablico e mercado. O M.U.S.A. \u2014 Movimento do Universo das Artes \u2014 foi idealizado por Renato Gosling e desenvolvido com gest\u00e3o e coordena\u00e7\u00e3o cultural da \u00c1rvore Cultural. O projeto nasceu para ampliar a&#8230;<\/p>","protected":false},"author":5,"featured_media":0,"parent":0,"menu_order":0,"comment_status":"closed","ping_status":"closed","template":"","meta":{"_kad_post_transparent":"","_kad_post_title":"","_kad_post_layout":"","_kad_post_sidebar_id":"","_kad_post_content_style":"","_kad_post_vertical_padding":"","_kad_post_feature":"","_kad_post_feature_position":"","_kad_post_header":false,"_kad_post_footer":false,"_kad_post_classname":"","footnotes":"","_joinchat":[]},"aioseo_notices":[],"aioseo_head":"\n\t\t<!-- All in One SEO 5.0.0.1 - aioseo.com -->\n\t<meta name=\"description\" content=\"Conhe\u00e7a o M.U.S.A., projeto que promoveu encontros entre m\u00fasica, artes visuais e transforma\u00e7\u00e3o social no Shopping Parque da Cidade, em S\u00e3o Paulo.\" \/>\n\t<meta name=\"robots\" content=\"max-image-preview:large\" \/>\n\t<link rel=\"canonical\" href=\"https:\/\/arvorecultural.com.br\/en\/m-u-s-a\/\" \/>\n\t<meta name=\"generator\" content=\"All in One SEO (AIOSEO) 5.0.0.1\" \/>\n\t\t<meta property=\"og:locale\" content=\"en_US\" \/>\n\t\t<meta property=\"og:site_name\" content=\"ArvoreCultural - Arte, cultura e estrat\u00e9gia que geram valor.\" \/>\n\t\t<meta property=\"og:type\" content=\"article\" \/>\n\t\t<meta property=\"og:title\" content=\"M.U.S.A. | M\u00fasica, arte e transforma\u00e7\u00e3o social\" \/>\n\t\t<meta property=\"og:description\" content=\"Conhe\u00e7a o M.U.S.A., projeto que promoveu encontros entre m\u00fasica, artes visuais e transforma\u00e7\u00e3o social no Shopping Parque da Cidade, em S\u00e3o Paulo.\" \/>\n\t\t<meta property=\"og:url\" content=\"https:\/\/arvorecultural.com.br\/en\/m-u-s-a\/\" \/>\n\t\t<meta property=\"og:image\" content=\"https:\/\/arvorecultural.com.br\/wp-content\/uploads\/2026\/08\/cropped-logo-arvore-cultural-azul-verde.png\" \/>\n\t\t<meta property=\"og:image:secure_url\" content=\"https:\/\/arvorecultural.com.br\/wp-content\/uploads\/2026\/08\/cropped-logo-arvore-cultural-azul-verde.png\" \/>\n\t\t<meta property=\"og:image:width\" content=\"512\" \/>\n\t\t<meta property=\"og:image:height\" content=\"512\" \/>\n\t\t<meta property=\"article:published_time\" content=\"2026-08-19T23:52:51+00:00\" \/>\n\t\t<meta property=\"article:modified_time\" content=\"2026-08-29T11:48:16+00:00\" \/>\n\t\t<meta name=\"twitter:card\" content=\"summary_large_image\" \/>\n\t\t<meta name=\"twitter:title\" content=\"M.U.S.A. | M\u00fasica, arte e transforma\u00e7\u00e3o social\" \/>\n\t\t<meta name=\"twitter:description\" content=\"Conhe\u00e7a o M.U.S.A., projeto que promoveu encontros entre m\u00fasica, artes visuais e transforma\u00e7\u00e3o social no Shopping Parque da Cidade, em S\u00e3o Paulo.\" \/>\n\t\t<meta name=\"twitter:image\" content=\"https:\/\/arvorecultural.com.br\/wp-content\/uploads\/2026\/08\/cropped-logo-arvore-cultural-azul-verde.png\" \/>\n\t\t<script type=\"application\/ld+json\" class=\"aioseo-schema\">\n\t\t\t{\"@context\":\"https:\\\/\\\/schema.org\",\"@graph\":[{\"@type\":\"BreadcrumbList\",\"@id\":\"https:\\\/\\\/arvorecultural.com.br\\\/en\\\/m-u-s-a\\\/#breadcrumblist\",\"itemListElement\":[{\"@type\":\"ListItem\",\"@id\":\"https:\\\/\\\/arvorecultural.com.br\\\/en#listItem\",\"position\":1,\"name\":\"Home\",\"item\":\"https:\\\/\\\/arvorecultural.com.br\\\/en\",\"nextItem\":{\"@type\":\"ListItem\",\"@id\":\"https:\\\/\\\/arvorecultural.com.br\\\/en\\\/m-u-s-a\\\/#listItem\",\"name\":\"M.U.S.A\"}},{\"@type\":\"ListItem\",\"@id\":\"https:\\\/\\\/arvorecultural.com.br\\\/en\\\/m-u-s-a\\\/#listItem\",\"position\":2,\"name\":\"M.U.S.A\",\"previousItem\":{\"@type\":\"ListItem\",\"@id\":\"https:\\\/\\\/arvorecultural.com.br\\\/en#listItem\",\"name\":\"Home\"}}]},{\"@type\":\"Organization\",\"@id\":\"https:\\\/\\\/arvorecultural.com.br\\\/en\\\/#organization\",\"name\":\"ArvoreCultural \\u00c1rvore Cultural\",\"description\":\"Arte, cultura e estrat\\u00e9gia que geram valor. Produtora e consultoria cultural especializada em cria\\u00e7\\u00e3o, coordena\\u00e7\\u00e3o, produ\\u00e7\\u00e3o e gest\\u00e3o de projetos de arte e cultura.\",\"url\":\"https:\\\/\\\/arvorecultural.com.br\\\/en\\\/\",\"telephone\":\"+5511955007575\",\"logo\":{\"@type\":\"ImageObject\",\"url\":\"https:\\\/\\\/arvorecultural.com.br\\\/wp-content\\\/uploads\\\/2026\\\/08\\\/cropped-logo-arvore-cultural-azul-verde.png\",\"@id\":\"https:\\\/\\\/arvorecultural.com.br\\\/en\\\/m-u-s-a\\\/#organizationLogo\",\"width\":512,\"height\":512},\"image\":{\"@id\":\"https:\\\/\\\/arvorecultural.com.br\\\/en\\\/m-u-s-a\\\/#organizationLogo\"},\"sameAs\":[\"https:\\\/\\\/www.instagram.com\\\/arvorecultural\\\/\"]},{\"@type\":\"WebPage\",\"@id\":\"https:\\\/\\\/arvorecultural.com.br\\\/en\\\/m-u-s-a\\\/#webpage\",\"url\":\"https:\\\/\\\/arvorecultural.com.br\\\/en\\\/m-u-s-a\\\/\",\"name\":\"M.U.S.A. | M\\u00fasica, arte e transforma\\u00e7\\u00e3o social\",\"description\":\"Conhe\\u00e7a o M.U.S.A., projeto que promoveu encontros entre m\\u00fasica, artes visuais e transforma\\u00e7\\u00e3o social no Shopping Parque da Cidade, em S\\u00e3o Paulo.\",\"inLanguage\":\"en-US\",\"isPartOf\":{\"@id\":\"https:\\\/\\\/arvorecultural.com.br\\\/en\\\/#website\"},\"breadcrumb\":{\"@id\":\"https:\\\/\\\/arvorecultural.com.br\\\/en\\\/m-u-s-a\\\/#breadcrumblist\"},\"datePublished\":\"2026-08-19T20:52:51-03:00\",\"dateModified\":\"2026-08-29T08:48:16-03:00\"},{\"@type\":\"WebSite\",\"@id\":\"https:\\\/\\\/arvorecultural.com.br\\\/en\\\/#website\",\"url\":\"https:\\\/\\\/arvorecultural.com.br\\\/en\\\/\",\"name\":\"ArvoreCultural\",\"description\":\"Arte, cultura e estrat\\u00e9gia que geram valor.\",\"inLanguage\":\"en-US\",\"publisher\":{\"@id\":\"https:\\\/\\\/arvorecultural.com.br\\\/en\\\/#organization\"}}]}\n\t\t<\/script>\n\t\t<!-- All in One SEO -->\n\n","aioseo_head_json":{"title":"M.U.S.A. | M\u00fasica, arte e transforma\u00e7\u00e3o social","description":"Conhe\u00e7a o M.U.S.A., projeto que promoveu encontros entre m\u00fasica, artes visuais e transforma\u00e7\u00e3o social no Shopping Parque da Cidade, em S\u00e3o Paulo.","canonical_url":"https:\/\/arvorecultural.com.br\/en\/m-u-s-a\/","robots":"max-image-preview:large","keywords":"","webmasterTools":{"miscellaneous":""},"schema":{"@context":"https:\/\/schema.org","@graph":[{"@type":"BreadcrumbList","@id":"https:\/\/arvorecultural.com.br\/en\/m-u-s-a\/#breadcrumblist","itemListElement":[{"@type":"ListItem","@id":"https:\/\/arvorecultural.com.br\/en#listItem","position":1,"name":"Home","item":"https:\/\/arvorecultural.com.br\/en","nextItem":{"@type":"ListItem","@id":"https:\/\/arvorecultural.com.br\/en\/m-u-s-a\/#listItem","name":"M.U.S.A"}},{"@type":"ListItem","@id":"https:\/\/arvorecultural.com.br\/en\/m-u-s-a\/#listItem","position":2,"name":"M.U.S.A","previousItem":{"@type":"ListItem","@id":"https:\/\/arvorecultural.com.br\/en#listItem","name":"Home"}}]},{"@type":"Organization","@id":"https:\/\/arvorecultural.com.br\/en\/#organization","name":"ArvoreCultural \u00c1rvore Cultural","description":"Arte, cultura e estrat\u00e9gia que geram valor. Produtora e consultoria cultural especializada em cria\u00e7\u00e3o, coordena\u00e7\u00e3o, produ\u00e7\u00e3o e gest\u00e3o de projetos de arte e cultura.","url":"https:\/\/arvorecultural.com.br\/en\/","telephone":"+5511955007575","logo":{"@type":"ImageObject","url":"https:\/\/arvorecultural.com.br\/wp-content\/uploads\/2026\/08\/cropped-logo-arvore-cultural-azul-verde.png","@id":"https:\/\/arvorecultural.com.br\/en\/m-u-s-a\/#organizationLogo","width":512,"height":512},"image":{"@id":"https:\/\/arvorecultural.com.br\/en\/m-u-s-a\/#organizationLogo"},"sameAs":["https:\/\/www.instagram.com\/arvorecultural\/"]},{"@type":"WebPage","@id":"https:\/\/arvorecultural.com.br\/en\/m-u-s-a\/#webpage","url":"https:\/\/arvorecultural.com.br\/en\/m-u-s-a\/","name":"M.U.S.A. | M\u00fasica, arte e transforma\u00e7\u00e3o social","description":"Conhe\u00e7a o M.U.S.A., projeto que promoveu encontros entre m\u00fasica, artes visuais e transforma\u00e7\u00e3o social no Shopping Parque da Cidade, em S\u00e3o Paulo.","inLanguage":"en-US","isPartOf":{"@id":"https:\/\/arvorecultural.com.br\/en\/#website"},"breadcrumb":{"@id":"https:\/\/arvorecultural.com.br\/en\/m-u-s-a\/#breadcrumblist"},"datePublished":"2026-08-19T20:52:51-03:00","dateModified":"2026-08-29T08:48:16-03:00"},{"@type":"WebSite","@id":"https:\/\/arvorecultural.com.br\/en\/#website","url":"https:\/\/arvorecultural.com.br\/en\/","name":"ArvoreCultural","description":"Arte, cultura e estrat\u00e9gia que geram valor.","inLanguage":"en-US","publisher":{"@id":"https:\/\/arvorecultural.com.br\/en\/#organization"}}]},"og:locale":"en_US","og:site_name":"ArvoreCultural - Arte, cultura e estrat\u00e9gia que geram valor.","og:type":"article","og:title":"M.U.S.A. | M\u00fasica, arte e transforma\u00e7\u00e3o social","og:description":"Conhe\u00e7a o M.U.S.A., projeto que promoveu encontros entre m\u00fasica, artes visuais e transforma\u00e7\u00e3o social no Shopping Parque da Cidade, em S\u00e3o Paulo.","og:url":"https:\/\/arvorecultural.com.br\/en\/m-u-s-a\/","og:image":"https:\/\/arvorecultural.com.br\/wp-content\/uploads\/2026\/08\/cropped-logo-arvore-cultural-azul-verde.png","og:image:secure_url":"https:\/\/arvorecultural.com.br\/wp-content\/uploads\/2026\/08\/cropped-logo-arvore-cultural-azul-verde.png","og:image:width":512,"og:image:height":512,"article:published_time":"2026-08-19T23:52:51+00:00","article:modified_time":"2026-08-29T11:48:16+00:00","twitter:card":"summary_large_image","twitter:title":"M.U.S.A. | M\u00fasica, arte e transforma\u00e7\u00e3o social","twitter:description":"Conhe\u00e7a o M.U.S.A., projeto que promoveu encontros entre m\u00fasica, artes visuais e transforma\u00e7\u00e3o social no Shopping Parque da Cidade, em S\u00e3o Paulo.","twitter:image":"https:\/\/arvorecultural.com.br\/wp-content\/uploads\/2026\/08\/cropped-logo-arvore-cultural-azul-verde.png"},"aioseo_meta_data":{"post_id":"2086","title":"M.U.S.A. | M\u00fasica, arte e transforma\u00e7\u00e3o social","description":"Conhe\u00e7a o M.U.S.A., projeto que promoveu encontros entre m\u00fasica, artes visuais e transforma\u00e7\u00e3o social no Shopping Parque da Cidade, em S\u00e3o Paulo.","keywords":null,"keyphrases":{"focus":{"keyphrase":"","score":0,"analysis":{"keyphraseInTitle":{"score":0,"maxScore":9,"error":1}}},"additional":[]},"focus_keyword":null,"additional_keywords":null,"truseo_locale":null,"primary_term":null,"canonical_url":null,"og_title":null,"og_description":null,"og_object_type":"default","og_image_type":"default","og_image_custom_url":null,"og_image_custom_fields":null,"og_image_url":null,"og_image_width":null,"og_image_height":null,"og_video":"","og_custom_url":null,"og_article_section":null,"og_article_tags":null,"twitter_use_og":false,"twitter_card":"default","twitter_image_type":"default","twitter_image_custom_url":null,"twitter_image_custom_fields":null,"twitter_image_url":null,"twitter_title":null,"twitter_description":null,"schema_type":"default","schema_type_options":null,"schema":{"blockGraphs":[],"customGraphs":[],"default":{"data":{"Article":[],"Course":[],"Dataset":[],"FAQPage":[],"Movie":[],"Person":[],"Product":[],"ProductReview":[],"Car":[],"Recipe":[],"Service":[],"SoftwareApplication":[],"WebPage":[]},"graphName":"WebPage","isEnabled":true},"graphs":[]},"pillar_content":false,"robots_default":true,"robots_noindex":false,"robots_noarchive":false,"robots_nosnippet":false,"robots_nofollow":false,"robots_noimageindex":false,"robots_noodp":false,"robots_notranslate":false,"robots_max_snippet":"-1","robots_max_videopreview":"-1","robots_max_imagepreview":"large","priority":null,"frequency":"default","local_seo":null,"limit_modified_date":false,"ai":{"faqs":[],"keyPoints":[],"schemas":[],"titles":[],"descriptions":[],"socialPosts":{"email":{"subject":"","preview":"","content":""},"linkedin":[],"twitter":[],"facebook":[],"instagram":[]}},"breadcrumb_settings":null,"seo_analyzer_scan_date":null,"created":"2026-08-20 21:56:35","updated":"2026-08-29 11:48:39"},"aioseo_breadcrumb":"<div class=\"aioseo-breadcrumbs\"><span class=\"aioseo-breadcrumb\">\n\t\t\t<a href=\"https:\/\/arvorecultural.com.br\/en\" title=\"Home\">Home<\/a>\n\t\t<\/span><span class=\"aioseo-breadcrumb-separator\">&raquo;<\/span><span class=\"aioseo-breadcrumb\">\n\t\t\tM.U.S.A\n\t\t<\/span><\/div>","aioseo_breadcrumb_json":[{"label":"Home","link":"https:\/\/arvorecultural.com.br\/en"},{"label":"M.U.S.A","link":"https:\/\/arvorecultural.com.br\/en\/m-u-s-a\/"}],"_links":{"self":[{"href":"https:\/\/arvorecultural.com.br\/en\/wp-json\/wp\/v2\/pages\/2086"}],"collection":[{"href":"https:\/\/arvorecultural.com.br\/en\/wp-json\/wp\/v2\/pages"}],"about":[{"href":"https:\/\/arvorecultural.com.br\/en\/wp-json\/wp\/v2\/types\/page"}],"author":[{"embeddable":true,"href":"https:\/\/arvorecultural.com.br\/en\/wp-json\/wp\/v2\/users\/5"}],"replies":[{"embeddable":true,"href":"https:\/\/arvorecultural.com.br\/en\/wp-json\/wp\/v2\/comments?post=2086"}],"version-history":[{"count":20,"href":"https:\/\/arvorecultural.com.br\/en\/wp-json\/wp\/v2\/pages\/2086\/revisions"}],"predecessor-version":[{"id":3146,"href":"https:\/\/arvorecultural.com.br\/en\/wp-json\/wp\/v2\/pages\/2086\/revisions\/3146"}],"wp:attachment":[{"href":"https:\/\/arvorecultural.com.br\/en\/wp-json\/wp\/v2\/media?parent=2086"}],"curies":[{"name":"wp","href":"https:\/\/api.w.org\/{rel}","templated":true}]}}