{"id":2240,"date":"2026-08-20T07:35:22","date_gmt":"2026-08-20T10:35:22","guid":{"rendered":"https:\/\/arvorecultural.com.br\/?page_id=2240"},"modified":"2026-08-31T17:38:31","modified_gmt":"2026-08-31T20:38:31","slug":"projetos-2026","status":"publish","type":"page","link":"https:\/\/arvorecultural.com.br\/en\/projetos-2026\/","title":{"rendered":"Projects"},"content":{"rendered":"<h2 class=\"wp-block-heading\">Projects<\/h2>\n\n\n\n<p><em>Our journey has been shaped by projects connecting art, culture, education, artists, businesses and communities.<\/em><\/p>\n\n\n\n<h2 class=\"wp-block-heading\">Ongoing Projects<\/h2>\n\n\n\n<p>Projects currently underway, combining planning, partnership building, management and results monitoring.<\/p>\n\n\n\n<div class=\"wp-block-columns is-layout-flex wp-container-core-columns-layout-1 wp-block-columns-is-layout-flex\">\n<div class=\"wp-block-column is-layout-flow wp-block-column-is-layout-flow\">\n<h2 class=\"wp-block-heading has-text-align-left\">Energia Cidad\u00e3<\/h2>\n\n\n\n<p>Guarulhos, SP | Ongoing<br><\/p>\n\n\n\n<div style=\"height:30px\" aria-hidden=\"true\" class=\"wp-block-spacer\"><\/div>\n\n\n\n<figure class=\"wp-block-image size-large\"><img loading=\"lazy\" decoding=\"async\" width=\"1024\" height=\"683\" src=\"https:\/\/arvorecultural.com.br\/wp-content\/uploads\/2026\/08\/Energia_Cidada_card_projetos_1200x800-1024x683.webp\" alt=\"\" class=\"wp-image-2930\" srcset=\"https:\/\/arvorecultural.com.br\/wp-content\/uploads\/2026\/08\/Energia_Cidada_card_projetos_1200x800-1024x683.webp 1024w, https:\/\/arvorecultural.com.br\/wp-content\/uploads\/2026\/08\/Energia_Cidada_card_projetos_1200x800-300x200.webp 300w, https:\/\/arvorecultural.com.br\/wp-content\/uploads\/2026\/08\/Energia_Cidada_card_projetos_1200x800-768x512.webp 768w, https:\/\/arvorecultural.com.br\/wp-content\/uploads\/2026\/08\/Energia_Cidada_card_projetos_1200x800.webp 1200w\" sizes=\"(max-width: 1024px) 100vw, 1024px\" \/><\/figure>\n\n\n\n<p>Ongoing theater and artistic expression programs for 50 children and teenagers, including socio-emotional support, public cultural activities and community performances.<\/p>\n\n\n\n<div style=\"height:24px\" aria-hidden=\"true\" class=\"wp-block-spacer\"><\/div>\n\n\n\n<div class=\"wp-block-buttons is-layout-flex wp-block-buttons-is-layout-flex\">\n<div class=\"wp-block-button\"><a class=\"wp-block-button__link wp-element-button\" href=\"https:\/\/www.instagram.com\/iamanhecer\/\" target=\"_blank\" rel=\"noreferrer noopener\">Discover the project <\/a><\/div>\n<\/div>\n<\/div>\n\n\n\n<div class=\"wp-block-column is-layout-flow wp-block-column-is-layout-flow\">\n<h2 class=\"wp-block-heading has-text-align-left\">BAB<\/h2>\n\n\n\n<p><strong>Brazilian Architecture Biennial<\/strong><br>S\u00e3o Paulo, SP | Ongoing<\/p>\n\n\n\n<figure class=\"wp-block-image size-large\"><img loading=\"lazy\" decoding=\"async\" width=\"1024\" height=\"683\" src=\"https:\/\/arvorecultural.com.br\/wp-content\/uploads\/2026\/08\/BAB_card_projetos_1200x800-1-1024x683.webp\" alt=\"\" class=\"wp-image-2936\" srcset=\"https:\/\/arvorecultural.com.br\/wp-content\/uploads\/2026\/08\/BAB_card_projetos_1200x800-1-1024x683.webp 1024w, https:\/\/arvorecultural.com.br\/wp-content\/uploads\/2026\/08\/BAB_card_projetos_1200x800-1-300x200.webp 300w, https:\/\/arvorecultural.com.br\/wp-content\/uploads\/2026\/08\/BAB_card_projetos_1200x800-1-768x512.webp 768w, https:\/\/arvorecultural.com.br\/wp-content\/uploads\/2026\/08\/BAB_card_projetos_1200x800-1.webp 1200w\" sizes=\"(max-width: 1024px) 100vw, 1024px\" \/><\/figure>\n\n\n\n<p>The exhibition brought together professionals and projects representing Brazil\u2019s six biomes at Ibirapuera Park. The Biennial now continues through its social initiatives and the production of a book dedicated to Brazilian architecture.<\/p>\n\n\n\n<div class=\"wp-block-buttons is-layout-flex wp-block-buttons-is-layout-flex\">\n<div class=\"wp-block-button\"><a class=\"wp-block-button__link wp-element-button\" href=\"https:\/\/www.bienaldearquiteturabrasileira.com\/\" target=\"_blank\" rel=\"noreferrer noopener\">Discover the project<\/a><\/div>\n<\/div>\n<\/div>\n\n\n\n<div class=\"wp-block-column is-layout-flow wp-block-column-is-layout-flow\">\n<h2 class=\"wp-block-heading\">P_ARTE<\/h2>\n\n\n\n<p><strong>Parque Geminiani Momesso<\/strong><br>Ibipor\u00e3, PR | Ongoing<\/p>\n\n\n\n<figure class=\"wp-block-image size-large\"><img loading=\"lazy\" decoding=\"async\" width=\"1024\" height=\"683\" src=\"https:\/\/arvorecultural.com.br\/wp-content\/uploads\/2026\/08\/Parque_Geminiani_Momesso_card_provisorio_1200x800-1024x683.webp\" alt=\"\" class=\"wp-image-2934\" srcset=\"https:\/\/arvorecultural.com.br\/wp-content\/uploads\/2026\/08\/Parque_Geminiani_Momesso_card_provisorio_1200x800-1024x683.webp 1024w, https:\/\/arvorecultural.com.br\/wp-content\/uploads\/2026\/08\/Parque_Geminiani_Momesso_card_provisorio_1200x800-300x200.webp 300w, https:\/\/arvorecultural.com.br\/wp-content\/uploads\/2026\/08\/Parque_Geminiani_Momesso_card_provisorio_1200x800-768x512.webp 768w, https:\/\/arvorecultural.com.br\/wp-content\/uploads\/2026\/08\/Parque_Geminiani_Momesso_card_provisorio_1200x800.webp 1200w\" sizes=\"(max-width: 1024px) 100vw, 1024px\" \/><\/figure>\n\n\n\n<p>A space dedicated to Brazilian art, bringing together a collection, exhibition pavilions, outdoor sculptures, nature, music and educational activities in Ibipor\u00e3.<\/p>\n\n\n\n<div style=\"height:54px\" aria-hidden=\"true\" class=\"wp-block-spacer\"><\/div>\n\n\n\n<div class=\"wp-block-buttons is-layout-flex wp-block-buttons-is-layout-flex\">\n<div class=\"wp-block-button\"><a class=\"wp-block-button__link wp-element-button\" href=\"https:\/\/parte.org.br\/\" target=\"_blank\" rel=\"noreferrer noopener\">Discover the project<\/a><\/div>\n<\/div>\n<\/div>\n\n\n\n<div class=\"wp-block-column is-layout-flow wp-block-column-is-layout-flow\">\n<h2 class=\"wp-block-heading\">AGaleria em Casa<\/h2>\n\n\n\n<div style=\"height:0px\" aria-hidden=\"true\" class=\"wp-block-spacer\"><\/div>\n\n\n\n<p>S\u00e3o Paulo, Ubatuba and other locations<\/p>\n\n\n\n<div style=\"height:30px\" aria-hidden=\"true\" class=\"wp-block-spacer\"><\/div>\n\n\n\n<figure class=\"wp-block-image size-large\"><img loading=\"lazy\" decoding=\"async\" width=\"1024\" height=\"683\" src=\"https:\/\/arvorecultural.com.br\/wp-content\/uploads\/2026\/08\/AGaleria_em_Casa_card_projetos_1200x800-1-1024x683.webp\" alt=\"\" class=\"wp-image-2938\" srcset=\"https:\/\/arvorecultural.com.br\/wp-content\/uploads\/2026\/08\/AGaleria_em_Casa_card_projetos_1200x800-1-1024x683.webp 1024w, https:\/\/arvorecultural.com.br\/wp-content\/uploads\/2026\/08\/AGaleria_em_Casa_card_projetos_1200x800-1-300x200.webp 300w, https:\/\/arvorecultural.com.br\/wp-content\/uploads\/2026\/08\/AGaleria_em_Casa_card_projetos_1200x800-1-768x512.webp 768w, https:\/\/arvorecultural.com.br\/wp-content\/uploads\/2026\/08\/AGaleria_em_Casa_card_projetos_1200x800-1.webp 1200w\" sizes=\"(max-width: 1024px) 100vw, 1024px\" \/><\/figure>\n\n\n\n<p>A nomadic project connecting artists, collectors and new audiences through exhibitions, gatherings and artistic experiences held in different spaces.<\/p>\n\n\n\n<div style=\"height:51px\" aria-hidden=\"true\" class=\"wp-block-spacer\"><\/div>\n\n\n\n<div class=\"wp-block-buttons is-layout-flex wp-block-buttons-is-layout-flex\">\n<div class=\"wp-block-button\"><a class=\"wp-block-button__link wp-element-button\" href=\"https:\/\/www.instagram.com\/agaleriaubatuba\/\" target=\"_blank\" rel=\"noreferrer noopener\">Discover the project<\/a><\/div>\n<\/div>\n<\/div>\n<\/div>\n\n\n\n<h2 class=\"wp-block-heading\">Projects Seeking Sponsorship<\/h2>\n\n\n\n<p>Cultural projects ready for new partnerships and investment, connecting businesses, artists and audiences through relevant cultural experiences with impact and long-term potential.<\/p>\n\n\n\n<div class=\"wp-block-columns is-layout-flex wp-container-core-columns-layout-2 wp-block-columns-is-layout-flex\">\n<div class=\"wp-block-column is-layout-flow wp-block-column-is-layout-flow\">\n<h2 class=\"wp-block-heading\">Mulher de 50 Pode &#8230;<\/h2>\n\n\n\n<p><strong>Theater Production<\/strong><\/p>\n\n\n\n<figure class=\"wp-block-image size-large\"><img loading=\"lazy\" decoding=\"async\" width=\"1024\" height=\"683\" src=\"https:\/\/arvorecultural.com.br\/wp-content\/uploads\/2026\/08\/Mulher_de_50_Pode_Denise_1200x800-1024x683.webp\" alt=\"\" class=\"wp-image-2994\" srcset=\"https:\/\/arvorecultural.com.br\/wp-content\/uploads\/2026\/08\/Mulher_de_50_Pode_Denise_1200x800-1024x683.webp 1024w, https:\/\/arvorecultural.com.br\/wp-content\/uploads\/2026\/08\/Mulher_de_50_Pode_Denise_1200x800-300x200.webp 300w, https:\/\/arvorecultural.com.br\/wp-content\/uploads\/2026\/08\/Mulher_de_50_Pode_Denise_1200x800-768x512.webp 768w, https:\/\/arvorecultural.com.br\/wp-content\/uploads\/2026\/08\/Mulher_de_50_Pode_Denise_1200x800.webp 1200w\" sizes=\"(max-width: 1024px) 100vw, 1024px\" \/><\/figure>\n\n\n\n<p><strong>Rouanet Law \u2014 PRONAC 256955\nProAC ICMS 53216 | Seeking Sponsorship<\/strong><br><strong>ProAC ICMS 53216 | Em capta\u00e7\u00e3o<\/strong><br><br>A thoughtful comedy by Denise Prado that celebrates women over 50, exploring transformation, discovery and new possibilities with humor and sensitivity.<\/p>\n\n\n\n<div class=\"wp-block-buttons is-layout-flex wp-block-buttons-is-layout-flex\">\n<div class=\"wp-block-button\"><a class=\"wp-block-button__link wp-element-button\" href=\"https:\/\/arvorecultural.com.br\/en\/mulher-de-50-pode\/\" target=\"_blank\" rel=\"noreferrer noopener\">Discover the project<\/a><\/div>\n<\/div>\n<\/div>\n\n\n\n<div class=\"wp-block-column is-layout-flow wp-block-column-is-layout-flow\">\n<h2 class=\"wp-block-heading\"><strong>SPAMALOT <\/strong><\/h2>\n\n\n\n<p><strong>The Musical Comedy<\/strong><\/p>\n\n\n\n<figure class=\"wp-block-image size-large\"><img loading=\"lazy\" decoding=\"async\" width=\"1024\" height=\"683\" src=\"https:\/\/arvorecultural.com.br\/wp-content\/uploads\/2026\/08\/spamalot-capa-site-1200x800-1-1024x683.webp\" alt=\"\" class=\"wp-image-3000\" srcset=\"https:\/\/arvorecultural.com.br\/wp-content\/uploads\/2026\/08\/spamalot-capa-site-1200x800-1-1024x683.webp 1024w, https:\/\/arvorecultural.com.br\/wp-content\/uploads\/2026\/08\/spamalot-capa-site-1200x800-1-300x200.webp 300w, https:\/\/arvorecultural.com.br\/wp-content\/uploads\/2026\/08\/spamalot-capa-site-1200x800-1-768x512.webp 768w, https:\/\/arvorecultural.com.br\/wp-content\/uploads\/2026\/08\/spamalot-capa-site-1200x800-1.webp 1200w\" sizes=\"(max-width: 1024px) 100vw, 1024px\" \/><\/figure>\n\n\n\n<p><strong><strong>Rouanet Law \u2014 PRONAC 260542\nProAC ICMS 53816 | Seeking Sponsorship<\/strong><br><strong>ProAC ICMS 53816 | Em capta\u00e7\u00e3o<\/strong><\/strong><\/p>\n\n\n\n<p>An irreverent musical comedy about journeys, encounters, and the quest for the Grail itself, ready for a major production on Brazilian stages.<\/p>\n\n\n\n<div class=\"wp-block-buttons is-layout-flex wp-block-buttons-is-layout-flex\">\n<div class=\"wp-block-button\"><a class=\"wp-block-button__link wp-element-button\" href=\"https:\/\/arvorecultural.com.br\/en\/spamalot-a-comedia-musical\/\">Discover the project<\/a><\/div>\n<\/div>\n<\/div>\n\n\n\n<div class=\"wp-block-column is-layout-flow wp-block-column-is-layout-flow\">\n<h2 class=\"wp-block-heading\">Bienal Sonora<\/h2>\n\n\n\n<p><strong>Cultural Music Platform<\/strong><\/p>\n\n\n\n<figure class=\"wp-block-image size-large\"><img loading=\"lazy\" decoding=\"async\" width=\"1024\" height=\"683\" src=\"https:\/\/arvorecultural.com.br\/wp-content\/uploads\/2026\/08\/bienal-sonora-capa-site-1200x800-1-1024x683.webp\" alt=\"\" class=\"wp-image-3005\" srcset=\"https:\/\/arvorecultural.com.br\/wp-content\/uploads\/2026\/08\/bienal-sonora-capa-site-1200x800-1-1024x683.webp 1024w, https:\/\/arvorecultural.com.br\/wp-content\/uploads\/2026\/08\/bienal-sonora-capa-site-1200x800-1-300x200.webp 300w, https:\/\/arvorecultural.com.br\/wp-content\/uploads\/2026\/08\/bienal-sonora-capa-site-1200x800-1-768x512.webp 768w, https:\/\/arvorecultural.com.br\/wp-content\/uploads\/2026\/08\/bienal-sonora-capa-site-1200x800-1.webp 1200w\" sizes=\"(max-width: 1024px) 100vw, 1024px\" \/><\/figure>\n\n\n\n<p><strong><strong><strong>Rouanet Law \u2014 PRONAC 258852\nArticle 18 | Seeking Sponsorship<\/strong><br><strong>Artigo 18 | Em capta\u00e7\u00e3o<\/strong><\/strong><\/strong><\/p>\n\n\n\n<p>A cultural platform connecting music, memory, education, and new experiences, tracing the history of sound and envisioning possibilities for the future.<\/p>\n\n\n\n<div class=\"wp-block-buttons is-layout-flex wp-block-buttons-is-layout-flex\">\n<div class=\"wp-block-button\"><a class=\"wp-block-button__link wp-element-button\" href=\"https:\/\/arvorecultural.com.br\/en\/bienal-sonora\/\">Discover the project<\/a><\/div>\n<\/div>\n<\/div>\n<\/div>\n\n\n\n<h2 class=\"wp-block-heading\">Completed Projects<\/h2>\n\n\n\n<p>Explore projects representing different chapters of \u00c1rvore Cultural\u2019s journey in education, music, visual arts, management, touring and cultural partnerships.<\/p>\n\n\n\n<div class=\"wp-block-columns is-layout-flex wp-container-core-columns-layout-3 wp-block-columns-is-layout-flex\">\n<div class=\"wp-block-column is-layout-flow wp-block-column-is-layout-flow\">\n<h3 class=\"wp-block-heading\">Projeto Tocar<\/h3>\n\n\n\n<figure class=\"wp-block-image size-full\"><img loading=\"lazy\" decoding=\"async\" width=\"960\" height=\"640\" src=\"https:\/\/arvorecultural.com.br\/wp-content\/uploads\/2026\/08\/TOCAR_TOM-JAZZ_EQUIPE-E-ALUNOS.jpg\" alt=\"\" class=\"wp-image-1872\" srcset=\"https:\/\/arvorecultural.com.br\/wp-content\/uploads\/2026\/08\/TOCAR_TOM-JAZZ_EQUIPE-E-ALUNOS.jpg 960w, https:\/\/arvorecultural.com.br\/wp-content\/uploads\/2026\/08\/TOCAR_TOM-JAZZ_EQUIPE-E-ALUNOS-300x200.jpg 300w, https:\/\/arvorecultural.com.br\/wp-content\/uploads\/2026\/08\/TOCAR_TOM-JAZZ_EQUIPE-E-ALUNOS-768x512.jpg 768w\" sizes=\"(max-width: 960px) 100vw, 960px\" \/><\/figure>\n\n\n\n<p>Free music education that broadened perspectives, strengthened bonds, and brought young people closer to new cultural experiences.<\/p>\n\n\n\n<div class=\"wp-block-buttons is-layout-flex wp-block-buttons-is-layout-flex\">\n<div class=\"wp-block-button\"><a class=\"wp-block-button__link wp-element-button\" href=\"https:\/\/arvorecultural.com.br\/en\/projeto-tocar\/\">Discover the project<\/a><\/div>\n<\/div>\n<\/div>\n\n\n\n<div class=\"wp-block-column is-layout-flow wp-block-column-is-layout-flow\">\n<h3 class=\"wp-block-heading\">Tarde Instrumental <\/h3>\n\n\n\n<figure class=\"wp-block-image size-large\"><img loading=\"lazy\" decoding=\"async\" width=\"1024\" height=\"683\" src=\"https:\/\/arvorecultural.com.br\/wp-content\/uploads\/2026\/08\/TARDE-INSTRUMENTAL_ESTUDANTES-NO-TEATRO-1024x683.jpg\" alt=\"\" class=\"wp-image-1930\" srcset=\"https:\/\/arvorecultural.com.br\/wp-content\/uploads\/2026\/08\/TARDE-INSTRUMENTAL_ESTUDANTES-NO-TEATRO-1024x683.jpg 1024w, https:\/\/arvorecultural.com.br\/wp-content\/uploads\/2026\/08\/TARDE-INSTRUMENTAL_ESTUDANTES-NO-TEATRO-300x200.jpg 300w, https:\/\/arvorecultural.com.br\/wp-content\/uploads\/2026\/08\/TARDE-INSTRUMENTAL_ESTUDANTES-NO-TEATRO-768x512.jpg 768w, https:\/\/arvorecultural.com.br\/wp-content\/uploads\/2026\/08\/TARDE-INSTRUMENTAL_ESTUDANTES-NO-TEATRO-1536x1024.jpg 1536w, https:\/\/arvorecultural.com.br\/wp-content\/uploads\/2026\/08\/TARDE-INSTRUMENTAL_ESTUDANTES-NO-TEATRO-2048x1365.jpg 2048w\" sizes=\"(max-width: 1024px) 100vw, 1024px\" \/><\/figure>\n\n\n\n<p>Free instrumental music performances connecting artists and communities, expanding access to culture and engaging new audiences.<\/p>\n\n\n\n<div class=\"wp-block-buttons is-layout-flex wp-block-buttons-is-layout-flex\">\n<div class=\"wp-block-button\"><a class=\"wp-block-button__link wp-element-button\" href=\"https:\/\/arvorecultural.com.br\/en\/tarde-instrumental\/\">Discover the project<\/a><\/div>\n<\/div>\n<\/div>\n\n\n\n<div class=\"wp-block-column is-layout-flow wp-block-column-is-layout-flow\">\n<h3 class=\"wp-block-heading\">Concerto Bandolim ao vivo<\/h3>\n\n\n\n<figure class=\"wp-block-image size-large\"><img loading=\"lazy\" decoding=\"async\" width=\"1024\" height=\"683\" src=\"https:\/\/arvorecultural.com.br\/wp-content\/uploads\/2026\/08\/FOTO-CONCERTO-BANDOLIM-1024x683.jpeg\" alt=\"\" class=\"wp-image-1993\" srcset=\"https:\/\/arvorecultural.com.br\/wp-content\/uploads\/2026\/08\/FOTO-CONCERTO-BANDOLIM-1024x683.jpeg 1024w, https:\/\/arvorecultural.com.br\/wp-content\/uploads\/2026\/08\/FOTO-CONCERTO-BANDOLIM-300x200.jpeg 300w, https:\/\/arvorecultural.com.br\/wp-content\/uploads\/2026\/08\/FOTO-CONCERTO-BANDOLIM-768x512.jpeg 768w, https:\/\/arvorecultural.com.br\/wp-content\/uploads\/2026\/08\/FOTO-CONCERTO-BANDOLIM-1536x1024.jpeg 1536w, https:\/\/arvorecultural.com.br\/wp-content\/uploads\/2026\/08\/FOTO-CONCERTO-BANDOLIM-2048x1365.jpeg 2048w\" sizes=\"(max-width: 1024px) 100vw, 1024px\" \/><\/figure>\n\n\n\n<p>Brazilian instrumental music, free performances and encounters connecting artists, students and new audiences.<\/p>\n\n\n\n<div class=\"wp-block-buttons is-layout-flex wp-block-buttons-is-layout-flex\">\n<div class=\"wp-block-button\"><a class=\"wp-block-button__link wp-element-button\" href=\"https:\/\/arvorecultural.com.br\/en\/concerto-bandolim-ao-vivo\/\">Discover the project<\/a><\/div>\n<\/div>\n<\/div>\n<\/div>\n\n\n\n<div class=\"wp-block-columns is-layout-flex wp-container-core-columns-layout-4 wp-block-columns-is-layout-flex\">\n<div class=\"wp-block-column is-layout-flow wp-block-column-is-layout-flow\">\n<h3 class=\"wp-block-heading\">Tribos de S\u00e3o Miguel <\/h3>\n\n\n\n<figure class=\"wp-block-image size-large\"><img loading=\"lazy\" decoding=\"async\" width=\"1024\" height=\"683\" src=\"https:\/\/arvorecultural.com.br\/wp-content\/uploads\/2026\/08\/Tribos_de_Sao_Miguel_1200x800-1-1024x683.webp\" alt=\"\" class=\"wp-image-2900\" srcset=\"https:\/\/arvorecultural.com.br\/wp-content\/uploads\/2026\/08\/Tribos_de_Sao_Miguel_1200x800-1-1024x683.webp 1024w, https:\/\/arvorecultural.com.br\/wp-content\/uploads\/2026\/08\/Tribos_de_Sao_Miguel_1200x800-1-300x200.webp 300w, https:\/\/arvorecultural.com.br\/wp-content\/uploads\/2026\/08\/Tribos_de_Sao_Miguel_1200x800-1-768x512.webp 768w, https:\/\/arvorecultural.com.br\/wp-content\/uploads\/2026\/08\/Tribos_de_Sao_Miguel_1200x800-1.webp 1200w\" sizes=\"(max-width: 1024px) 100vw, 1024px\" \/><\/figure>\n\n\n\n<p>Urban art, education, and memory transformed a historic mural into a visual narrative of the territory.<\/p>\n\n\n\n<div class=\"wp-block-buttons is-layout-flex wp-block-buttons-is-layout-flex\">\n<div class=\"wp-block-button\"><a class=\"wp-block-button__link wp-element-button\" href=\"https:\/\/arvorecultural.com.br\/en\/tribos-de-sao-miguel\/\">Discover the project<\/a><\/div>\n<\/div>\n<\/div>\n\n\n\n<div class=\"wp-block-column is-layout-flow wp-block-column-is-layout-flow\">\n<h3 class=\"wp-block-heading\">Som da Motown<\/h3>\n\n\n\n<figure class=\"wp-block-image size-full\"><img loading=\"lazy\" decoding=\"async\" width=\"1200\" height=\"800\" src=\"https:\/\/arvorecultural.com.br\/wp-content\/uploads\/2026\/08\/Som_da_Motown_1200x800-2.webp\" alt=\"\" class=\"wp-image-2901\" srcset=\"https:\/\/arvorecultural.com.br\/wp-content\/uploads\/2026\/08\/Som_da_Motown_1200x800-2.webp 1200w, https:\/\/arvorecultural.com.br\/wp-content\/uploads\/2026\/08\/Som_da_Motown_1200x800-2-300x200.webp 300w, https:\/\/arvorecultural.com.br\/wp-content\/uploads\/2026\/08\/Som_da_Motown_1200x800-2-1024x683.webp 1024w, https:\/\/arvorecultural.com.br\/wp-content\/uploads\/2026\/08\/Som_da_Motown_1200x800-2-768x512.webp 768w\" sizes=\"(max-width: 1200px) 100vw, 1200px\" \/><\/figure>\n\n\n\n<p>A large-scale show celebrating the Motown repertoire with music, dance, and Brazilian production.<\/p>\n\n\n\n<div class=\"wp-block-buttons is-layout-flex wp-block-buttons-is-layout-flex\">\n<div class=\"wp-block-button\"><a class=\"wp-block-button__link wp-element-button\" href=\"https:\/\/arvorecultural.com.br\/en\/som-da-motown\/\">Discover the project<\/a><\/div>\n<\/div>\n<\/div>\n\n\n\n<div class=\"wp-block-column is-layout-flow wp-block-column-is-layout-flow\">\n<h3 class=\"wp-block-heading\">M.U.S.A<\/h3>\n\n\n\n<figure class=\"wp-block-image size-large\"><img loading=\"lazy\" decoding=\"async\" width=\"1024\" height=\"683\" src=\"https:\/\/arvorecultural.com.br\/wp-content\/uploads\/2026\/08\/MUSA_1200x800-2-1024x683.webp\" alt=\"\" class=\"wp-image-2902\" srcset=\"https:\/\/arvorecultural.com.br\/wp-content\/uploads\/2026\/08\/MUSA_1200x800-2-1024x683.webp 1024w, https:\/\/arvorecultural.com.br\/wp-content\/uploads\/2026\/08\/MUSA_1200x800-2-300x200.webp 300w, https:\/\/arvorecultural.com.br\/wp-content\/uploads\/2026\/08\/MUSA_1200x800-2-768x512.webp 768w, https:\/\/arvorecultural.com.br\/wp-content\/uploads\/2026\/08\/MUSA_1200x800-2.webp 1200w\" sizes=\"(max-width: 1024px) 100vw, 1024px\" \/><\/figure>\n\n\n\n<p>A movement dedicated to visual arts, diverse artistic languages and connections between artists, audiences and the art market.<\/p>\n\n\n\n<div class=\"wp-block-buttons is-layout-flex wp-block-buttons-is-layout-flex\">\n<div class=\"wp-block-button\"><a class=\"wp-block-button__link wp-element-button\" href=\"https:\/\/arvorecultural.com.br\/en\/m-u-s-a\/\">Discover the project<\/a><\/div>\n<\/div>\n<\/div>\n<\/div>\n\n\n\n<div class=\"wp-block-columns is-layout-flex wp-container-core-columns-layout-5 wp-block-columns-is-layout-flex\">\n<div class=\"wp-block-column is-layout-flow wp-block-column-is-layout-flow\">\n<h3 class=\"wp-block-heading\">Teatro Frei Caneca <\/h3>\n\n\n\n<figure class=\"wp-block-image size-full\"><img loading=\"lazy\" decoding=\"async\" width=\"1200\" height=\"800\" src=\"https:\/\/arvorecultural.com.br\/wp-content\/uploads\/2026\/08\/Teatro_Frei_Caneca_1200x800.webp\" alt=\"\" class=\"wp-image-2906\" srcset=\"https:\/\/arvorecultural.com.br\/wp-content\/uploads\/2026\/08\/Teatro_Frei_Caneca_1200x800.webp 1200w, https:\/\/arvorecultural.com.br\/wp-content\/uploads\/2026\/08\/Teatro_Frei_Caneca_1200x800-300x200.webp 300w, https:\/\/arvorecultural.com.br\/wp-content\/uploads\/2026\/08\/Teatro_Frei_Caneca_1200x800-1024x683.webp 1024w, https:\/\/arvorecultural.com.br\/wp-content\/uploads\/2026\/08\/Teatro_Frei_Caneca_1200x800-768x512.webp 768w\" sizes=\"(max-width: 1200px) 100vw, 1200px\" \/><\/figure>\n\n\n\n<p>A milestone in \u00c1rvore Cultural\u2019s journey in S\u00e3o Paulo, from the theater\u2019s construction and opening to its cultural programming and management.<\/p>\n\n\n\n<div class=\"wp-block-buttons is-layout-flex wp-block-buttons-is-layout-flex\">\n<div class=\"wp-block-button\"><a class=\"wp-block-button__link wp-element-button\" href=\"https:\/\/arvorecultural.com.br\/en\/teatro-frei-caneca-um-marco-na-trajetoria\/\">Discover the project<\/a><\/div>\n<\/div>\n<\/div>\n\n\n\n<div class=\"wp-block-column is-layout-flow wp-block-column-is-layout-flow\">\n<h3 class=\"wp-block-heading\">Music Productions<\/h3>\n\n\n\n<figure class=\"wp-block-image size-full\"><img loading=\"lazy\" decoding=\"async\" width=\"1200\" height=\"800\" src=\"https:\/\/arvorecultural.com.br\/wp-content\/uploads\/2026\/08\/Producoes_Musicais_1200x800.webp\" alt=\"\" class=\"wp-image-2907\" srcset=\"https:\/\/arvorecultural.com.br\/wp-content\/uploads\/2026\/08\/Producoes_Musicais_1200x800.webp 1200w, https:\/\/arvorecultural.com.br\/wp-content\/uploads\/2026\/08\/Producoes_Musicais_1200x800-300x200.webp 300w, https:\/\/arvorecultural.com.br\/wp-content\/uploads\/2026\/08\/Producoes_Musicais_1200x800-1024x683.webp 1024w, https:\/\/arvorecultural.com.br\/wp-content\/uploads\/2026\/08\/Producoes_Musicais_1200x800-768x512.webp 768w\" sizes=\"(max-width: 1200px) 100vw, 1200px\" \/><\/figure>\n\n\n\n<p>Music production, artist management and experiences connecting artists, cultural venues, brands and audiences.<\/p>\n\n\n\n<div class=\"wp-block-buttons is-layout-flex wp-block-buttons-is-layout-flex\">\n<div class=\"wp-block-button\"><a class=\"wp-block-button__link wp-element-button\" href=\"https:\/\/arvorecultural.com.br\/en\/producoes-musicais\/\">Discover the project<\/a><\/div>\n<\/div>\n<\/div>\n\n\n\n<div class=\"wp-block-column is-layout-flow wp-block-column-is-layout-flow\">\n<h3 class=\"wp-block-heading\">Esquina de Minas<\/h3>\n\n\n\n<figure class=\"wp-block-image size-full\"><img loading=\"lazy\" decoding=\"async\" width=\"1200\" height=\"800\" src=\"https:\/\/arvorecultural.com.br\/wp-content\/uploads\/2026\/08\/Esquina_de_Minas_1200x800.webp\" alt=\"\" class=\"wp-image-2908\" srcset=\"https:\/\/arvorecultural.com.br\/wp-content\/uploads\/2026\/08\/Esquina_de_Minas_1200x800.webp 1200w, https:\/\/arvorecultural.com.br\/wp-content\/uploads\/2026\/08\/Esquina_de_Minas_1200x800-300x200.webp 300w, https:\/\/arvorecultural.com.br\/wp-content\/uploads\/2026\/08\/Esquina_de_Minas_1200x800-1024x683.webp 1024w, https:\/\/arvorecultural.com.br\/wp-content\/uploads\/2026\/08\/Esquina_de_Minas_1200x800-768x512.webp 768w\" sizes=\"(max-width: 1200px) 100vw, 1200px\" \/><\/figure>\n\n\n\n<p>A cultural initiative that brought music, crafts, gastronomy and traditions from Minas Gerais to Paulista Avenue.<\/p>\n\n\n\n<div class=\"wp-block-buttons is-layout-flex wp-block-buttons-is-layout-flex\">\n<div class=\"wp-block-button\"><a class=\"wp-block-button__link wp-element-button\" href=\"https:\/\/arvorecultural.com.br\/en\/esquinas-do-brasil-esquina-de-minas\/\">Discover the project<\/a><\/div>\n<\/div>\n<\/div>\n<\/div>\n\n\n\n<div class=\"wp-block-columns is-layout-flex wp-container-core-columns-layout-6 wp-block-columns-is-layout-flex\">\n<div class=\"wp-block-column is-layout-flow wp-block-column-is-layout-flow\">\n<h3 class=\"wp-block-heading\">Produ\u00e7\u00e3o Musical Cap\u00e3o Congonhas<\/h3>\n\n\n\n<figure class=\"wp-block-image size-large\"><img loading=\"lazy\" decoding=\"async\" width=\"1024\" height=\"768\" src=\"https:\/\/arvorecultural.com.br\/wp-content\/uploads\/2026\/08\/capao-congonhas-grupo-1024x768.webp\" alt=\"\" class=\"wp-image-3283\" srcset=\"https:\/\/arvorecultural.com.br\/wp-content\/uploads\/2026\/08\/capao-congonhas-grupo-1024x768.webp 1024w, https:\/\/arvorecultural.com.br\/wp-content\/uploads\/2026\/08\/capao-congonhas-grupo-300x225.webp 300w, https:\/\/arvorecultural.com.br\/wp-content\/uploads\/2026\/08\/capao-congonhas-grupo-768x576.webp 768w, https:\/\/arvorecultural.com.br\/wp-content\/uploads\/2026\/08\/capao-congonhas-grupo.webp 1280w\" sizes=\"(max-width: 1024px) 100vw, 1024px\" \/><\/figure>\n\n\n\n<p>Free music education offering guitar, singing and percussion classes, nurturing talent and creating new opportunities in Cap\u00e3o Redondo.<\/p>\n\n\n\n<div class=\"wp-block-buttons is-layout-flex wp-block-buttons-is-layout-flex\">\n<div class=\"wp-block-button\"><a class=\"wp-block-button__link wp-element-button\" href=\"https:\/\/arvorecultural.com.br\/en\/producao-musical-capao-congonhas\/\">Discover the project<\/a><\/div>\n<\/div>\n<\/div>\n\n\n\n<div class=\"wp-block-column is-layout-flow wp-block-column-is-layout-flow\">\n<h3 class=\"wp-block-heading\">Souza Lima College \u2014 Cultural Coordination and Artistic Programming<\/h3>\n\n\n\n<figure class=\"wp-block-image size-large\"><img loading=\"lazy\" decoding=\"async\" width=\"1024\" height=\"683\" src=\"https:\/\/arvorecultural.com.br\/wp-content\/uploads\/2026\/08\/Souza_Lima_1200x800-1024x683.webp\" alt=\"\" class=\"wp-image-2910\" srcset=\"https:\/\/arvorecultural.com.br\/wp-content\/uploads\/2026\/08\/Souza_Lima_1200x800-1024x683.webp 1024w, https:\/\/arvorecultural.com.br\/wp-content\/uploads\/2026\/08\/Souza_Lima_1200x800-300x200.webp 300w, https:\/\/arvorecultural.com.br\/wp-content\/uploads\/2026\/08\/Souza_Lima_1200x800-768x512.webp 768w, https:\/\/arvorecultural.com.br\/wp-content\/uploads\/2026\/08\/Souza_Lima_1200x800.webp 1200w\" sizes=\"(max-width: 1024px) 100vw, 1024px\" \/><\/figure>\n\n\n\n<p>Cultural coordination, artistic programming and project development through a partnership dedicated to music and emerging talent.<\/p>\n\n\n\n<div class=\"wp-block-buttons is-layout-flex wp-block-buttons-is-layout-flex\">\n<div class=\"wp-block-button\"><a class=\"wp-block-button__link wp-element-button\" href=\"https:\/\/arvorecultural.com.br\/en\/faculdade-souza-lima-coordenacao-cultural-e-programacao-artistica\/\">Discover the project<\/a><\/div>\n<\/div>\n<\/div>\n\n\n\n<div class=\"wp-block-column is-layout-flow wp-block-column-is-layout-flow\">\n<h3 class=\"wp-block-heading\">International Performances<\/h3>\n\n\n\n<p>Production and coordination of performances by Ed Motta in Paris and Ant\u00f4nio Villeroy in Miami, connecting Brazilian music with international partners and new audiences.<\/p>\n\n\n\n<div class=\"wp-block-buttons is-layout-flex wp-block-buttons-is-layout-flex\">\n<div class=\"wp-block-button\"><a class=\"wp-block-button__link wp-element-button\" href=\"https:\/\/arvorecultural.com.br\/en\/circulacao-internacional\/\">Discover the project<\/a><\/div>\n<\/div>\n<\/div>\n<\/div>\n\n\n\n<div class=\"wp-block-buttons is-content-justification-center is-layout-flex wp-container-core-buttons-layout-20 wp-block-buttons-is-layout-flex\">\n<div class=\"wp-block-button is-style-outline\"><a class=\"wp-block-button__link wp-element-button\" href=\"https:\/\/arvorecultural.com.br\/en\/\">Back to Home<\/a><\/div>\n<\/div>","protected":false},"excerpt":{"rendered":"<p>Projetos Uma trajet\u00f3ria constru\u00edda por projetos que conectam arte, cultura, educa\u00e7\u00e3o, artistas, empresas e territ\u00f3rios. Projetos em execu\u00e7\u00e3o Projetos em desenvolvimento e realiza\u00e7\u00e3o, conduzidos com planejamento, articula\u00e7\u00e3o, gest\u00e3o e acompanhamento de resultados. Energia Cidad\u00e3 Guarulhos, SP | Em execu\u00e7\u00e3o Forma\u00e7\u00e3o continuada em teatro e express\u00e3o art\u00edstica para 50 crian\u00e7as e adolescentes, com acompanhamento socioemocional, a\u00e7\u00f5es&#8230;<\/p>","protected":false},"author":5,"featured_media":0,"parent":0,"menu_order":0,"comment_status":"closed","ping_status":"closed","template":"","meta":{"_kad_post_transparent":"","_kad_post_title":"","_kad_post_layout":"","_kad_post_sidebar_id":"","_kad_post_content_style":"","_kad_post_vertical_padding":"","_kad_post_feature":"","_kad_post_feature_position":"","_kad_post_header":false,"_kad_post_footer":false,"_kad_post_classname":"","footnotes":"","_joinchat":[]},"aioseo_notices":[],"aioseo_head":"\n\t\t<!-- All in One SEO 5.0.0.1 - aioseo.com -->\n\t<meta name=\"description\" content=\"Conhe\u00e7a projetos da \u00c1rvore Cultural em execu\u00e7\u00e3o e realizados nas \u00e1reas de arte, m\u00fasica, educa\u00e7\u00e3o, arquitetura e forma\u00e7\u00e3o cultural.\" \/>\n\t<meta name=\"robots\" content=\"max-image-preview:large\" \/>\n\t<link rel=\"canonical\" href=\"https:\/\/arvorecultural.com.br\/en\/projetos-2026\/\" \/>\n\t<meta name=\"generator\" content=\"All in One SEO (AIOSEO) 5.0.0.1\" \/>\n\t\t<meta property=\"og:locale\" content=\"en_US\" \/>\n\t\t<meta property=\"og:site_name\" content=\"ArvoreCultural - Arte, cultura e estrat\u00e9gia que geram valor.\" \/>\n\t\t<meta property=\"og:type\" content=\"article\" \/>\n\t\t<meta property=\"og:title\" content=\"Projetos em execu\u00e7\u00e3o e realizados | \u00c1rvore Cultural\" \/>\n\t\t<meta property=\"og:description\" content=\"Conhe\u00e7a projetos da \u00c1rvore Cultural em execu\u00e7\u00e3o e realizados nas \u00e1reas de arte, m\u00fasica, educa\u00e7\u00e3o, arquitetura e forma\u00e7\u00e3o cultural.\" \/>\n\t\t<meta property=\"og:url\" content=\"https:\/\/arvorecultural.com.br\/en\/projetos-2026\/\" \/>\n\t\t<meta property=\"og:image\" content=\"https:\/\/arvorecultural.com.br\/wp-content\/uploads\/2026\/08\/cropped-logo-arvore-cultural-azul-verde.png\" \/>\n\t\t<meta property=\"og:image:secure_url\" content=\"https:\/\/arvorecultural.com.br\/wp-content\/uploads\/2026\/08\/cropped-logo-arvore-cultural-azul-verde.png\" \/>\n\t\t<meta property=\"og:image:width\" content=\"512\" \/>\n\t\t<meta property=\"og:image:height\" content=\"512\" \/>\n\t\t<meta property=\"article:published_time\" content=\"2026-08-20T10:35:22+00:00\" \/>\n\t\t<meta property=\"article:modified_time\" content=\"2026-08-31T20:38:31+00:00\" \/>\n\t\t<meta name=\"twitter:card\" content=\"summary_large_image\" \/>\n\t\t<meta name=\"twitter:title\" content=\"Projetos em execu\u00e7\u00e3o e realizados | \u00c1rvore Cultural\" \/>\n\t\t<meta name=\"twitter:description\" content=\"Conhe\u00e7a projetos da \u00c1rvore Cultural em execu\u00e7\u00e3o e realizados nas \u00e1reas de arte, m\u00fasica, educa\u00e7\u00e3o, arquitetura e forma\u00e7\u00e3o cultural.\" \/>\n\t\t<meta name=\"twitter:image\" content=\"https:\/\/arvorecultural.com.br\/wp-content\/uploads\/2026\/08\/cropped-logo-arvore-cultural-azul-verde.png\" \/>\n\t\t<script type=\"application\/ld+json\" class=\"aioseo-schema\">\n\t\t\t{\"@context\":\"https:\\\/\\\/schema.org\",\"@graph\":[{\"@type\":\"BreadcrumbList\",\"@id\":\"https:\\\/\\\/arvorecultural.com.br\\\/en\\\/projetos-2026\\\/#breadcrumblist\",\"itemListElement\":[{\"@type\":\"ListItem\",\"@id\":\"https:\\\/\\\/arvorecultural.com.br\\\/en#listItem\",\"position\":1,\"name\":\"Home\",\"item\":\"https:\\\/\\\/arvorecultural.com.br\\\/en\",\"nextItem\":{\"@type\":\"ListItem\",\"@id\":\"https:\\\/\\\/arvorecultural.com.br\\\/en\\\/projetos-2026\\\/#listItem\",\"name\":\"Projetos\"}},{\"@type\":\"ListItem\",\"@id\":\"https:\\\/\\\/arvorecultural.com.br\\\/en\\\/projetos-2026\\\/#listItem\",\"position\":2,\"name\":\"Projetos\",\"previousItem\":{\"@type\":\"ListItem\",\"@id\":\"https:\\\/\\\/arvorecultural.com.br\\\/en#listItem\",\"name\":\"Home\"}}]},{\"@type\":\"Organization\",\"@id\":\"https:\\\/\\\/arvorecultural.com.br\\\/en\\\/#organization\",\"name\":\"ArvoreCultural \\u00c1rvore Cultural\",\"description\":\"Arte, cultura e estrat\\u00e9gia que geram valor. Produtora e consultoria cultural especializada em cria\\u00e7\\u00e3o, coordena\\u00e7\\u00e3o, produ\\u00e7\\u00e3o e gest\\u00e3o de projetos de arte e cultura.\",\"url\":\"https:\\\/\\\/arvorecultural.com.br\\\/en\\\/\",\"telephone\":\"+5511955007575\",\"logo\":{\"@type\":\"ImageObject\",\"url\":\"https:\\\/\\\/arvorecultural.com.br\\\/wp-content\\\/uploads\\\/2026\\\/08\\\/cropped-logo-arvore-cultural-azul-verde.png\",\"@id\":\"https:\\\/\\\/arvorecultural.com.br\\\/en\\\/projetos-2026\\\/#organizationLogo\",\"width\":512,\"height\":512},\"image\":{\"@id\":\"https:\\\/\\\/arvorecultural.com.br\\\/en\\\/projetos-2026\\\/#organizationLogo\"},\"sameAs\":[\"https:\\\/\\\/www.instagram.com\\\/arvorecultural\\\/\"]},{\"@type\":\"WebPage\",\"@id\":\"https:\\\/\\\/arvorecultural.com.br\\\/en\\\/projetos-2026\\\/#webpage\",\"url\":\"https:\\\/\\\/arvorecultural.com.br\\\/en\\\/projetos-2026\\\/\",\"name\":\"Projetos em execu\\u00e7\\u00e3o e realizados | \\u00c1rvore Cultural\",\"description\":\"Conhe\\u00e7a projetos da \\u00c1rvore Cultural em execu\\u00e7\\u00e3o e realizados nas \\u00e1reas de arte, m\\u00fasica, educa\\u00e7\\u00e3o, arquitetura e forma\\u00e7\\u00e3o cultural.\",\"inLanguage\":\"en-US\",\"isPartOf\":{\"@id\":\"https:\\\/\\\/arvorecultural.com.br\\\/en\\\/#website\"},\"breadcrumb\":{\"@id\":\"https:\\\/\\\/arvorecultural.com.br\\\/en\\\/projetos-2026\\\/#breadcrumblist\"},\"datePublished\":\"2026-08-20T07:35:22-03:00\",\"dateModified\":\"2026-08-31T17:38:31-03:00\"},{\"@type\":\"WebSite\",\"@id\":\"https:\\\/\\\/arvorecultural.com.br\\\/en\\\/#website\",\"url\":\"https:\\\/\\\/arvorecultural.com.br\\\/en\\\/\",\"name\":\"ArvoreCultural\",\"description\":\"Arte, cultura e estrat\\u00e9gia que geram valor.\",\"inLanguage\":\"en-US\",\"publisher\":{\"@id\":\"https:\\\/\\\/arvorecultural.com.br\\\/en\\\/#organization\"}}]}\n\t\t<\/script>\n\t\t<!-- All in One SEO -->\n\n","aioseo_head_json":{"title":"Projetos em execu\u00e7\u00e3o e realizados | \u00c1rvore Cultural","description":"Conhe\u00e7a projetos da \u00c1rvore Cultural em execu\u00e7\u00e3o e realizados nas \u00e1reas de arte, m\u00fasica, educa\u00e7\u00e3o, arquitetura e forma\u00e7\u00e3o cultural.","canonical_url":"https:\/\/arvorecultural.com.br\/en\/projetos-2026\/","robots":"max-image-preview:large","keywords":"","webmasterTools":{"miscellaneous":""},"schema":{"@context":"https:\/\/schema.org","@graph":[{"@type":"BreadcrumbList","@id":"https:\/\/arvorecultural.com.br\/en\/projetos-2026\/#breadcrumblist","itemListElement":[{"@type":"ListItem","@id":"https:\/\/arvorecultural.com.br\/en#listItem","position":1,"name":"Home","item":"https:\/\/arvorecultural.com.br\/en","nextItem":{"@type":"ListItem","@id":"https:\/\/arvorecultural.com.br\/en\/projetos-2026\/#listItem","name":"Projetos"}},{"@type":"ListItem","@id":"https:\/\/arvorecultural.com.br\/en\/projetos-2026\/#listItem","position":2,"name":"Projetos","previousItem":{"@type":"ListItem","@id":"https:\/\/arvorecultural.com.br\/en#listItem","name":"Home"}}]},{"@type":"Organization","@id":"https:\/\/arvorecultural.com.br\/en\/#organization","name":"ArvoreCultural \u00c1rvore Cultural","description":"Arte, cultura e estrat\u00e9gia que geram valor. Produtora e consultoria cultural especializada em cria\u00e7\u00e3o, coordena\u00e7\u00e3o, produ\u00e7\u00e3o e gest\u00e3o de projetos de arte e cultura.","url":"https:\/\/arvorecultural.com.br\/en\/","telephone":"+5511955007575","logo":{"@type":"ImageObject","url":"https:\/\/arvorecultural.com.br\/wp-content\/uploads\/2026\/08\/cropped-logo-arvore-cultural-azul-verde.png","@id":"https:\/\/arvorecultural.com.br\/en\/projetos-2026\/#organizationLogo","width":512,"height":512},"image":{"@id":"https:\/\/arvorecultural.com.br\/en\/projetos-2026\/#organizationLogo"},"sameAs":["https:\/\/www.instagram.com\/arvorecultural\/"]},{"@type":"WebPage","@id":"https:\/\/arvorecultural.com.br\/en\/projetos-2026\/#webpage","url":"https:\/\/arvorecultural.com.br\/en\/projetos-2026\/","name":"Projetos em execu\u00e7\u00e3o e realizados | \u00c1rvore Cultural","description":"Conhe\u00e7a projetos da \u00c1rvore Cultural em execu\u00e7\u00e3o e realizados nas \u00e1reas de arte, m\u00fasica, educa\u00e7\u00e3o, arquitetura e forma\u00e7\u00e3o cultural.","inLanguage":"en-US","isPartOf":{"@id":"https:\/\/arvorecultural.com.br\/en\/#website"},"breadcrumb":{"@id":"https:\/\/arvorecultural.com.br\/en\/projetos-2026\/#breadcrumblist"},"datePublished":"2026-08-20T07:35:22-03:00","dateModified":"2026-08-31T17:38:31-03:00"},{"@type":"WebSite","@id":"https:\/\/arvorecultural.com.br\/en\/#website","url":"https:\/\/arvorecultural.com.br\/en\/","name":"ArvoreCultural","description":"Arte, cultura e estrat\u00e9gia que geram valor.","inLanguage":"en-US","publisher":{"@id":"https:\/\/arvorecultural.com.br\/en\/#organization"}}]},"og:locale":"en_US","og:site_name":"ArvoreCultural - Arte, cultura e estrat\u00e9gia que geram valor.","og:type":"article","og:title":"Projetos em execu\u00e7\u00e3o e realizados | \u00c1rvore Cultural","og:description":"Conhe\u00e7a projetos da \u00c1rvore Cultural em execu\u00e7\u00e3o e realizados nas \u00e1reas de arte, m\u00fasica, educa\u00e7\u00e3o, arquitetura e forma\u00e7\u00e3o cultural.","og:url":"https:\/\/arvorecultural.com.br\/en\/projetos-2026\/","og:image":"https:\/\/arvorecultural.com.br\/wp-content\/uploads\/2026\/08\/cropped-logo-arvore-cultural-azul-verde.png","og:image:secure_url":"https:\/\/arvorecultural.com.br\/wp-content\/uploads\/2026\/08\/cropped-logo-arvore-cultural-azul-verde.png","og:image:width":512,"og:image:height":512,"article:published_time":"2026-08-20T10:35:22+00:00","article:modified_time":"2026-08-31T20:38:31+00:00","twitter:card":"summary_large_image","twitter:title":"Projetos em execu\u00e7\u00e3o e realizados | \u00c1rvore Cultural","twitter:description":"Conhe\u00e7a projetos da \u00c1rvore Cultural em execu\u00e7\u00e3o e realizados nas \u00e1reas de arte, m\u00fasica, educa\u00e7\u00e3o, arquitetura e forma\u00e7\u00e3o cultural.","twitter:image":"https:\/\/arvorecultural.com.br\/wp-content\/uploads\/2026\/08\/cropped-logo-arvore-cultural-azul-verde.png"},"aioseo_meta_data":{"post_id":"2240","title":"Projetos em execu\u00e7\u00e3o e realizados | \u00c1rvore Cultural","description":"Conhe\u00e7a projetos da \u00c1rvore Cultural em execu\u00e7\u00e3o e realizados nas \u00e1reas de arte, m\u00fasica, educa\u00e7\u00e3o, arquitetura e forma\u00e7\u00e3o cultural.","keywords":null,"keyphrases":{"focus":{"keyphrase":"projetos culturais","score":0,"analysis":[]},"additional":[]},"focus_keyword":"projetos culturais","additional_keywords":null,"truseo_locale":null,"primary_term":null,"canonical_url":null,"og_title":null,"og_description":null,"og_object_type":"default","og_image_type":"default","og_image_custom_url":null,"og_image_custom_fields":null,"og_image_url":null,"og_image_width":null,"og_image_height":null,"og_video":"","og_custom_url":null,"og_article_section":null,"og_article_tags":null,"twitter_use_og":false,"twitter_card":"default","twitter_image_type":"default","twitter_image_custom_url":null,"twitter_image_custom_fields":null,"twitter_image_url":null,"twitter_title":null,"twitter_description":null,"schema_type":"default","schema_type_options":null,"schema":{"blockGraphs":[],"customGraphs":[],"default":{"data":{"Article":[],"Course":[],"Dataset":[],"FAQPage":[],"Movie":[],"Person":[],"Product":[],"ProductReview":[],"Car":[],"Recipe":[],"Service":[],"SoftwareApplication":[],"WebPage":[]},"graphName":"WebPage","isEnabled":true},"graphs":[]},"pillar_content":false,"robots_default":true,"robots_noindex":false,"robots_noarchive":false,"robots_nosnippet":false,"robots_nofollow":false,"robots_noimageindex":false,"robots_noodp":false,"robots_notranslate":false,"robots_max_snippet":"-1","robots_max_videopreview":"-1","robots_max_imagepreview":"large","priority":null,"frequency":"default","local_seo":null,"limit_modified_date":false,"ai":{"faqs":[],"keyPoints":[],"schemas":[],"titles":[],"descriptions":[],"socialPosts":{"email":{"subject":"","preview":"","content":""},"linkedin":[],"twitter":[],"facebook":[],"instagram":[]}},"breadcrumb_settings":null,"seo_analyzer_scan_date":null,"created":"2026-08-20 21:56:36","updated":"2026-08-31 20:38:47"},"aioseo_breadcrumb":"<div class=\"aioseo-breadcrumbs\"><span class=\"aioseo-breadcrumb\">\n\t\t\t<a href=\"https:\/\/arvorecultural.com.br\/en\" title=\"Home\">Home<\/a>\n\t\t<\/span><span class=\"aioseo-breadcrumb-separator\">&raquo;<\/span><span class=\"aioseo-breadcrumb\">\n\t\t\tProjetos\n\t\t<\/span><\/div>","aioseo_breadcrumb_json":[{"label":"Home","link":"https:\/\/arvorecultural.com.br\/en"},{"label":"Projetos","link":"https:\/\/arvorecultural.com.br\/en\/projetos-2026\/"}],"_links":{"self":[{"href":"https:\/\/arvorecultural.com.br\/en\/wp-json\/wp\/v2\/pages\/2240"}],"collection":[{"href":"https:\/\/arvorecultural.com.br\/en\/wp-json\/wp\/v2\/pages"}],"about":[{"href":"https:\/\/arvorecultural.com.br\/en\/wp-json\/wp\/v2\/types\/page"}],"author":[{"embeddable":true,"href":"https:\/\/arvorecultural.com.br\/en\/wp-json\/wp\/v2\/users\/5"}],"replies":[{"embeddable":true,"href":"https:\/\/arvorecultural.com.br\/en\/wp-json\/wp\/v2\/comments?post=2240"}],"version-history":[{"count":131,"href":"https:\/\/arvorecultural.com.br\/en\/wp-json\/wp\/v2\/pages\/2240\/revisions"}],"predecessor-version":[{"id":3304,"href":"https:\/\/arvorecultural.com.br\/en\/wp-json\/wp\/v2\/pages\/2240\/revisions\/3304"}],"wp:attachment":[{"href":"https:\/\/arvorecultural.com.br\/en\/wp-json\/wp\/v2\/media?parent=2240"}],"curies":[{"name":"wp","href":"https:\/\/api.w.org\/{rel}","templated":true}]}}