{"id":2339,"date":"2026-08-20T14:37:08","date_gmt":"2026-08-20T17:37:08","guid":{"rendered":"https:\/\/arvorecultural.com.br\/?page_id=2339"},"modified":"2026-09-03T10:29:30","modified_gmt":"2026-09-03T13:29:30","slug":"contato-2026","status":"publish","type":"page","link":"https:\/\/arvorecultural.com.br\/en\/contato-2026\/","title":{"rendered":"Contact"},"content":{"rendered":"<h2 class=\"wp-block-heading\">Contact <\/h2>\n\n\n\n<p><em>Let\u2019s talk about projects, partnerships and new possibilities for art and culture.<\/em><\/p>\n\n\n\n<p>\u00c1rvore Cultural develops and coordinates projects, builds partnerships and connects businesses, institutions and artists with opportunities that create cultural, social and institutional value.<\/p>\n\n\n\n<p>If you are looking to develop a project, invest in culture, structure a partnership or learn more about our work, get in touch. We would be delighted to understand your proposal and explore new possibilities together.<\/p>\n\n\n\n<h2 class=\"wp-block-heading\">Talk to \u00c1rvore Cultural <\/h2>\n\n\n\n<p>E-mail: <a href=\"mailto:contato@arvorecultural.com.br\">contato@arvorecultural.com.br<\/a><br>WhatsApp: (11) 95500-7575<br>Instagram: @arvorecultural<br>Available in S\u00e3o Paulo and Ubatuba \u2014 by appointment<\/p>\n\n\n\n<div class=\"wp-block-buttons is-layout-flex wp-block-buttons-is-layout-flex\">\n<div class=\"wp-block-button\"><a class=\"wp-block-button__link wp-element-button\" href=\"mailto:contato@arvorecultural.com.br\">Send an Email<\/a><\/div>\n\n\n\n<div class=\"wp-block-button\"><a class=\"wp-block-button__link wp-element-button\" href=\"https:\/\/wa.me\/5511955007575?text=Ol%C3%A1%21%20Hello%21%20Acessei%20o%20site%20da%20%C3%81rvore%20Cultural%20e%20gostaria%20de%20conversar%20sobre%20um%20projeto%20ou%20parceria.%20I%20visited%20the%20%C3%81rvore%20Cultural%20website%20and%20would%20like%20to%20discuss%20a%20project%20or%20partnership.\">Chat on WhatsApp<\/a><\/div>\n<\/div>\n\n\n\n<h2 class=\"wp-block-heading\">Visit AGaleria in Ubatuba<\/h2>\n\n\n\n<p>Visits to AGaleria in Ubatuba are available by appointment, allowing us to offer each visitor a personal and welcoming experience.<\/p>\n\n\n\n<p><em>The complete address will be provided after the visit is confirmed.<\/em><\/p>\n\n\n\n<div class=\"wp-block-buttons is-layout-flex wp-block-buttons-is-layout-flex\">\n<div class=\"wp-block-button\"><a class=\"wp-block-button__link wp-element-button\" href=\"https:\/\/wa.me\/5511955007575?text=Ol%C3%A1%21%20Hello%21%20Gostaria%20de%20agendar%20uma%20visita%20%C3%A0%20AGaleria%20em%20Ubatuba.%20I%20would%20like%20to%20schedule%20a%20visit%20to%20AGaleria%20in%20Ubatuba.\" target=\"_blank\" rel=\"noreferrer noopener\">Schedule a Visit<\/a><\/div>\n<\/div>","protected":false},"excerpt":{"rendered":"<p>Contato Vamos conversar sobre projetos, parcerias e novas possibilidades para a arte e a cultura? A \u00c1rvore Cultural desenvolve e coordena projetos, articula parcerias e aproxima empresas, institui\u00e7\u00f5es e artistas de oportunidades capazes de gerar valor cultural, social e institucional. Se voc\u00ea deseja realizar um projeto, investir em cultura, estruturar uma parceria ou conhecer melhor&#8230;<\/p>","protected":false},"author":5,"featured_media":0,"parent":0,"menu_order":0,"comment_status":"closed","ping_status":"closed","template":"","meta":{"_kad_post_transparent":"","_kad_post_title":"","_kad_post_layout":"","_kad_post_sidebar_id":"","_kad_post_content_style":"","_kad_post_vertical_padding":"","_kad_post_feature":"","_kad_post_feature_position":"","_kad_post_header":false,"_kad_post_footer":false,"_kad_post_classname":"","footnotes":"","_joinchat":[]},"aioseo_notices":[],"aioseo_head":"\n\t\t<!-- All in One SEO 5.0.0.1 - aioseo.com -->\n\t<meta name=\"description\" content=\"Converse com a \u00c1rvore Cultural sobre projetos, parcerias, patroc\u00ednios e solu\u00e7\u00f5es estrat\u00e9gicas para arte e cultura.\" \/>\n\t<meta name=\"robots\" content=\"max-image-preview:large\" \/>\n\t<link rel=\"canonical\" href=\"https:\/\/arvorecultural.com.br\/en\/contato-2026\/\" \/>\n\t<meta name=\"generator\" content=\"All in One SEO (AIOSEO) 5.0.0.1\" \/>\n\t\t<meta property=\"og:locale\" content=\"en_US\" \/>\n\t\t<meta property=\"og:site_name\" content=\"ArvoreCultural - Arte, cultura e estrat\u00e9gia que geram valor.\" \/>\n\t\t<meta property=\"og:type\" content=\"article\" \/>\n\t\t<meta property=\"og:title\" content=\"Contato | \u00c1rvore Cultural\" \/>\n\t\t<meta property=\"og:description\" content=\"Converse com a \u00c1rvore Cultural sobre projetos, parcerias, patroc\u00ednios e solu\u00e7\u00f5es estrat\u00e9gicas para arte e cultura.\" \/>\n\t\t<meta property=\"og:url\" content=\"https:\/\/arvorecultural.com.br\/en\/contato-2026\/\" \/>\n\t\t<meta property=\"og:image\" content=\"https:\/\/arvorecultural.com.br\/wp-content\/uploads\/2026\/08\/cropped-logo-arvore-cultural-azul-verde.png\" \/>\n\t\t<meta property=\"og:image:secure_url\" content=\"https:\/\/arvorecultural.com.br\/wp-content\/uploads\/2026\/08\/cropped-logo-arvore-cultural-azul-verde.png\" \/>\n\t\t<meta property=\"og:image:width\" content=\"512\" \/>\n\t\t<meta property=\"og:image:height\" content=\"512\" \/>\n\t\t<meta property=\"article:published_time\" content=\"2026-08-20T17:37:08+00:00\" \/>\n\t\t<meta property=\"article:modified_time\" content=\"2026-09-03T13:29:30+00:00\" \/>\n\t\t<meta name=\"twitter:card\" content=\"summary_large_image\" \/>\n\t\t<meta name=\"twitter:title\" content=\"Contato | \u00c1rvore Cultural\" \/>\n\t\t<meta name=\"twitter:description\" content=\"Converse com a \u00c1rvore Cultural sobre projetos, parcerias, patroc\u00ednios e solu\u00e7\u00f5es estrat\u00e9gicas para arte e cultura.\" \/>\n\t\t<meta name=\"twitter:image\" content=\"https:\/\/arvorecultural.com.br\/wp-content\/uploads\/2026\/08\/cropped-logo-arvore-cultural-azul-verde.png\" \/>\n\t\t<script type=\"application\/ld+json\" class=\"aioseo-schema\">\n\t\t\t{\"@context\":\"https:\\\/\\\/schema.org\",\"@graph\":[{\"@type\":\"BreadcrumbList\",\"@id\":\"https:\\\/\\\/arvorecultural.com.br\\\/en\\\/contato-2026\\\/#breadcrumblist\",\"itemListElement\":[{\"@type\":\"ListItem\",\"@id\":\"https:\\\/\\\/arvorecultural.com.br\\\/en#listItem\",\"position\":1,\"name\":\"Home\",\"item\":\"https:\\\/\\\/arvorecultural.com.br\\\/en\",\"nextItem\":{\"@type\":\"ListItem\",\"@id\":\"https:\\\/\\\/arvorecultural.com.br\\\/en\\\/contato-2026\\\/#listItem\",\"name\":\"Contato\"}},{\"@type\":\"ListItem\",\"@id\":\"https:\\\/\\\/arvorecultural.com.br\\\/en\\\/contato-2026\\\/#listItem\",\"position\":2,\"name\":\"Contato\",\"previousItem\":{\"@type\":\"ListItem\",\"@id\":\"https:\\\/\\\/arvorecultural.com.br\\\/en#listItem\",\"name\":\"Home\"}}]},{\"@type\":\"Organization\",\"@id\":\"https:\\\/\\\/arvorecultural.com.br\\\/en\\\/#organization\",\"name\":\"ArvoreCultural \\u00c1rvore Cultural\",\"description\":\"Arte, cultura e estrat\\u00e9gia que geram valor. Produtora e consultoria cultural especializada em cria\\u00e7\\u00e3o, coordena\\u00e7\\u00e3o, produ\\u00e7\\u00e3o e gest\\u00e3o de projetos de arte e cultura.\",\"url\":\"https:\\\/\\\/arvorecultural.com.br\\\/en\\\/\",\"telephone\":\"+5511955007575\",\"logo\":{\"@type\":\"ImageObject\",\"url\":\"https:\\\/\\\/arvorecultural.com.br\\\/wp-content\\\/uploads\\\/2026\\\/08\\\/cropped-logo-arvore-cultural-azul-verde.png\",\"@id\":\"https:\\\/\\\/arvorecultural.com.br\\\/en\\\/contato-2026\\\/#organizationLogo\",\"width\":512,\"height\":512},\"image\":{\"@id\":\"https:\\\/\\\/arvorecultural.com.br\\\/en\\\/contato-2026\\\/#organizationLogo\"},\"sameAs\":[\"https:\\\/\\\/www.instagram.com\\\/arvorecultural\\\/\"]},{\"@type\":\"WebPage\",\"@id\":\"https:\\\/\\\/arvorecultural.com.br\\\/en\\\/contato-2026\\\/#webpage\",\"url\":\"https:\\\/\\\/arvorecultural.com.br\\\/en\\\/contato-2026\\\/\",\"name\":\"Contato | \\u00c1rvore Cultural\",\"description\":\"Converse com a \\u00c1rvore Cultural sobre projetos, parcerias, patroc\\u00ednios e solu\\u00e7\\u00f5es estrat\\u00e9gicas para arte e cultura.\",\"inLanguage\":\"en-US\",\"isPartOf\":{\"@id\":\"https:\\\/\\\/arvorecultural.com.br\\\/en\\\/#website\"},\"breadcrumb\":{\"@id\":\"https:\\\/\\\/arvorecultural.com.br\\\/en\\\/contato-2026\\\/#breadcrumblist\"},\"datePublished\":\"2026-08-20T14:37:08-03:00\",\"dateModified\":\"2026-09-03T10:29:30-03:00\"},{\"@type\":\"WebSite\",\"@id\":\"https:\\\/\\\/arvorecultural.com.br\\\/en\\\/#website\",\"url\":\"https:\\\/\\\/arvorecultural.com.br\\\/en\\\/\",\"name\":\"ArvoreCultural\",\"description\":\"Arte, cultura e estrat\\u00e9gia que geram valor.\",\"inLanguage\":\"en-US\",\"publisher\":{\"@id\":\"https:\\\/\\\/arvorecultural.com.br\\\/en\\\/#organization\"}}]}\n\t\t<\/script>\n\t\t<!-- All in One SEO -->\n\n","aioseo_head_json":{"title":"Contato | \u00c1rvore Cultural","description":"Converse com a \u00c1rvore Cultural sobre projetos, parcerias, patroc\u00ednios e solu\u00e7\u00f5es estrat\u00e9gicas para arte e cultura.","canonical_url":"https:\/\/arvorecultural.com.br\/en\/contato-2026\/","robots":"max-image-preview:large","keywords":"","webmasterTools":{"miscellaneous":""},"schema":{"@context":"https:\/\/schema.org","@graph":[{"@type":"BreadcrumbList","@id":"https:\/\/arvorecultural.com.br\/en\/contato-2026\/#breadcrumblist","itemListElement":[{"@type":"ListItem","@id":"https:\/\/arvorecultural.com.br\/en#listItem","position":1,"name":"Home","item":"https:\/\/arvorecultural.com.br\/en","nextItem":{"@type":"ListItem","@id":"https:\/\/arvorecultural.com.br\/en\/contato-2026\/#listItem","name":"Contato"}},{"@type":"ListItem","@id":"https:\/\/arvorecultural.com.br\/en\/contato-2026\/#listItem","position":2,"name":"Contato","previousItem":{"@type":"ListItem","@id":"https:\/\/arvorecultural.com.br\/en#listItem","name":"Home"}}]},{"@type":"Organization","@id":"https:\/\/arvorecultural.com.br\/en\/#organization","name":"ArvoreCultural \u00c1rvore Cultural","description":"Arte, cultura e estrat\u00e9gia que geram valor. Produtora e consultoria cultural especializada em cria\u00e7\u00e3o, coordena\u00e7\u00e3o, produ\u00e7\u00e3o e gest\u00e3o de projetos de arte e cultura.","url":"https:\/\/arvorecultural.com.br\/en\/","telephone":"+5511955007575","logo":{"@type":"ImageObject","url":"https:\/\/arvorecultural.com.br\/wp-content\/uploads\/2026\/08\/cropped-logo-arvore-cultural-azul-verde.png","@id":"https:\/\/arvorecultural.com.br\/en\/contato-2026\/#organizationLogo","width":512,"height":512},"image":{"@id":"https:\/\/arvorecultural.com.br\/en\/contato-2026\/#organizationLogo"},"sameAs":["https:\/\/www.instagram.com\/arvorecultural\/"]},{"@type":"WebPage","@id":"https:\/\/arvorecultural.com.br\/en\/contato-2026\/#webpage","url":"https:\/\/arvorecultural.com.br\/en\/contato-2026\/","name":"Contato | \u00c1rvore Cultural","description":"Converse com a \u00c1rvore Cultural sobre projetos, parcerias, patroc\u00ednios e solu\u00e7\u00f5es estrat\u00e9gicas para arte e cultura.","inLanguage":"en-US","isPartOf":{"@id":"https:\/\/arvorecultural.com.br\/en\/#website"},"breadcrumb":{"@id":"https:\/\/arvorecultural.com.br\/en\/contato-2026\/#breadcrumblist"},"datePublished":"2026-08-20T14:37:08-03:00","dateModified":"2026-09-03T10:29:30-03:00"},{"@type":"WebSite","@id":"https:\/\/arvorecultural.com.br\/en\/#website","url":"https:\/\/arvorecultural.com.br\/en\/","name":"ArvoreCultural","description":"Arte, cultura e estrat\u00e9gia que geram valor.","inLanguage":"en-US","publisher":{"@id":"https:\/\/arvorecultural.com.br\/en\/#organization"}}]},"og:locale":"en_US","og:site_name":"ArvoreCultural - Arte, cultura e estrat\u00e9gia que geram valor.","og:type":"article","og:title":"Contato | \u00c1rvore Cultural","og:description":"Converse com a \u00c1rvore Cultural sobre projetos, parcerias, patroc\u00ednios e solu\u00e7\u00f5es estrat\u00e9gicas para arte e cultura.","og:url":"https:\/\/arvorecultural.com.br\/en\/contato-2026\/","og:image":"https:\/\/arvorecultural.com.br\/wp-content\/uploads\/2026\/08\/cropped-logo-arvore-cultural-azul-verde.png","og:image:secure_url":"https:\/\/arvorecultural.com.br\/wp-content\/uploads\/2026\/08\/cropped-logo-arvore-cultural-azul-verde.png","og:image:width":512,"og:image:height":512,"article:published_time":"2026-08-20T17:37:08+00:00","article:modified_time":"2026-09-03T13:29:30+00:00","twitter:card":"summary_large_image","twitter:title":"Contato | \u00c1rvore Cultural","twitter:description":"Converse com a \u00c1rvore Cultural sobre projetos, parcerias, patroc\u00ednios e solu\u00e7\u00f5es estrat\u00e9gicas para arte e cultura.","twitter:image":"https:\/\/arvorecultural.com.br\/wp-content\/uploads\/2026\/08\/cropped-logo-arvore-cultural-azul-verde.png"},"aioseo_meta_data":{"post_id":"2339","title":"Contato | \u00c1rvore Cultural","description":"Converse com a \u00c1rvore Cultural sobre projetos, parcerias, patroc\u00ednios e solu\u00e7\u00f5es estrat\u00e9gicas para arte e cultura.","keywords":null,"keyphrases":{"focus":{"keyphrase":"","score":0,"analysis":{"keyphraseInTitle":{"score":0,"maxScore":9,"error":1}}},"additional":[]},"focus_keyword":null,"additional_keywords":null,"truseo_locale":null,"primary_term":null,"canonical_url":null,"og_title":null,"og_description":null,"og_object_type":"default","og_image_type":"default","og_image_custom_url":null,"og_image_custom_fields":null,"og_image_url":null,"og_image_width":null,"og_image_height":null,"og_video":"","og_custom_url":null,"og_article_section":null,"og_article_tags":null,"twitter_use_og":false,"twitter_card":"default","twitter_image_type":"default","twitter_image_custom_url":null,"twitter_image_custom_fields":null,"twitter_image_url":null,"twitter_title":null,"twitter_description":null,"schema_type":"default","schema_type_options":null,"schema":{"blockGraphs":[],"customGraphs":[],"default":{"data":{"Article":[],"Course":[],"Dataset":[],"FAQPage":[],"Movie":[],"Person":[],"Product":[],"ProductReview":[],"Car":[],"Recipe":[],"Service":[],"SoftwareApplication":[],"WebPage":[]},"graphName":"WebPage","isEnabled":true},"graphs":[]},"pillar_content":false,"robots_default":true,"robots_noindex":false,"robots_noarchive":false,"robots_nosnippet":false,"robots_nofollow":false,"robots_noimageindex":false,"robots_noodp":false,"robots_notranslate":false,"robots_max_snippet":"-1","robots_max_videopreview":"-1","robots_max_imagepreview":"large","priority":null,"frequency":"default","local_seo":null,"limit_modified_date":false,"ai":{"faqs":[],"keyPoints":[],"schemas":[],"titles":[],"descriptions":[],"socialPosts":{"email":{"subject":"","preview":"","content":""},"linkedin":[],"twitter":[],"facebook":[],"instagram":[]}},"breadcrumb_settings":null,"seo_analyzer_scan_date":null,"created":"2026-08-20 21:56:34","updated":"2026-09-03 14:28:18"},"aioseo_breadcrumb":"<div class=\"aioseo-breadcrumbs\"><span class=\"aioseo-breadcrumb\">\n\t\t\t<a href=\"https:\/\/arvorecultural.com.br\/en\" title=\"Home\">Home<\/a>\n\t\t<\/span><span class=\"aioseo-breadcrumb-separator\">&raquo;<\/span><span class=\"aioseo-breadcrumb\">\n\t\t\tContato\n\t\t<\/span><\/div>","aioseo_breadcrumb_json":[{"label":"Home","link":"https:\/\/arvorecultural.com.br\/en"},{"label":"Contato","link":"https:\/\/arvorecultural.com.br\/en\/contato-2026\/"}],"_links":{"self":[{"href":"https:\/\/arvorecultural.com.br\/en\/wp-json\/wp\/v2\/pages\/2339"}],"collection":[{"href":"https:\/\/arvorecultural.com.br\/en\/wp-json\/wp\/v2\/pages"}],"about":[{"href":"https:\/\/arvorecultural.com.br\/en\/wp-json\/wp\/v2\/types\/page"}],"author":[{"embeddable":true,"href":"https:\/\/arvorecultural.com.br\/en\/wp-json\/wp\/v2\/users\/5"}],"replies":[{"embeddable":true,"href":"https:\/\/arvorecultural.com.br\/en\/wp-json\/wp\/v2\/comments?post=2339"}],"version-history":[{"count":17,"href":"https:\/\/arvorecultural.com.br\/en\/wp-json\/wp\/v2\/pages\/2339\/revisions"}],"predecessor-version":[{"id":3458,"href":"https:\/\/arvorecultural.com.br\/en\/wp-json\/wp\/v2\/pages\/2339\/revisions\/3458"}],"wp:attachment":[{"href":"https:\/\/arvorecultural.com.br\/en\/wp-json\/wp\/v2\/media?parent=2339"}],"curies":[{"name":"wp","href":"https:\/\/api.w.org\/{rel}","templated":true}]}}