{"id":2419,"date":"2026-08-25T08:47:55","date_gmt":"2026-08-25T11:47:55","guid":{"rendered":"https:\/\/arvorecultural.com.br\/?page_id=2419"},"modified":"2026-08-31T23:14:27","modified_gmt":"2026-09-01T02:14:27","slug":"obras-disponiveis","status":"publish","type":"page","link":"https:\/\/arvorecultural.com.br\/en\/obras-disponiveis\/","title":{"rendered":"Available Artworks"},"content":{"rendered":"<h2 class=\"wp-block-heading\">Available Artworks<\/h2>\n\n\n\n<p>A curated selection of artworks by different artists, featuring a variety of techniques and forms of expression. Each artwork can become part of a home, business, architectural project or personalized art experience.<\/p>\n\n\n\n<p><em>Contact us for availability, prices, shipping and installation options.<\/em><\/p>\n\n\n\n<h2 class=\"wp-block-heading\">Featured Selection<\/h2>\n\n\n\n<div class=\"wp-block-columns is-layout-flex wp-container-core-columns-layout-1 wp-block-columns-is-layout-flex\">\n<div class=\"wp-block-column is-layout-flow wp-block-column-is-layout-flow\">\n<figure class=\"wp-block-image size-large is-resized\"><img loading=\"lazy\" decoding=\"async\" width=\"1024\" height=\"1024\" src=\"https:\/\/arvorecultural.com.br\/wp-content\/uploads\/2026\/08\/sergio-castro-rede-entre-os-barcos-1080-1024x1024.jpg\" alt=\"Rede entre barcosFotografia43 \u00d7 32 cm2017\" class=\"wp-image-2447\" style=\"width:358px;height:auto\" srcset=\"https:\/\/arvorecultural.com.br\/wp-content\/uploads\/2026\/08\/sergio-castro-rede-entre-os-barcos-1080-1024x1024.jpg 1024w, https:\/\/arvorecultural.com.br\/wp-content\/uploads\/2026\/08\/sergio-castro-rede-entre-os-barcos-1080-300x300.jpg 300w, https:\/\/arvorecultural.com.br\/wp-content\/uploads\/2026\/08\/sergio-castro-rede-entre-os-barcos-1080-150x150.jpg 150w, https:\/\/arvorecultural.com.br\/wp-content\/uploads\/2026\/08\/sergio-castro-rede-entre-os-barcos-1080-768x768.jpg 768w, https:\/\/arvorecultural.com.br\/wp-content\/uploads\/2026\/08\/sergio-castro-rede-entre-os-barcos-1080.jpg 1080w\" sizes=\"(max-width: 1024px) 100vw, 1024px\" \/><\/figure>\n\n\n\n<h3 class=\"wp-block-heading\">S\u00e9rgio Castro<\/h3>\n\n\n\n<p><em>Hammock Between Boats\nPhotography\n43 \u00d7 32 cm\n2017<\/em><br>Fotografia<br>43 \u00d7 32 cm<br>2017<\/p>\n\n\n\n<div class=\"wp-block-buttons is-layout-flex wp-block-buttons-is-layout-flex\">\n<div class=\"wp-block-button\"><a class=\"wp-block-button__link has-theme-palette-3-background-color has-background wp-element-button\" href=\"https:\/\/wa.me\/5511955007575?text=Ol%C3%A1%21%20Gostaria%20de%20receber%20mais%20informa%C3%A7%C3%B5es%20sobre%20a%20obra%20Rede%20entre%20barcos%2C%20de%20S%C3%A9rgio%20Castro.\" target=\"_blank\" rel=\"noreferrer noopener\">Inquire About This Artwork<\/a><\/div>\n<\/div>\n<\/div>\n\n\n\n<div class=\"wp-block-column is-layout-flow wp-block-column-is-layout-flow\">\n<figure class=\"wp-block-image size-full\"><img loading=\"lazy\" decoding=\"async\" width=\"1080\" height=\"1080\" src=\"https:\/\/arvorecultural.com.br\/wp-content\/uploads\/2026\/08\/valmir-terentin-amou-daquela-vez-1080.jpg\" alt=\"tela de Valmir TerentinAmou daquela vez como se fosse a \u00faltima\u00d3leo sobre tela e esp\u00e1tula40 \u00d7 30 cm2023\" class=\"wp-image-2448\" srcset=\"https:\/\/arvorecultural.com.br\/wp-content\/uploads\/2026\/08\/valmir-terentin-amou-daquela-vez-1080.jpg 1080w, https:\/\/arvorecultural.com.br\/wp-content\/uploads\/2026\/08\/valmir-terentin-amou-daquela-vez-1080-300x300.jpg 300w, https:\/\/arvorecultural.com.br\/wp-content\/uploads\/2026\/08\/valmir-terentin-amou-daquela-vez-1080-1024x1024.jpg 1024w, https:\/\/arvorecultural.com.br\/wp-content\/uploads\/2026\/08\/valmir-terentin-amou-daquela-vez-1080-150x150.jpg 150w, https:\/\/arvorecultural.com.br\/wp-content\/uploads\/2026\/08\/valmir-terentin-amou-daquela-vez-1080-768x768.jpg 768w\" sizes=\"(max-width: 1080px) 100vw, 1080px\" \/><\/figure>\n\n\n\n<h3 class=\"wp-block-heading\">Valmir Terentin<\/h3>\n\n\n\n<p><em>Loved That Time as If It Were the Last<\/em><br>Oil and palette knife on canvas<br>40 \u00d7 30 cm<br>2023<\/p>\n\n\n\n<div class=\"wp-block-buttons is-layout-flex wp-block-buttons-is-layout-flex\">\n<div class=\"wp-block-button\"><a class=\"wp-block-button__link has-theme-palette-3-background-color has-background wp-element-button\" href=\"https:\/\/wa.me\/5511955007575?text=Ol%C3%A1%21%20Gostaria%20de%20receber%20mais%20informa%C3%A7%C3%B5es%20sobre%20a%20obra%20Amou%20daquela%20vez%20como%20se%20fosse%20a%20%C3%BAltima%2C%20de%20Valmir%20Terentin.\" target=\"_blank\" rel=\"noreferrer noopener\">Inquire About This Artwork<\/a><\/div>\n<\/div>\n\n\n\n<div style=\"height:1px\" aria-hidden=\"true\" class=\"wp-block-spacer\"><\/div>\n<\/div>\n\n\n\n<div class=\"wp-block-column is-layout-flow wp-block-column-is-layout-flow\">\n<figure class=\"wp-block-image size-large\"><img loading=\"lazy\" decoding=\"async\" width=\"1024\" height=\"1024\" src=\"https:\/\/arvorecultural.com.br\/wp-content\/uploads\/2026\/08\/grace-kawall-meninas-1080-1024x1024.jpg\" alt=\"tela de Grace Kawall em algod\u00e3o cru -MeninasPintura sobre algod\u00e3o cru1,30 \u00d7 2,01 m2023\" class=\"wp-image-2450\" srcset=\"https:\/\/arvorecultural.com.br\/wp-content\/uploads\/2026\/08\/grace-kawall-meninas-1080-1024x1024.jpg 1024w, https:\/\/arvorecultural.com.br\/wp-content\/uploads\/2026\/08\/grace-kawall-meninas-1080-300x300.jpg 300w, https:\/\/arvorecultural.com.br\/wp-content\/uploads\/2026\/08\/grace-kawall-meninas-1080-150x150.jpg 150w, https:\/\/arvorecultural.com.br\/wp-content\/uploads\/2026\/08\/grace-kawall-meninas-1080-768x768.jpg 768w, https:\/\/arvorecultural.com.br\/wp-content\/uploads\/2026\/08\/grace-kawall-meninas-1080.jpg 1080w\" sizes=\"(max-width: 1024px) 100vw, 1024px\" \/><\/figure>\n\n\n\n<h3 class=\"wp-block-heading\">Grace Kawall<\/h3>\n\n\n\n<p><em>Girls<\/em><br>Painting on raw cotton<br>1.30 \u00d7 2.01 m<br>2023<\/p>\n\n\n\n<div class=\"wp-block-buttons is-layout-flex wp-block-buttons-is-layout-flex\">\n<div class=\"wp-block-button\"><a class=\"wp-block-button__link has-theme-palette-3-background-color has-background wp-element-button\" href=\"https:\/\/wa.me\/5511955007575?text=Ol%C3%A1%21%20Gostaria%20de%20receber%20mais%20informa%C3%A7%C3%B5es%20sobre%20a%20obra%20Meninas%2C%20de%20Grace%20Kawall.\" target=\"_blank\" rel=\"noreferrer noopener\">Inquire About This Artwork<\/a><\/div>\n<\/div>\n\n\n\n<div style=\"height:0px\" aria-hidden=\"true\" class=\"wp-block-spacer\"><\/div>\n<\/div>\n<\/div>\n\n\n\n<div class=\"wp-block-columns is-layout-flex wp-container-core-columns-layout-2 wp-block-columns-is-layout-flex\">\n<div class=\"wp-block-column is-layout-flow wp-block-column-is-layout-flow\">\n<figure class=\"wp-block-image size-large\"><img loading=\"lazy\" decoding=\"async\" width=\"1024\" height=\"1024\" src=\"https:\/\/arvorecultural.com.br\/wp-content\/uploads\/2026\/08\/beth-leme-entardecer-em-picinguaba-1080-1-1024x1024.jpg\" alt=\"Fotografia de Beth Leme com impressao em Fine Art sobre Canvas 90 x 66 cm\" class=\"wp-image-2490\" srcset=\"https:\/\/arvorecultural.com.br\/wp-content\/uploads\/2026\/08\/beth-leme-entardecer-em-picinguaba-1080-1-1024x1024.jpg 1024w, https:\/\/arvorecultural.com.br\/wp-content\/uploads\/2026\/08\/beth-leme-entardecer-em-picinguaba-1080-1-300x300.jpg 300w, https:\/\/arvorecultural.com.br\/wp-content\/uploads\/2026\/08\/beth-leme-entardecer-em-picinguaba-1080-1-150x150.jpg 150w, https:\/\/arvorecultural.com.br\/wp-content\/uploads\/2026\/08\/beth-leme-entardecer-em-picinguaba-1080-1-768x768.jpg 768w, https:\/\/arvorecultural.com.br\/wp-content\/uploads\/2026\/08\/beth-leme-entardecer-em-picinguaba-1080-1.jpg 1080w\" sizes=\"(max-width: 1024px) 100vw, 1024px\" \/><\/figure>\n\n\n\n<h2 class=\"wp-block-heading\">Beth Leme<\/h2>\n\n\n\n<p><em>Sunset in Picinguaba<\/em><br>Photography \u2014 Fine Art print on canvas<br>90 \u00d7 66 cm<\/p>\n\n\n\n<div style=\"height:0px\" aria-hidden=\"true\" class=\"wp-block-spacer\"><\/div>\n\n\n\n<div class=\"wp-block-buttons is-layout-flex wp-block-buttons-is-layout-flex\">\n<div class=\"wp-block-button\"><a class=\"wp-block-button__link has-theme-palette-3-background-color has-background wp-element-button\" href=\"https:\/\/wa.me\/5511955007575?text=Ol%C3%A1%21%20Gostaria%20de%20receber%20mais%20informa%C3%A7%C3%B5es%20sobre%20a%20obra%20Entardecer%20em%20Picinguaba%2C%20de%20Beth%20Leme.\" target=\"_blank\" rel=\"noreferrer noopener\">Inquire About This Artwork<\/a><\/div>\n<\/div>\n<\/div>\n\n\n\n<div class=\"wp-block-column is-layout-flow wp-block-column-is-layout-flow\">\n<figure class=\"wp-block-image size-large\"><img loading=\"lazy\" decoding=\"async\" width=\"1024\" height=\"1024\" src=\"https:\/\/arvorecultural.com.br\/wp-content\/uploads\/2026\/08\/vladimir-paun-vrapciu-1080-1024x1024.jpg\" alt=\"Obra de Vladimir Paun-Vrapciu de nome PauloS\u00e9rie 12\u201316 Ap\u00f3stolos40 \u00d7 40 cm\" class=\"wp-image-2493\" srcset=\"https:\/\/arvorecultural.com.br\/wp-content\/uploads\/2026\/08\/vladimir-paun-vrapciu-1080-1024x1024.jpg 1024w, https:\/\/arvorecultural.com.br\/wp-content\/uploads\/2026\/08\/vladimir-paun-vrapciu-1080-300x300.jpg 300w, https:\/\/arvorecultural.com.br\/wp-content\/uploads\/2026\/08\/vladimir-paun-vrapciu-1080-150x150.jpg 150w, https:\/\/arvorecultural.com.br\/wp-content\/uploads\/2026\/08\/vladimir-paun-vrapciu-1080-768x768.jpg 768w, https:\/\/arvorecultural.com.br\/wp-content\/uploads\/2026\/08\/vladimir-paun-vrapciu-1080.jpg 1080w\" sizes=\"(max-width: 1024px) 100vw, 1024px\" \/><\/figure>\n\n\n\n<h2 class=\"wp-block-heading\">Vladimir P\u0103un\u2011Vrapciu<\/h2>\n\n\n\n<p><em>Paul<\/em><br>12\u201316 Apostles Series<br>40 \u00d7 40 cm<\/p>\n\n\n\n<div class=\"wp-block-buttons is-layout-flex wp-block-buttons-is-layout-flex\">\n<div class=\"wp-block-button\"><a class=\"wp-block-button__link has-theme-palette-3-background-color has-background wp-element-button\" href=\"https:\/\/wa.me\/5511955007575?text=Ol%C3%A1%21%20Conheci%20o%20trabalho%20de%20Vladimir%20P%C4%83un-Vrapciu%20pela%20obra%20Paulo%20e%20gostaria%20de%20saber%20quais%20obras%20do%20artista%20est%C3%A3o%20dispon%C3%ADveis.\" target=\"_blank\" rel=\"noreferrer noopener\">Inquire About This Artwork <\/a><\/div>\n<\/div>\n<\/div>\n\n\n\n<div class=\"wp-block-column is-layout-flow wp-block-column-is-layout-flow\">\n<figure class=\"wp-block-image size-large\"><img loading=\"lazy\" decoding=\"async\" width=\"1024\" height=\"1024\" src=\"https:\/\/arvorecultural.com.br\/wp-content\/uploads\/2026\/08\/bia-campacci-the-ocean-1080-1024x1024.jpg\" alt=\"Obra de Bia Campacci the ocean em acrilico neon 50 x 80 cm\" class=\"wp-image-2495\" srcset=\"https:\/\/arvorecultural.com.br\/wp-content\/uploads\/2026\/08\/bia-campacci-the-ocean-1080-1024x1024.jpg 1024w, https:\/\/arvorecultural.com.br\/wp-content\/uploads\/2026\/08\/bia-campacci-the-ocean-1080-300x300.jpg 300w, https:\/\/arvorecultural.com.br\/wp-content\/uploads\/2026\/08\/bia-campacci-the-ocean-1080-150x150.jpg 150w, https:\/\/arvorecultural.com.br\/wp-content\/uploads\/2026\/08\/bia-campacci-the-ocean-1080-768x768.jpg 768w, https:\/\/arvorecultural.com.br\/wp-content\/uploads\/2026\/08\/bia-campacci-the-ocean-1080.jpg 1080w\" sizes=\"(max-width: 1024px) 100vw, 1024px\" \/><\/figure>\n\n\n\n<h2 class=\"wp-block-heading\">Bia Campacci<\/h2>\n\n\n\n<p><em>The Ocean<\/em><br>Neon acrylic paint<br>50 \u00d7 80 cm<\/p>\n\n\n\n<div class=\"wp-block-buttons is-layout-flex wp-block-buttons-is-layout-flex\">\n<div class=\"wp-block-button\"><a class=\"wp-block-button__link has-theme-palette-3-background-color has-background wp-element-button\" href=\"https:\/\/wa.me\/5511955007575?text=Ol%C3%A1%21%20Conheci%20o%20trabalho%20de%20Bia%20Campacci%20pela%20obra%20The%20Ocean%20e%20gostaria%20de%20saber%20quais%20obras%20da%20artista%20est%C3%A3o%20dispon%C3%ADveis.\" target=\"_blank\" rel=\"noreferrer noopener\">Inquire About This Artwork <\/a><\/div>\n<\/div>\n<\/div>\n<\/div>\n\n\n\n<div style=\"height:8px\" aria-hidden=\"true\" class=\"wp-block-spacer\"><\/div>\n\n\n\n<div class=\"wp-block-columns is-layout-flex wp-container-core-columns-layout-3 wp-block-columns-is-layout-flex\">\n<div class=\"wp-block-column is-layout-flow wp-block-column-is-layout-flow\">\n<figure class=\"wp-block-image size-large\"><img loading=\"lazy\" decoding=\"async\" width=\"1024\" height=\"1018\" src=\"https:\/\/arvorecultural.com.br\/wp-content\/uploads\/2026\/08\/Eliane-Mourao-Mar-de-Sonhos-1024x1018.webp\" alt=\"Obra Mar de Sonhos, de Eliane Mour\u00e3o, com barco amarelo, aves e formas geom\u00e9tricas sobre paisagem mar\u00edtima em tons de azul.\" class=\"wp-image-3356\" srcset=\"https:\/\/arvorecultural.com.br\/wp-content\/uploads\/2026\/08\/Eliane-Mourao-Mar-de-Sonhos-1024x1018.webp 1024w, https:\/\/arvorecultural.com.br\/wp-content\/uploads\/2026\/08\/Eliane-Mourao-Mar-de-Sonhos-300x298.webp 300w, https:\/\/arvorecultural.com.br\/wp-content\/uploads\/2026\/08\/Eliane-Mourao-Mar-de-Sonhos-150x150.webp 150w, https:\/\/arvorecultural.com.br\/wp-content\/uploads\/2026\/08\/Eliane-Mourao-Mar-de-Sonhos-768x763.webp 768w, https:\/\/arvorecultural.com.br\/wp-content\/uploads\/2026\/08\/Eliane-Mourao-Mar-de-Sonhos-1536x1526.webp 1536w, https:\/\/arvorecultural.com.br\/wp-content\/uploads\/2026\/08\/Eliane-Mourao-Mar-de-Sonhos.webp 1600w\" sizes=\"(max-width: 1024px) 100vw, 1024px\" \/><\/figure>\n\n\n\n<h2 class=\"wp-block-heading\">Eliane Mour\u00e3o<\/h2>\n\n\n\n<p><strong>Sea of Dreams<\/strong><br>Dimensions: 74 \u00d7 74 \u00d7 4 cm<\/p>\n\n\n\n<div class=\"wp-block-buttons is-layout-flex wp-block-buttons-is-layout-flex\">\n<div class=\"wp-block-button\"><a class=\"wp-block-button__link has-theme-palette-3-background-color has-background wp-element-button\" href=\"https:\/\/wa.me\/5511955007575?text=Ol%C3%A1%21%20Gostaria%20de%20receber%20mais%20informa%C3%A7%C3%B5es%20sobre%20a%20obra%20Mar%20de%20Sonhos%2C%20de%20Eliane%20Mour%C3%A3o.\" target=\"_blank\" rel=\"noreferrer noopener\">Inquire About This Artwork<\/a><\/div>\n<\/div>\n<\/div>\n\n\n\n<div class=\"wp-block-column is-layout-flow wp-block-column-is-layout-flow\">\n<figure class=\"wp-block-image size-large\"><img loading=\"lazy\" decoding=\"async\" width=\"1005\" height=\"1024\" src=\"https:\/\/arvorecultural.com.br\/wp-content\/uploads\/2026\/08\/Eliane-Mourao-Conveniencia-Ast-1005x1024.webp\" alt=\"Obra Conveni\u00eancia AST, de Eliane Mour\u00e3o, com composi\u00e7\u00e3o geom\u00e9trica inspirada na arquitetura, no mar e nas paisagens de Ubatuba.\" class=\"wp-image-3359\" srcset=\"https:\/\/arvorecultural.com.br\/wp-content\/uploads\/2026\/08\/Eliane-Mourao-Conveniencia-Ast-1005x1024.webp 1005w, https:\/\/arvorecultural.com.br\/wp-content\/uploads\/2026\/08\/Eliane-Mourao-Conveniencia-Ast-294x300.webp 294w, https:\/\/arvorecultural.com.br\/wp-content\/uploads\/2026\/08\/Eliane-Mourao-Conveniencia-Ast-768x783.webp 768w, https:\/\/arvorecultural.com.br\/wp-content\/uploads\/2026\/08\/Eliane-Mourao-Conveniencia-Ast-1507x1536.webp 1507w, https:\/\/arvorecultural.com.br\/wp-content\/uploads\/2026\/08\/Eliane-Mourao-Conveniencia-Ast.webp 1570w\" sizes=\"(max-width: 1005px) 100vw, 1005px\" \/><\/figure>\n\n\n\n<h2 class=\"wp-block-heading\">Eliane Mour\u00e3o<\/h2>\n\n\n\n<p><strong>Conveni\u00eancia AST<\/strong><br>Dimensions: 74 \u00d7 74 \u00d7 4 cm<\/p>\n\n\n\n<div class=\"wp-block-buttons is-layout-flex wp-block-buttons-is-layout-flex\">\n<div class=\"wp-block-button\"><a class=\"wp-block-button__link has-theme-palette-3-background-color has-background wp-element-button\" href=\"https:\/\/wa.me\/5511955007575?text=Ol%C3%A1%21%20Gostaria%20de%20receber%20mais%20informa%C3%A7%C3%B5es%20sobre%20a%20obra%20Conveni%C3%AAncia%20AST%2C%20de%20Eliane%20Mour%C3%A3o.\" target=\"_blank\" rel=\"noreferrer noopener\">Inquire About This Artwork<\/a><\/div>\n<\/div>\n<\/div>\n\n\n\n<div class=\"wp-block-column is-layout-flow wp-block-column-is-layout-flow\">\n<figure class=\"wp-block-image size-large is-resized\"><img loading=\"lazy\" decoding=\"async\" width=\"714\" height=\"1024\" src=\"https:\/\/arvorecultural.com.br\/wp-content\/uploads\/2026\/08\/Regina-Helene-Raizes-714x1024.webp\" alt=\"Obra t\u00eaxtil Ra\u00edzes, de Regina Helene, criada com l\u00e3 merino e tecido \u00e9tnico equatoriano em tons de azul, verde e terracota.\" class=\"wp-image-3361\" style=\"width:260px\" srcset=\"https:\/\/arvorecultural.com.br\/wp-content\/uploads\/2026\/08\/Regina-Helene-Raizes-714x1024.webp 714w, https:\/\/arvorecultural.com.br\/wp-content\/uploads\/2026\/08\/Regina-Helene-Raizes-209x300.webp 209w, https:\/\/arvorecultural.com.br\/wp-content\/uploads\/2026\/08\/Regina-Helene-Raizes-768x1101.webp 768w, https:\/\/arvorecultural.com.br\/wp-content\/uploads\/2026\/08\/Regina-Helene-Raizes-1071x1536.webp 1071w, https:\/\/arvorecultural.com.br\/wp-content\/uploads\/2026\/08\/Regina-Helene-Raizes.webp 1116w\" sizes=\"(max-width: 714px) 100vw, 714px\" \/><\/figure>\n\n\n\n<h2 class=\"wp-block-heading\">Regina Helene<\/h2>\n\n\n\n<p><strong>Roots<\/strong><br>Merino wool and Ecuadorian ethnic fabric on synthetic leather<br>112 \u00d7 62 cm<\/p>\n\n\n\n<div class=\"wp-block-buttons is-layout-flex wp-block-buttons-is-layout-flex\">\n<div class=\"wp-block-button\"><a class=\"wp-block-button__link has-theme-palette-3-background-color has-background wp-element-button\" href=\"https:\/\/wa.me\/5511955007575?text=Ol%C3%A1%21%20Gostaria%20de%20receber%20mais%20informa%C3%A7%C3%B5es%20sobre%20a%20obra%20Ra%C3%ADzes%2C%20de%20Regina%20Helene.\" target=\"_blank\" rel=\"noreferrer noopener\">Inquire About This Artwork<\/a><\/div>\n<\/div>\n<\/div>\n<\/div>\n\n\n\n<div class=\"wp-block-buttons is-content-justification-center is-layout-flex wp-container-core-buttons-layout-10 wp-block-buttons-is-layout-flex\">\n<div class=\"wp-block-button\"><a class=\"wp-block-button__link has-theme-palette-3-background-color has-background wp-element-button\" href=\"https:\/\/arvorecultural.com.br\/en\/agaleria\/\">Back to AGaleria<\/a><\/div>\n<\/div>","protected":false},"excerpt":{"rendered":"<p>Obras dispon\u00edveis Uma sele\u00e7\u00e3o de obras escolhidas pela curadoria da AGaleria, reunindo diferentes artistas, t\u00e9cnicas e formas de express\u00e3o. Cada obra pode integrar resid\u00eancias, empresas, projetos de arquitetura e experi\u00eancias personalizadas. Consulte disponibilidade, valores e possibilidades de envio ou instala\u00e7\u00e3o. Sele\u00e7\u00e3o em destaque S\u00e9rgio Castro Rede entre barcosFotografia43 \u00d7 32 cm2017 Valmir Terentin Amou daquela&#8230;<\/p>","protected":false},"author":5,"featured_media":0,"parent":0,"menu_order":0,"comment_status":"closed","ping_status":"closed","template":"","meta":{"_kad_post_transparent":"","_kad_post_title":"","_kad_post_layout":"","_kad_post_sidebar_id":"","_kad_post_content_style":"","_kad_post_vertical_padding":"","_kad_post_feature":"","_kad_post_feature_position":"","_kad_post_header":false,"_kad_post_footer":false,"_kad_post_classname":"","footnotes":"","_joinchat":[]},"aioseo_notices":[],"aioseo_head":"\n\t\t<!-- All in One SEO 5.0.0.1 - aioseo.com -->\n\t<meta name=\"description\" content=\"Obras dispon\u00edveis Uma sele\u00e7\u00e3o de obras escolhidas pela curadoria da AGaleria, reunindo diferentes artistas, t\u00e9cnicas e formas de express\u00e3o. Cada obra pode integrar resid\u00eancias, empresas, projetos de arquitetura e experi\u00eancias personalizadas. Consulte disponibilidade, valores e possibilidades de envio ou instala\u00e7\u00e3o. Sele\u00e7\u00e3o em destaque S\u00e9rgio Castro Rede entre barcosFotografia43 \u00d7 32 cm2017 Consultar esta obra Valmir\" \/>\n\t<meta name=\"robots\" content=\"max-image-preview:large\" \/>\n\t<link rel=\"canonical\" href=\"https:\/\/arvorecultural.com.br\/en\/obras-disponiveis\/\" \/>\n\t<meta name=\"generator\" content=\"All in One SEO (AIOSEO) 5.0.0.1\" \/>\n\t\t<meta property=\"og:locale\" content=\"en_US\" \/>\n\t\t<meta property=\"og:site_name\" content=\"ArvoreCultural - Arte, cultura e estrat\u00e9gia que geram valor.\" \/>\n\t\t<meta property=\"og:type\" content=\"article\" \/>\n\t\t<meta property=\"og:title\" content=\"Obras dispon\u00edveis - ArvoreCultural\" \/>\n\t\t<meta property=\"og:description\" content=\"Obras dispon\u00edveis Uma sele\u00e7\u00e3o de obras escolhidas pela curadoria da AGaleria, reunindo diferentes artistas, t\u00e9cnicas e formas de express\u00e3o. Cada obra pode integrar resid\u00eancias, empresas, projetos de arquitetura e experi\u00eancias personalizadas. Consulte disponibilidade, valores e possibilidades de envio ou instala\u00e7\u00e3o. Sele\u00e7\u00e3o em destaque S\u00e9rgio Castro Rede entre barcosFotografia43 \u00d7 32 cm2017 Consultar esta obra Valmir\" \/>\n\t\t<meta property=\"og:url\" content=\"https:\/\/arvorecultural.com.br\/en\/obras-disponiveis\/\" \/>\n\t\t<meta property=\"og:image\" content=\"https:\/\/arvorecultural.com.br\/wp-content\/uploads\/2026\/08\/cropped-logo-arvore-cultural-azul-verde.png\" \/>\n\t\t<meta property=\"og:image:secure_url\" content=\"https:\/\/arvorecultural.com.br\/wp-content\/uploads\/2026\/08\/cropped-logo-arvore-cultural-azul-verde.png\" \/>\n\t\t<meta property=\"og:image:width\" content=\"512\" \/>\n\t\t<meta property=\"og:image:height\" content=\"512\" \/>\n\t\t<meta property=\"article:published_time\" content=\"2026-08-25T11:47:55+00:00\" \/>\n\t\t<meta property=\"article:modified_time\" content=\"2026-09-01T02:14:27+00:00\" \/>\n\t\t<meta name=\"twitter:card\" content=\"summary_large_image\" \/>\n\t\t<meta name=\"twitter:title\" content=\"Obras dispon\u00edveis - ArvoreCultural\" \/>\n\t\t<meta name=\"twitter:description\" content=\"Obras dispon\u00edveis Uma sele\u00e7\u00e3o de obras escolhidas pela curadoria da AGaleria, reunindo diferentes artistas, t\u00e9cnicas e formas de express\u00e3o. Cada obra pode integrar resid\u00eancias, empresas, projetos de arquitetura e experi\u00eancias personalizadas. Consulte disponibilidade, valores e possibilidades de envio ou instala\u00e7\u00e3o. Sele\u00e7\u00e3o em destaque S\u00e9rgio Castro Rede entre barcosFotografia43 \u00d7 32 cm2017 Consultar esta obra Valmir\" \/>\n\t\t<meta name=\"twitter:image\" content=\"https:\/\/arvorecultural.com.br\/wp-content\/uploads\/2026\/08\/cropped-logo-arvore-cultural-azul-verde.png\" \/>\n\t\t<script type=\"application\/ld+json\" class=\"aioseo-schema\">\n\t\t\t{\"@context\":\"https:\\\/\\\/schema.org\",\"@graph\":[{\"@type\":\"BreadcrumbList\",\"@id\":\"https:\\\/\\\/arvorecultural.com.br\\\/en\\\/obras-disponiveis\\\/#breadcrumblist\",\"itemListElement\":[{\"@type\":\"ListItem\",\"@id\":\"https:\\\/\\\/arvorecultural.com.br\\\/en#listItem\",\"position\":1,\"name\":\"Home\",\"item\":\"https:\\\/\\\/arvorecultural.com.br\\\/en\",\"nextItem\":{\"@type\":\"ListItem\",\"@id\":\"https:\\\/\\\/arvorecultural.com.br\\\/en\\\/obras-disponiveis\\\/#listItem\",\"name\":\"Obras dispon\\u00edveis\"}},{\"@type\":\"ListItem\",\"@id\":\"https:\\\/\\\/arvorecultural.com.br\\\/en\\\/obras-disponiveis\\\/#listItem\",\"position\":2,\"name\":\"Obras dispon\\u00edveis\",\"previousItem\":{\"@type\":\"ListItem\",\"@id\":\"https:\\\/\\\/arvorecultural.com.br\\\/en#listItem\",\"name\":\"Home\"}}]},{\"@type\":\"Organization\",\"@id\":\"https:\\\/\\\/arvorecultural.com.br\\\/en\\\/#organization\",\"name\":\"ArvoreCultural \\u00c1rvore Cultural\",\"description\":\"Arte, cultura e estrat\\u00e9gia que geram valor. Produtora e consultoria cultural especializada em cria\\u00e7\\u00e3o, coordena\\u00e7\\u00e3o, produ\\u00e7\\u00e3o e gest\\u00e3o de projetos de arte e cultura.\",\"url\":\"https:\\\/\\\/arvorecultural.com.br\\\/en\\\/\",\"telephone\":\"+5511955007575\",\"logo\":{\"@type\":\"ImageObject\",\"url\":\"https:\\\/\\\/arvorecultural.com.br\\\/wp-content\\\/uploads\\\/2026\\\/08\\\/cropped-logo-arvore-cultural-azul-verde.png\",\"@id\":\"https:\\\/\\\/arvorecultural.com.br\\\/en\\\/obras-disponiveis\\\/#organizationLogo\",\"width\":512,\"height\":512},\"image\":{\"@id\":\"https:\\\/\\\/arvorecultural.com.br\\\/en\\\/obras-disponiveis\\\/#organizationLogo\"},\"sameAs\":[\"https:\\\/\\\/www.instagram.com\\\/arvorecultural\\\/\"]},{\"@type\":\"WebPage\",\"@id\":\"https:\\\/\\\/arvorecultural.com.br\\\/en\\\/obras-disponiveis\\\/#webpage\",\"url\":\"https:\\\/\\\/arvorecultural.com.br\\\/en\\\/obras-disponiveis\\\/\",\"name\":\"Obras dispon\\u00edveis - ArvoreCultural\",\"description\":\"Obras dispon\\u00edveis Uma sele\\u00e7\\u00e3o de obras escolhidas pela curadoria da AGaleria, reunindo diferentes artistas, t\\u00e9cnicas e formas de express\\u00e3o. Cada obra pode integrar resid\\u00eancias, empresas, projetos de arquitetura e experi\\u00eancias personalizadas. Consulte disponibilidade, valores e possibilidades de envio ou instala\\u00e7\\u00e3o. Sele\\u00e7\\u00e3o em destaque S\\u00e9rgio Castro Rede entre barcosFotografia43 \\u00d7 32 cm2017 Consultar esta obra Valmir\",\"inLanguage\":\"en-US\",\"isPartOf\":{\"@id\":\"https:\\\/\\\/arvorecultural.com.br\\\/en\\\/#website\"},\"breadcrumb\":{\"@id\":\"https:\\\/\\\/arvorecultural.com.br\\\/en\\\/obras-disponiveis\\\/#breadcrumblist\"},\"datePublished\":\"2026-08-25T08:47:55-03:00\",\"dateModified\":\"2026-08-31T23:14:27-03:00\"},{\"@type\":\"WebSite\",\"@id\":\"https:\\\/\\\/arvorecultural.com.br\\\/en\\\/#website\",\"url\":\"https:\\\/\\\/arvorecultural.com.br\\\/en\\\/\",\"name\":\"ArvoreCultural\",\"description\":\"Arte, cultura e estrat\\u00e9gia que geram valor.\",\"inLanguage\":\"en-US\",\"publisher\":{\"@id\":\"https:\\\/\\\/arvorecultural.com.br\\\/en\\\/#organization\"}}]}\n\t\t<\/script>\n\t\t<!-- All in One SEO -->\n\n","aioseo_head_json":{"title":"Obras dispon\u00edveis - ArvoreCultural","description":"Obras dispon\u00edveis Uma sele\u00e7\u00e3o de obras escolhidas pela curadoria da AGaleria, reunindo diferentes artistas, t\u00e9cnicas e formas de express\u00e3o. Cada obra pode integrar resid\u00eancias, empresas, projetos de arquitetura e experi\u00eancias personalizadas. Consulte disponibilidade, valores e possibilidades de envio ou instala\u00e7\u00e3o. Sele\u00e7\u00e3o em destaque S\u00e9rgio Castro Rede entre barcosFotografia43 \u00d7 32 cm2017 Consultar esta obra Valmir","canonical_url":"https:\/\/arvorecultural.com.br\/en\/obras-disponiveis\/","robots":"max-image-preview:large","keywords":"","webmasterTools":{"miscellaneous":""},"schema":{"@context":"https:\/\/schema.org","@graph":[{"@type":"BreadcrumbList","@id":"https:\/\/arvorecultural.com.br\/en\/obras-disponiveis\/#breadcrumblist","itemListElement":[{"@type":"ListItem","@id":"https:\/\/arvorecultural.com.br\/en#listItem","position":1,"name":"Home","item":"https:\/\/arvorecultural.com.br\/en","nextItem":{"@type":"ListItem","@id":"https:\/\/arvorecultural.com.br\/en\/obras-disponiveis\/#listItem","name":"Obras dispon\u00edveis"}},{"@type":"ListItem","@id":"https:\/\/arvorecultural.com.br\/en\/obras-disponiveis\/#listItem","position":2,"name":"Obras dispon\u00edveis","previousItem":{"@type":"ListItem","@id":"https:\/\/arvorecultural.com.br\/en#listItem","name":"Home"}}]},{"@type":"Organization","@id":"https:\/\/arvorecultural.com.br\/en\/#organization","name":"ArvoreCultural \u00c1rvore Cultural","description":"Arte, cultura e estrat\u00e9gia que geram valor. Produtora e consultoria cultural especializada em cria\u00e7\u00e3o, coordena\u00e7\u00e3o, produ\u00e7\u00e3o e gest\u00e3o de projetos de arte e cultura.","url":"https:\/\/arvorecultural.com.br\/en\/","telephone":"+5511955007575","logo":{"@type":"ImageObject","url":"https:\/\/arvorecultural.com.br\/wp-content\/uploads\/2026\/08\/cropped-logo-arvore-cultural-azul-verde.png","@id":"https:\/\/arvorecultural.com.br\/en\/obras-disponiveis\/#organizationLogo","width":512,"height":512},"image":{"@id":"https:\/\/arvorecultural.com.br\/en\/obras-disponiveis\/#organizationLogo"},"sameAs":["https:\/\/www.instagram.com\/arvorecultural\/"]},{"@type":"WebPage","@id":"https:\/\/arvorecultural.com.br\/en\/obras-disponiveis\/#webpage","url":"https:\/\/arvorecultural.com.br\/en\/obras-disponiveis\/","name":"Obras dispon\u00edveis - ArvoreCultural","description":"Obras dispon\u00edveis Uma sele\u00e7\u00e3o de obras escolhidas pela curadoria da AGaleria, reunindo diferentes artistas, t\u00e9cnicas e formas de express\u00e3o. Cada obra pode integrar resid\u00eancias, empresas, projetos de arquitetura e experi\u00eancias personalizadas. Consulte disponibilidade, valores e possibilidades de envio ou instala\u00e7\u00e3o. Sele\u00e7\u00e3o em destaque S\u00e9rgio Castro Rede entre barcosFotografia43 \u00d7 32 cm2017 Consultar esta obra Valmir","inLanguage":"en-US","isPartOf":{"@id":"https:\/\/arvorecultural.com.br\/en\/#website"},"breadcrumb":{"@id":"https:\/\/arvorecultural.com.br\/en\/obras-disponiveis\/#breadcrumblist"},"datePublished":"2026-08-25T08:47:55-03:00","dateModified":"2026-08-31T23:14:27-03:00"},{"@type":"WebSite","@id":"https:\/\/arvorecultural.com.br\/en\/#website","url":"https:\/\/arvorecultural.com.br\/en\/","name":"ArvoreCultural","description":"Arte, cultura e estrat\u00e9gia que geram valor.","inLanguage":"en-US","publisher":{"@id":"https:\/\/arvorecultural.com.br\/en\/#organization"}}]},"og:locale":"en_US","og:site_name":"ArvoreCultural - Arte, cultura e estrat\u00e9gia que geram valor.","og:type":"article","og:title":"Obras dispon\u00edveis - ArvoreCultural","og:description":"Obras dispon\u00edveis Uma sele\u00e7\u00e3o de obras escolhidas pela curadoria da AGaleria, reunindo diferentes artistas, t\u00e9cnicas e formas de express\u00e3o. Cada obra pode integrar resid\u00eancias, empresas, projetos de arquitetura e experi\u00eancias personalizadas. Consulte disponibilidade, valores e possibilidades de envio ou instala\u00e7\u00e3o. Sele\u00e7\u00e3o em destaque S\u00e9rgio Castro Rede entre barcosFotografia43 \u00d7 32 cm2017 Consultar esta obra Valmir","og:url":"https:\/\/arvorecultural.com.br\/en\/obras-disponiveis\/","og:image":"https:\/\/arvorecultural.com.br\/wp-content\/uploads\/2026\/08\/cropped-logo-arvore-cultural-azul-verde.png","og:image:secure_url":"https:\/\/arvorecultural.com.br\/wp-content\/uploads\/2026\/08\/cropped-logo-arvore-cultural-azul-verde.png","og:image:width":512,"og:image:height":512,"article:published_time":"2026-08-25T11:47:55+00:00","article:modified_time":"2026-09-01T02:14:27+00:00","twitter:card":"summary_large_image","twitter:title":"Obras dispon\u00edveis - ArvoreCultural","twitter:description":"Obras dispon\u00edveis Uma sele\u00e7\u00e3o de obras escolhidas pela curadoria da AGaleria, reunindo diferentes artistas, t\u00e9cnicas e formas de express\u00e3o. Cada obra pode integrar resid\u00eancias, empresas, projetos de arquitetura e experi\u00eancias personalizadas. Consulte disponibilidade, valores e possibilidades de envio ou instala\u00e7\u00e3o. Sele\u00e7\u00e3o em destaque S\u00e9rgio Castro Rede entre barcosFotografia43 \u00d7 32 cm2017 Consultar esta obra Valmir","twitter:image":"https:\/\/arvorecultural.com.br\/wp-content\/uploads\/2026\/08\/cropped-logo-arvore-cultural-azul-verde.png"},"aioseo_meta_data":{"post_id":"2419","title":null,"description":null,"keywords":null,"keyphrases":{"focus":{"keyphrase":"","score":0,"analysis":{"keyphraseInTitle":{"score":0,"maxScore":9,"error":1}}},"additional":[]},"focus_keyword":null,"additional_keywords":null,"truseo_locale":null,"primary_term":null,"canonical_url":null,"og_title":null,"og_description":null,"og_object_type":"default","og_image_type":"default","og_image_custom_url":null,"og_image_custom_fields":null,"og_image_url":null,"og_image_width":null,"og_image_height":null,"og_video":"","og_custom_url":null,"og_article_section":null,"og_article_tags":null,"twitter_use_og":false,"twitter_card":"default","twitter_image_type":"default","twitter_image_custom_url":null,"twitter_image_custom_fields":null,"twitter_image_url":null,"twitter_title":null,"twitter_description":null,"schema_type":"default","schema_type_options":null,"schema":{"blockGraphs":[],"customGraphs":[],"default":{"data":{"Article":[],"Course":[],"Dataset":[],"FAQPage":[],"Movie":[],"Person":[],"Product":[],"ProductReview":[],"Car":[],"Recipe":[],"Service":[],"SoftwareApplication":[],"WebPage":[]},"graphName":"WebPage","isEnabled":true},"graphs":[]},"pillar_content":false,"robots_default":true,"robots_noindex":false,"robots_noarchive":false,"robots_nosnippet":false,"robots_nofollow":false,"robots_noimageindex":false,"robots_noodp":false,"robots_notranslate":false,"robots_max_snippet":"-1","robots_max_videopreview":"-1","robots_max_imagepreview":"large","priority":null,"frequency":"default","local_seo":null,"limit_modified_date":false,"ai":{"faqs":[],"keyPoints":[],"schemas":[],"titles":[],"descriptions":[],"socialPosts":{"email":{"subject":"","preview":"","content":""},"linkedin":[],"twitter":[],"facebook":[],"instagram":[]}},"breadcrumb_settings":null,"seo_analyzer_scan_date":null,"created":"2026-08-23 20:02:14","updated":"2026-09-01 13:54:07"},"aioseo_breadcrumb":"<div class=\"aioseo-breadcrumbs\"><span class=\"aioseo-breadcrumb\">\n\t\t\t<a href=\"https:\/\/arvorecultural.com.br\/en\" title=\"Home\">Home<\/a>\n\t\t<\/span><span class=\"aioseo-breadcrumb-separator\">&raquo;<\/span><span class=\"aioseo-breadcrumb\">\n\t\t\tObras dispon\u00edveis\n\t\t<\/span><\/div>","aioseo_breadcrumb_json":[{"label":"Home","link":"https:\/\/arvorecultural.com.br\/en"},{"label":"Obras dispon\u00edveis","link":"https:\/\/arvorecultural.com.br\/en\/obras-disponiveis\/"}],"_links":{"self":[{"href":"https:\/\/arvorecultural.com.br\/en\/wp-json\/wp\/v2\/pages\/2419"}],"collection":[{"href":"https:\/\/arvorecultural.com.br\/en\/wp-json\/wp\/v2\/pages"}],"about":[{"href":"https:\/\/arvorecultural.com.br\/en\/wp-json\/wp\/v2\/types\/page"}],"author":[{"embeddable":true,"href":"https:\/\/arvorecultural.com.br\/en\/wp-json\/wp\/v2\/users\/5"}],"replies":[{"embeddable":true,"href":"https:\/\/arvorecultural.com.br\/en\/wp-json\/wp\/v2\/comments?post=2419"}],"version-history":[{"count":113,"href":"https:\/\/arvorecultural.com.br\/en\/wp-json\/wp\/v2\/pages\/2419\/revisions"}],"predecessor-version":[{"id":3381,"href":"https:\/\/arvorecultural.com.br\/en\/wp-json\/wp\/v2\/pages\/2419\/revisions\/3381"}],"wp:attachment":[{"href":"https:\/\/arvorecultural.com.br\/en\/wp-json\/wp\/v2\/media?parent=2419"}],"curies":[{"name":"wp","href":"https:\/\/api.w.org\/{rel}","templated":true}]}}