{"id":2503,"date":"2026-08-25T08:51:40","date_gmt":"2026-08-25T11:51:40","guid":{"rendered":"https:\/\/arvorecultural.com.br\/?page_id=2503"},"modified":"2026-08-29T08:45:15","modified_gmt":"2026-08-29T11:45:15","slug":"experiencias-agaleria","status":"publish","type":"page","link":"https:\/\/arvorecultural.com.br\/en\/experiencias-agaleria\/","title":{"rendered":"AGaleria Experiences"},"content":{"rendered":"<h2 class=\"wp-block-heading\">AGaleria Experiences<\/h2>\n\n\n\n<p><em>A Journey Shaped by Encounters<\/em><\/p>\n\n\n\n<p>AGaleria\u2019s story is shaped by artworks, artists, spaces and people. From the exhibitions presented in Ubatuba to the intimate gatherings of AGaleria em Casa, each encounter has opened new possibilities for connection, creativity and engagement with art.<\/p>\n\n\n\n<p>This journey brings together moments that remain in our memory and continue to inspire new curatorial projects, group exhibitions and personalized experiences.<\/p>\n\n\n\n<figure class=\"wp-block-image size-large\"><img loading=\"lazy\" decoding=\"async\" width=\"1024\" height=\"576\" src=\"https:\/\/arvorecultural.com.br\/wp-content\/uploads\/2026\/08\/vista-da-sala-agaleria-em-casa-dez-25-1024x576.png\" alt=\"\" class=\"wp-image-2513\" srcset=\"https:\/\/arvorecultural.com.br\/wp-content\/uploads\/2026\/08\/vista-da-sala-agaleria-em-casa-dez-25-1024x576.png 1024w, https:\/\/arvorecultural.com.br\/wp-content\/uploads\/2026\/08\/vista-da-sala-agaleria-em-casa-dez-25-300x169.png 300w, https:\/\/arvorecultural.com.br\/wp-content\/uploads\/2026\/08\/vista-da-sala-agaleria-em-casa-dez-25-768x432.png 768w, https:\/\/arvorecultural.com.br\/wp-content\/uploads\/2026\/08\/vista-da-sala-agaleria-em-casa-dez-25-1536x864.png 1536w, https:\/\/arvorecultural.com.br\/wp-content\/uploads\/2026\/08\/vista-da-sala-agaleria-em-casa-dez-25.png 1672w\" sizes=\"(max-width: 1024px) 100vw, 1024px\" \/><\/figure>\n\n\n\n<h2 class=\"wp-block-heading\">When Art Meets Space<\/h2>\n\n\n\n<p><em>Curatorial vision transforms environments into spaces of presence, dialogue and discovery.<\/em>.<\/p>\n\n\n\n<div class=\"wp-block-columns is-layout-flex wp-container-core-columns-layout-1 wp-block-columns-is-layout-flex\">\n<div class=\"wp-block-column is-layout-flow wp-block-column-is-layout-flow\">\n<figure class=\"wp-block-image size-large\"><img loading=\"lazy\" decoding=\"async\" width=\"1024\" height=\"683\" src=\"https:\/\/arvorecultural.com.br\/wp-content\/uploads\/2026\/08\/parade-coletivo-laura_agaleria-em-casa-3-1024x683.jpg\" alt=\"\" class=\"wp-image-2515\" srcset=\"https:\/\/arvorecultural.com.br\/wp-content\/uploads\/2026\/08\/parade-coletivo-laura_agaleria-em-casa-3-1024x683.jpg 1024w, https:\/\/arvorecultural.com.br\/wp-content\/uploads\/2026\/08\/parade-coletivo-laura_agaleria-em-casa-3-300x200.jpg 300w, https:\/\/arvorecultural.com.br\/wp-content\/uploads\/2026\/08\/parade-coletivo-laura_agaleria-em-casa-3-768x512.jpg 768w, https:\/\/arvorecultural.com.br\/wp-content\/uploads\/2026\/08\/parade-coletivo-laura_agaleria-em-casa-3-1536x1024.jpg 1536w, https:\/\/arvorecultural.com.br\/wp-content\/uploads\/2026\/08\/parade-coletivo-laura_agaleria-em-casa-3-2048x1366.jpg 2048w\" sizes=\"(max-width: 1024px) 100vw, 1024px\" \/><\/figure>\n<\/div>\n\n\n\n<div class=\"wp-block-column is-layout-flow wp-block-column-is-layout-flow\">\n<figure class=\"wp-block-image size-large\"><img loading=\"lazy\" decoding=\"async\" width=\"1024\" height=\"683\" src=\"https:\/\/arvorecultural.com.br\/wp-content\/uploads\/2026\/08\/Daniela_seco_agaleria-em-casa-4-1024x683.jpg\" alt=\"\" class=\"wp-image-2517\" srcset=\"https:\/\/arvorecultural.com.br\/wp-content\/uploads\/2026\/08\/Daniela_seco_agaleria-em-casa-4-1024x683.jpg 1024w, https:\/\/arvorecultural.com.br\/wp-content\/uploads\/2026\/08\/Daniela_seco_agaleria-em-casa-4-300x200.jpg 300w, https:\/\/arvorecultural.com.br\/wp-content\/uploads\/2026\/08\/Daniela_seco_agaleria-em-casa-4-768x512.jpg 768w, https:\/\/arvorecultural.com.br\/wp-content\/uploads\/2026\/08\/Daniela_seco_agaleria-em-casa-4-1536x1024.jpg 1536w, https:\/\/arvorecultural.com.br\/wp-content\/uploads\/2026\/08\/Daniela_seco_agaleria-em-casa-4-2048x1365.jpg 2048w\" sizes=\"(max-width: 1024px) 100vw, 1024px\" \/><\/figure>\n<\/div>\n\n\n\n<div class=\"wp-block-column is-layout-flow wp-block-column-is-layout-flow\">\n<figure class=\"wp-block-image size-large\"><img loading=\"lazy\" decoding=\"async\" width=\"1024\" height=\"683\" src=\"https:\/\/arvorecultural.com.br\/wp-content\/uploads\/2026\/08\/sala-escrivaninha._agaleria-em-casa_jpg-1024x683.jpg\" alt=\"\" class=\"wp-image-2520\" srcset=\"https:\/\/arvorecultural.com.br\/wp-content\/uploads\/2026\/08\/sala-escrivaninha._agaleria-em-casa_jpg-1024x683.jpg 1024w, https:\/\/arvorecultural.com.br\/wp-content\/uploads\/2026\/08\/sala-escrivaninha._agaleria-em-casa_jpg-300x200.jpg 300w, https:\/\/arvorecultural.com.br\/wp-content\/uploads\/2026\/08\/sala-escrivaninha._agaleria-em-casa_jpg-768x512.jpg 768w, https:\/\/arvorecultural.com.br\/wp-content\/uploads\/2026\/08\/sala-escrivaninha._agaleria-em-casa_jpg-1536x1024.jpg 1536w, https:\/\/arvorecultural.com.br\/wp-content\/uploads\/2026\/08\/sala-escrivaninha._agaleria-em-casa_jpg-2048x1365.jpg 2048w\" sizes=\"(max-width: 1024px) 100vw, 1024px\" \/><\/figure>\n<\/div>\n<\/div>\n\n\n\n<h2 class=\"wp-block-heading\">Encounters That Stay With Us<\/h2>\n\n\n\n<p>Every encounter expands the experience of art. Artists, guests and hosts share stories, perspectives and discoveries, creating connections that remain long after each exhibition has ended.<\/p>\n\n\n\n<div class=\"wp-block-columns is-layout-flex wp-container-core-columns-layout-2 wp-block-columns-is-layout-flex\">\n<div class=\"wp-block-column is-layout-flow wp-block-column-is-layout-flow\">\n<figure class=\"wp-block-image size-large\"><img loading=\"lazy\" decoding=\"async\" width=\"1024\" height=\"684\" src=\"https:\/\/arvorecultural.com.br\/wp-content\/uploads\/2026\/08\/agaleria-em-casa-1752-1024x684.jpg\" alt=\"\" class=\"wp-image-2532\" srcset=\"https:\/\/arvorecultural.com.br\/wp-content\/uploads\/2026\/08\/agaleria-em-casa-1752-1024x684.jpg 1024w, https:\/\/arvorecultural.com.br\/wp-content\/uploads\/2026\/08\/agaleria-em-casa-1752-300x200.jpg 300w, https:\/\/arvorecultural.com.br\/wp-content\/uploads\/2026\/08\/agaleria-em-casa-1752-768x513.jpg 768w, https:\/\/arvorecultural.com.br\/wp-content\/uploads\/2026\/08\/agaleria-em-casa-1752-1536x1025.jpg 1536w, https:\/\/arvorecultural.com.br\/wp-content\/uploads\/2026\/08\/agaleria-em-casa-1752-2048x1367.jpg 2048w\" sizes=\"(max-width: 1024px) 100vw, 1024px\" \/><\/figure>\n<\/div>\n\n\n\n<div class=\"wp-block-column is-layout-flow wp-block-column-is-layout-flow\">\n<figure class=\"wp-block-image size-large\"><img loading=\"lazy\" decoding=\"async\" width=\"1024\" height=\"684\" src=\"https:\/\/arvorecultural.com.br\/wp-content\/uploads\/2026\/08\/agaleria-em-casa-1803-1024x684.jpg\" alt=\"\" class=\"wp-image-2536\" srcset=\"https:\/\/arvorecultural.com.br\/wp-content\/uploads\/2026\/08\/agaleria-em-casa-1803-1024x684.jpg 1024w, https:\/\/arvorecultural.com.br\/wp-content\/uploads\/2026\/08\/agaleria-em-casa-1803-300x200.jpg 300w, https:\/\/arvorecultural.com.br\/wp-content\/uploads\/2026\/08\/agaleria-em-casa-1803-768x513.jpg 768w, https:\/\/arvorecultural.com.br\/wp-content\/uploads\/2026\/08\/agaleria-em-casa-1803-1536x1025.jpg 1536w, https:\/\/arvorecultural.com.br\/wp-content\/uploads\/2026\/08\/agaleria-em-casa-1803-2048x1367.jpg 2048w\" sizes=\"(max-width: 1024px) 100vw, 1024px\" \/><\/figure>\n<\/div>\n\n\n\n<div class=\"wp-block-column is-layout-flow wp-block-column-is-layout-flow\">\n<figure class=\"wp-block-image size-large\"><img loading=\"lazy\" decoding=\"async\" width=\"1024\" height=\"684\" src=\"https:\/\/arvorecultural.com.br\/wp-content\/uploads\/2026\/08\/agaleria-em-casa-1774-1024x684.jpg\" alt=\"\" class=\"wp-image-2558\" srcset=\"https:\/\/arvorecultural.com.br\/wp-content\/uploads\/2026\/08\/agaleria-em-casa-1774-1024x684.jpg 1024w, https:\/\/arvorecultural.com.br\/wp-content\/uploads\/2026\/08\/agaleria-em-casa-1774-300x200.jpg 300w, https:\/\/arvorecultural.com.br\/wp-content\/uploads\/2026\/08\/agaleria-em-casa-1774-768x513.jpg 768w, https:\/\/arvorecultural.com.br\/wp-content\/uploads\/2026\/08\/agaleria-em-casa-1774-1536x1025.jpg 1536w, https:\/\/arvorecultural.com.br\/wp-content\/uploads\/2026\/08\/agaleria-em-casa-1774-2048x1367.jpg 2048w\" sizes=\"(max-width: 1024px) 100vw, 1024px\" \/><\/figure>\n<\/div>\n<\/div>\n\n\n\n<h2 class=\"wp-block-heading\">Art, Connection and Hospitality<\/h2>\n\n\n\n<p><em>Art takes on new meaning when shared through conversation, flavors and gestures of hospitality.<\/em><\/p>\n\n\n\n<div class=\"wp-block-columns is-layout-flex wp-container-core-columns-layout-3 wp-block-columns-is-layout-flex\">\n<div class=\"wp-block-column is-layout-flow wp-block-column-is-layout-flow\">\n<figure class=\"wp-block-image size-large\"><img loading=\"lazy\" decoding=\"async\" width=\"1024\" height=\"683\" src=\"https:\/\/arvorecultural.com.br\/wp-content\/uploads\/2026\/08\/momento-cozinha_agaleria-em-casa-4900-1-1024x683.jpg\" alt=\"\" class=\"wp-image-2539\" srcset=\"https:\/\/arvorecultural.com.br\/wp-content\/uploads\/2026\/08\/momento-cozinha_agaleria-em-casa-4900-1-1024x683.jpg 1024w, https:\/\/arvorecultural.com.br\/wp-content\/uploads\/2026\/08\/momento-cozinha_agaleria-em-casa-4900-1-300x200.jpg 300w, https:\/\/arvorecultural.com.br\/wp-content\/uploads\/2026\/08\/momento-cozinha_agaleria-em-casa-4900-1-768x512.jpg 768w, https:\/\/arvorecultural.com.br\/wp-content\/uploads\/2026\/08\/momento-cozinha_agaleria-em-casa-4900-1-1536x1024.jpg 1536w, https:\/\/arvorecultural.com.br\/wp-content\/uploads\/2026\/08\/momento-cozinha_agaleria-em-casa-4900-1-2048x1365.jpg 2048w\" sizes=\"(max-width: 1024px) 100vw, 1024px\" \/><\/figure>\n<\/div>\n\n\n\n<div class=\"wp-block-column is-layout-flow wp-block-column-is-layout-flow\">\n<figure class=\"wp-block-image size-large\"><img loading=\"lazy\" decoding=\"async\" width=\"1024\" height=\"684\" src=\"https:\/\/arvorecultural.com.br\/wp-content\/uploads\/2026\/08\/dede-o-chef_agaleria-em-casa-1725-1024x684.jpg\" alt=\"\" class=\"wp-image-2541\" srcset=\"https:\/\/arvorecultural.com.br\/wp-content\/uploads\/2026\/08\/dede-o-chef_agaleria-em-casa-1725-1024x684.jpg 1024w, https:\/\/arvorecultural.com.br\/wp-content\/uploads\/2026\/08\/dede-o-chef_agaleria-em-casa-1725-300x200.jpg 300w, https:\/\/arvorecultural.com.br\/wp-content\/uploads\/2026\/08\/dede-o-chef_agaleria-em-casa-1725-768x513.jpg 768w, https:\/\/arvorecultural.com.br\/wp-content\/uploads\/2026\/08\/dede-o-chef_agaleria-em-casa-1725-1536x1025.jpg 1536w, https:\/\/arvorecultural.com.br\/wp-content\/uploads\/2026\/08\/dede-o-chef_agaleria-em-casa-1725-2048x1367.jpg 2048w\" sizes=\"(max-width: 1024px) 100vw, 1024px\" \/><\/figure>\n<\/div>\n\n\n\n<div class=\"wp-block-column is-layout-flow wp-block-column-is-layout-flow\">\n<figure class=\"wp-block-image size-large\"><img loading=\"lazy\" decoding=\"async\" width=\"1024\" height=\"684\" src=\"https:\/\/arvorecultural.com.br\/wp-content\/uploads\/2026\/08\/agaleria-em-casa-1754-1024x684.jpg\" alt=\"\" class=\"wp-image-2542\" srcset=\"https:\/\/arvorecultural.com.br\/wp-content\/uploads\/2026\/08\/agaleria-em-casa-1754-1024x684.jpg 1024w, https:\/\/arvorecultural.com.br\/wp-content\/uploads\/2026\/08\/agaleria-em-casa-1754-300x200.jpg 300w, https:\/\/arvorecultural.com.br\/wp-content\/uploads\/2026\/08\/agaleria-em-casa-1754-768x513.jpg 768w, https:\/\/arvorecultural.com.br\/wp-content\/uploads\/2026\/08\/agaleria-em-casa-1754-1536x1025.jpg 1536w, https:\/\/arvorecultural.com.br\/wp-content\/uploads\/2026\/08\/agaleria-em-casa-1754-2048x1367.jpg 2048w\" sizes=\"(max-width: 1024px) 100vw, 1024px\" \/><\/figure>\n<\/div>\n<\/div>\n\n\n\n<h2 class=\"wp-block-heading\">Ubatuba, a Source of Inspiration<\/h2>\n\n\n\n<p><em>Between the sea, the Atlantic Forest and the energy of a city open to new encounters, Ubatuba inspires experiences where art, landscape and ways of living come together.<\/em><\/p>\n\n\n\n<figure class=\"wp-block-image size-large\"><img loading=\"lazy\" decoding=\"async\" width=\"1024\" height=\"576\" src=\"https:\/\/arvorecultural.com.br\/wp-content\/uploads\/2026\/08\/exec-13523b4f-b0ae-4d70-ac36-062a544dc107-1024x576.png\" alt=\"\" class=\"wp-image-2562\" srcset=\"https:\/\/arvorecultural.com.br\/wp-content\/uploads\/2026\/08\/exec-13523b4f-b0ae-4d70-ac36-062a544dc107-1024x576.png 1024w, https:\/\/arvorecultural.com.br\/wp-content\/uploads\/2026\/08\/exec-13523b4f-b0ae-4d70-ac36-062a544dc107-300x169.png 300w, https:\/\/arvorecultural.com.br\/wp-content\/uploads\/2026\/08\/exec-13523b4f-b0ae-4d70-ac36-062a544dc107-768x432.png 768w, https:\/\/arvorecultural.com.br\/wp-content\/uploads\/2026\/08\/exec-13523b4f-b0ae-4d70-ac36-062a544dc107-1536x864.png 1536w, https:\/\/arvorecultural.com.br\/wp-content\/uploads\/2026\/08\/exec-13523b4f-b0ae-4d70-ac36-062a544dc107.png 1672w\" sizes=\"(max-width: 1024px) 100vw, 1024px\" \/><\/figure>\n\n\n\n<div class=\"wp-block-columns is-layout-flex wp-container-core-columns-layout-4 wp-block-columns-is-layout-flex\">\n<div class=\"wp-block-column is-layout-flow wp-block-column-is-layout-flow\">\n<figure class=\"wp-block-image size-large\"><img loading=\"lazy\" decoding=\"async\" width=\"1024\" height=\"683\" src=\"https:\/\/arvorecultural.com.br\/wp-content\/uploads\/2026\/08\/agaleria-em-casa-1772-1024x683.jpg\" alt=\"\" class=\"wp-image-2551\" srcset=\"https:\/\/arvorecultural.com.br\/wp-content\/uploads\/2026\/08\/agaleria-em-casa-1772-1024x683.jpg 1024w, https:\/\/arvorecultural.com.br\/wp-content\/uploads\/2026\/08\/agaleria-em-casa-1772-300x200.jpg 300w, https:\/\/arvorecultural.com.br\/wp-content\/uploads\/2026\/08\/agaleria-em-casa-1772-768x513.jpg 768w, https:\/\/arvorecultural.com.br\/wp-content\/uploads\/2026\/08\/agaleria-em-casa-1772-1536x1025.jpg 1536w, https:\/\/arvorecultural.com.br\/wp-content\/uploads\/2026\/08\/agaleria-em-casa-1772-2048x1367.jpg 2048w\" sizes=\"(max-width: 1024px) 100vw, 1024px\" \/><\/figure>\n<\/div>\n\n\n\n<div class=\"wp-block-column is-layout-flow wp-block-column-is-layout-flow\">\n<figure class=\"wp-block-image size-large\"><img loading=\"lazy\" decoding=\"async\" width=\"1024\" height=\"684\" src=\"https:\/\/arvorecultural.com.br\/wp-content\/uploads\/2026\/08\/agaleria-em-casa-1770-1024x684.jpg\" alt=\"\" class=\"wp-image-2552\" srcset=\"https:\/\/arvorecultural.com.br\/wp-content\/uploads\/2026\/08\/agaleria-em-casa-1770-1024x684.jpg 1024w, https:\/\/arvorecultural.com.br\/wp-content\/uploads\/2026\/08\/agaleria-em-casa-1770-300x200.jpg 300w, https:\/\/arvorecultural.com.br\/wp-content\/uploads\/2026\/08\/agaleria-em-casa-1770-768x513.jpg 768w, https:\/\/arvorecultural.com.br\/wp-content\/uploads\/2026\/08\/agaleria-em-casa-1770-1536x1025.jpg 1536w, https:\/\/arvorecultural.com.br\/wp-content\/uploads\/2026\/08\/agaleria-em-casa-1770-2048x1367.jpg 2048w\" sizes=\"(max-width: 1024px) 100vw, 1024px\" \/><\/figure>\n<\/div>\n\n\n\n<div class=\"wp-block-column is-layout-flow wp-block-column-is-layout-flow\">\n<figure class=\"wp-block-image size-large\"><img loading=\"lazy\" decoding=\"async\" width=\"1024\" height=\"684\" src=\"https:\/\/arvorecultural.com.br\/wp-content\/uploads\/2026\/08\/agaleria-em-casa-1802-1024x684.jpg\" alt=\"\" class=\"wp-image-2553\" srcset=\"https:\/\/arvorecultural.com.br\/wp-content\/uploads\/2026\/08\/agaleria-em-casa-1802-1024x684.jpg 1024w, https:\/\/arvorecultural.com.br\/wp-content\/uploads\/2026\/08\/agaleria-em-casa-1802-300x200.jpg 300w, https:\/\/arvorecultural.com.br\/wp-content\/uploads\/2026\/08\/agaleria-em-casa-1802-768x513.jpg 768w, https:\/\/arvorecultural.com.br\/wp-content\/uploads\/2026\/08\/agaleria-em-casa-1802-1536x1025.jpg 1536w, https:\/\/arvorecultural.com.br\/wp-content\/uploads\/2026\/08\/agaleria-em-casa-1802-2048x1367.jpg 2048w\" sizes=\"(max-width: 1024px) 100vw, 1024px\" \/><\/figure>\n<\/div>\n<\/div>\n\n\n\n<p><strong><em>Bring an AGaleria experience to your space.<\/em><\/strong><\/p>\n\n\n\n<div class=\"wp-block-buttons is-content-justification-center is-layout-flex wp-container-core-buttons-layout-1 wp-block-buttons-is-layout-flex\">\n<div class=\"wp-block-button\"><a class=\"wp-block-button__link has-theme-palette-3-background-color has-background wp-element-button\">Talk to Our Curator<\/a><\/div>\n<\/div>\n\n\n\n<div class=\"wp-block-buttons is-content-justification-center is-layout-flex wp-container-core-buttons-layout-2 wp-block-buttons-is-layout-flex\">\n<div class=\"wp-block-button is-style-outline\"><a class=\"wp-block-button__link has-theme-palette-3-color has-theme-palette-9-background-color has-text-color has-background has-link-color wp-element-button\" href=\"https:\/\/arvorecultural.com.br\/en\/?page_id=2359\">Back to AGaleria<\/a><\/div>\n<\/div>","protected":false},"excerpt":{"rendered":"<p>Experi\u00eancias AGaleria Uma trajet\u00f3ria de encontros A hist\u00f3ria da AGaleria \u00e9 constru\u00edda por obras, artistas, espa\u00e7os e pessoas. Das exposi\u00e7\u00f5es realizadas em Ubatuba \u00e0s experi\u00eancias da AGaleria em Casa, cada encontro abriu novas possibilidades de conviv\u00eancia, cria\u00e7\u00e3o e aproxima\u00e7\u00e3o com a arte. Este percurso re\u00fane momentos que permanecem em nossa mem\u00f3ria e continuam inspirando novas&#8230;<\/p>","protected":false},"author":5,"featured_media":0,"parent":0,"menu_order":0,"comment_status":"closed","ping_status":"closed","template":"","meta":{"_kad_post_transparent":"","_kad_post_title":"","_kad_post_layout":"","_kad_post_sidebar_id":"","_kad_post_content_style":"","_kad_post_vertical_padding":"","_kad_post_feature":"","_kad_post_feature_position":"","_kad_post_header":false,"_kad_post_footer":false,"_kad_post_classname":"","footnotes":"","_joinchat":[]},"aioseo_notices":[],"aioseo_head":"\n\t\t<!-- All in One SEO 5.0.0.1 - aioseo.com -->\n\t<meta name=\"description\" content=\"Experi\u00eancias AGaleria Uma trajet\u00f3ria de encontros A hist\u00f3ria da AGaleria \u00e9 constru\u00edda por obras, artistas, espa\u00e7os e pessoas. Das exposi\u00e7\u00f5es realizadas em Ubatuba \u00e0s experi\u00eancias da AGaleria em Casa, cada encontro abriu novas possibilidades de conviv\u00eancia, cria\u00e7\u00e3o e aproxima\u00e7\u00e3o com a arte. Este percurso re\u00fane momentos que permanecem em nossa mem\u00f3ria e continuam inspirando novas Experi\u00eancias AGaleria Uma trajet\u00f3ria de encontros A hist\u00f3ria da AGaleria \u00e9 constru\u00edda por obras, artistas, espa\u00e7os e pessoas. Das exposi\u00e7\u00f5es realizadas em Ubatuba \u00e0s experi\u00eancias da AGaleria em Casa, cada encontro abriu novas possibilidades de conviv\u00eancia, cria\u00e7\u00e3o e aproxima\u00e7\u00e3o com a arte. Este percurso re\u00fane momentos que permanecem em nossa mem\u00f3ria e continuam inspirando novas\" \/>\n\t<meta name=\"robots\" content=\"max-image-preview:large\" \/>\n\t<link rel=\"canonical\" href=\"https:\/\/arvorecultural.com.br\/en\/experiencias-agaleria\/\" \/>\n\t<meta name=\"generator\" content=\"All in One SEO (AIOSEO) 5.0.0.1\" \/>\n\t\t<meta property=\"og:locale\" content=\"en_US\" \/>\n\t\t<meta property=\"og:site_name\" content=\"ArvoreCultural - Arte, cultura e estrat\u00e9gia que geram valor.\" \/>\n\t\t<meta property=\"og:type\" content=\"article\" \/>\n\t\t<meta property=\"og:title\" content=\"Experi\u00eancias AGaleria - ArvoreCultural\" \/>\n\t\t<meta property=\"og:description\" content=\"Experi\u00eancias AGaleria Uma trajet\u00f3ria de encontros A hist\u00f3ria da AGaleria \u00e9 constru\u00edda por obras, artistas, espa\u00e7os e pessoas. Das exposi\u00e7\u00f5es realizadas em Ubatuba \u00e0s experi\u00eancias da AGaleria em Casa, cada encontro abriu novas possibilidades de conviv\u00eancia, cria\u00e7\u00e3o e aproxima\u00e7\u00e3o com a arte. Este percurso re\u00fane momentos que permanecem em nossa mem\u00f3ria e continuam inspirando novas Experi\u00eancias AGaleria Uma trajet\u00f3ria de encontros A hist\u00f3ria da AGaleria \u00e9 constru\u00edda por obras, artistas, espa\u00e7os e pessoas. Das exposi\u00e7\u00f5es realizadas em Ubatuba \u00e0s experi\u00eancias da AGaleria em Casa, cada encontro abriu novas possibilidades de conviv\u00eancia, cria\u00e7\u00e3o e aproxima\u00e7\u00e3o com a arte. Este percurso re\u00fane momentos que permanecem em nossa mem\u00f3ria e continuam inspirando novas\" \/>\n\t\t<meta property=\"og:url\" content=\"https:\/\/arvorecultural.com.br\/en\/experiencias-agaleria\/\" \/>\n\t\t<meta property=\"og:image\" content=\"https:\/\/arvorecultural.com.br\/wp-content\/uploads\/2026\/08\/cropped-logo-arvore-cultural-azul-verde.png\" \/>\n\t\t<meta property=\"og:image:secure_url\" content=\"https:\/\/arvorecultural.com.br\/wp-content\/uploads\/2026\/08\/cropped-logo-arvore-cultural-azul-verde.png\" \/>\n\t\t<meta property=\"og:image:width\" content=\"512\" \/>\n\t\t<meta property=\"og:image:height\" content=\"512\" \/>\n\t\t<meta property=\"article:published_time\" content=\"2026-08-25T11:51:40+00:00\" \/>\n\t\t<meta property=\"article:modified_time\" content=\"2026-08-29T11:45:15+00:00\" \/>\n\t\t<meta name=\"twitter:card\" content=\"summary_large_image\" \/>\n\t\t<meta name=\"twitter:title\" content=\"Experi\u00eancias AGaleria - ArvoreCultural\" \/>\n\t\t<meta name=\"twitter:description\" content=\"Experi\u00eancias AGaleria Uma trajet\u00f3ria de encontros A hist\u00f3ria da AGaleria \u00e9 constru\u00edda por obras, artistas, espa\u00e7os e pessoas. Das exposi\u00e7\u00f5es realizadas em Ubatuba \u00e0s experi\u00eancias da AGaleria em Casa, cada encontro abriu novas possibilidades de conviv\u00eancia, cria\u00e7\u00e3o e aproxima\u00e7\u00e3o com a arte. Este percurso re\u00fane momentos que permanecem em nossa mem\u00f3ria e continuam inspirando novas Experi\u00eancias AGaleria Uma trajet\u00f3ria de encontros A hist\u00f3ria da AGaleria \u00e9 constru\u00edda por obras, artistas, espa\u00e7os e pessoas. Das exposi\u00e7\u00f5es realizadas em Ubatuba \u00e0s experi\u00eancias da AGaleria em Casa, cada encontro abriu novas possibilidades de conviv\u00eancia, cria\u00e7\u00e3o e aproxima\u00e7\u00e3o com a arte. Este percurso re\u00fane momentos que permanecem em nossa mem\u00f3ria e continuam inspirando novas\" \/>\n\t\t<meta name=\"twitter:image\" content=\"https:\/\/arvorecultural.com.br\/wp-content\/uploads\/2026\/08\/cropped-logo-arvore-cultural-azul-verde.png\" \/>\n\t\t<script type=\"application\/ld+json\" class=\"aioseo-schema\">\n\t\t\t{\"@context\":\"https:\\\/\\\/schema.org\",\"@graph\":[{\"@type\":\"BreadcrumbList\",\"@id\":\"https:\\\/\\\/arvorecultural.com.br\\\/en\\\/experiencias-agaleria\\\/#breadcrumblist\",\"itemListElement\":[{\"@type\":\"ListItem\",\"@id\":\"https:\\\/\\\/arvorecultural.com.br\\\/en#listItem\",\"position\":1,\"name\":\"Home\",\"item\":\"https:\\\/\\\/arvorecultural.com.br\\\/en\",\"nextItem\":{\"@type\":\"ListItem\",\"@id\":\"https:\\\/\\\/arvorecultural.com.br\\\/en\\\/experiencias-agaleria\\\/#listItem\",\"name\":\"Experi\\u00eancias AGaleria\"}},{\"@type\":\"ListItem\",\"@id\":\"https:\\\/\\\/arvorecultural.com.br\\\/en\\\/experiencias-agaleria\\\/#listItem\",\"position\":2,\"name\":\"Experi\\u00eancias AGaleria\",\"previousItem\":{\"@type\":\"ListItem\",\"@id\":\"https:\\\/\\\/arvorecultural.com.br\\\/en#listItem\",\"name\":\"Home\"}}]},{\"@type\":\"Organization\",\"@id\":\"https:\\\/\\\/arvorecultural.com.br\\\/en\\\/#organization\",\"name\":\"ArvoreCultural \\u00c1rvore Cultural\",\"description\":\"Arte, cultura e estrat\\u00e9gia que geram valor. Produtora e consultoria cultural especializada em cria\\u00e7\\u00e3o, coordena\\u00e7\\u00e3o, produ\\u00e7\\u00e3o e gest\\u00e3o de projetos de arte e cultura.\",\"url\":\"https:\\\/\\\/arvorecultural.com.br\\\/en\\\/\",\"telephone\":\"+5511955007575\",\"logo\":{\"@type\":\"ImageObject\",\"url\":\"https:\\\/\\\/arvorecultural.com.br\\\/wp-content\\\/uploads\\\/2026\\\/08\\\/cropped-logo-arvore-cultural-azul-verde.png\",\"@id\":\"https:\\\/\\\/arvorecultural.com.br\\\/en\\\/experiencias-agaleria\\\/#organizationLogo\",\"width\":512,\"height\":512},\"image\":{\"@id\":\"https:\\\/\\\/arvorecultural.com.br\\\/en\\\/experiencias-agaleria\\\/#organizationLogo\"},\"sameAs\":[\"https:\\\/\\\/www.instagram.com\\\/arvorecultural\\\/\"]},{\"@type\":\"WebPage\",\"@id\":\"https:\\\/\\\/arvorecultural.com.br\\\/en\\\/experiencias-agaleria\\\/#webpage\",\"url\":\"https:\\\/\\\/arvorecultural.com.br\\\/en\\\/experiencias-agaleria\\\/\",\"name\":\"Experi\\u00eancias AGaleria - ArvoreCultural\",\"description\":\"Experi\\u00eancias AGaleria Uma trajet\\u00f3ria de encontros A hist\\u00f3ria da AGaleria \\u00e9 constru\\u00edda por obras, artistas, espa\\u00e7os e pessoas. Das exposi\\u00e7\\u00f5es realizadas em Ubatuba \\u00e0s experi\\u00eancias da AGaleria em Casa, cada encontro abriu novas possibilidades de conviv\\u00eancia, cria\\u00e7\\u00e3o e aproxima\\u00e7\\u00e3o com a arte. Este percurso re\\u00fane momentos que permanecem em nossa mem\\u00f3ria e continuam inspirando novas Experi\\u00eancias AGaleria Uma trajet\\u00f3ria de encontros A hist\\u00f3ria da AGaleria \\u00e9 constru\\u00edda por obras, artistas, espa\\u00e7os e pessoas. Das exposi\\u00e7\\u00f5es realizadas em Ubatuba \\u00e0s experi\\u00eancias da AGaleria em Casa, cada encontro abriu novas possibilidades de conviv\\u00eancia, cria\\u00e7\\u00e3o e aproxima\\u00e7\\u00e3o com a arte. Este percurso re\\u00fane momentos que permanecem em nossa mem\\u00f3ria e continuam inspirando novas\",\"inLanguage\":\"en-US\",\"isPartOf\":{\"@id\":\"https:\\\/\\\/arvorecultural.com.br\\\/en\\\/#website\"},\"breadcrumb\":{\"@id\":\"https:\\\/\\\/arvorecultural.com.br\\\/en\\\/experiencias-agaleria\\\/#breadcrumblist\"},\"datePublished\":\"2026-08-25T08:51:40-03:00\",\"dateModified\":\"2026-08-29T08:45:15-03:00\"},{\"@type\":\"WebSite\",\"@id\":\"https:\\\/\\\/arvorecultural.com.br\\\/en\\\/#website\",\"url\":\"https:\\\/\\\/arvorecultural.com.br\\\/en\\\/\",\"name\":\"ArvoreCultural\",\"description\":\"Arte, cultura e estrat\\u00e9gia que geram valor.\",\"inLanguage\":\"en-US\",\"publisher\":{\"@id\":\"https:\\\/\\\/arvorecultural.com.br\\\/en\\\/#organization\"}}]}\n\t\t<\/script>\n\t\t<!-- All in One SEO -->\n\n","aioseo_head_json":{"title":"Experi\u00eancias AGaleria - ArvoreCultural","description":"Experi\u00eancias AGaleria Uma trajet\u00f3ria de encontros A hist\u00f3ria da AGaleria \u00e9 constru\u00edda por obras, artistas, espa\u00e7os e pessoas. Das exposi\u00e7\u00f5es realizadas em Ubatuba \u00e0s experi\u00eancias da AGaleria em Casa, cada encontro abriu novas possibilidades de conviv\u00eancia, cria\u00e7\u00e3o e aproxima\u00e7\u00e3o com a arte. Este percurso re\u00fane momentos que permanecem em nossa mem\u00f3ria e continuam inspirando novas Experi\u00eancias AGaleria Uma trajet\u00f3ria de encontros A hist\u00f3ria da AGaleria \u00e9 constru\u00edda por obras, artistas, espa\u00e7os e pessoas. Das exposi\u00e7\u00f5es realizadas em Ubatuba \u00e0s experi\u00eancias da AGaleria em Casa, cada encontro abriu novas possibilidades de conviv\u00eancia, cria\u00e7\u00e3o e aproxima\u00e7\u00e3o com a arte. Este percurso re\u00fane momentos que permanecem em nossa mem\u00f3ria e continuam inspirando novas","canonical_url":"https:\/\/arvorecultural.com.br\/en\/experiencias-agaleria\/","robots":"max-image-preview:large","keywords":"","webmasterTools":{"miscellaneous":""},"schema":{"@context":"https:\/\/schema.org","@graph":[{"@type":"BreadcrumbList","@id":"https:\/\/arvorecultural.com.br\/en\/experiencias-agaleria\/#breadcrumblist","itemListElement":[{"@type":"ListItem","@id":"https:\/\/arvorecultural.com.br\/en#listItem","position":1,"name":"Home","item":"https:\/\/arvorecultural.com.br\/en","nextItem":{"@type":"ListItem","@id":"https:\/\/arvorecultural.com.br\/en\/experiencias-agaleria\/#listItem","name":"Experi\u00eancias AGaleria"}},{"@type":"ListItem","@id":"https:\/\/arvorecultural.com.br\/en\/experiencias-agaleria\/#listItem","position":2,"name":"Experi\u00eancias AGaleria","previousItem":{"@type":"ListItem","@id":"https:\/\/arvorecultural.com.br\/en#listItem","name":"Home"}}]},{"@type":"Organization","@id":"https:\/\/arvorecultural.com.br\/en\/#organization","name":"ArvoreCultural \u00c1rvore Cultural","description":"Arte, cultura e estrat\u00e9gia que geram valor. Produtora e consultoria cultural especializada em cria\u00e7\u00e3o, coordena\u00e7\u00e3o, produ\u00e7\u00e3o e gest\u00e3o de projetos de arte e cultura.","url":"https:\/\/arvorecultural.com.br\/en\/","telephone":"+5511955007575","logo":{"@type":"ImageObject","url":"https:\/\/arvorecultural.com.br\/wp-content\/uploads\/2026\/08\/cropped-logo-arvore-cultural-azul-verde.png","@id":"https:\/\/arvorecultural.com.br\/en\/experiencias-agaleria\/#organizationLogo","width":512,"height":512},"image":{"@id":"https:\/\/arvorecultural.com.br\/en\/experiencias-agaleria\/#organizationLogo"},"sameAs":["https:\/\/www.instagram.com\/arvorecultural\/"]},{"@type":"WebPage","@id":"https:\/\/arvorecultural.com.br\/en\/experiencias-agaleria\/#webpage","url":"https:\/\/arvorecultural.com.br\/en\/experiencias-agaleria\/","name":"Experi\u00eancias AGaleria - ArvoreCultural","description":"Experi\u00eancias AGaleria Uma trajet\u00f3ria de encontros A hist\u00f3ria da AGaleria \u00e9 constru\u00edda por obras, artistas, espa\u00e7os e pessoas. Das exposi\u00e7\u00f5es realizadas em Ubatuba \u00e0s experi\u00eancias da AGaleria em Casa, cada encontro abriu novas possibilidades de conviv\u00eancia, cria\u00e7\u00e3o e aproxima\u00e7\u00e3o com a arte. Este percurso re\u00fane momentos que permanecem em nossa mem\u00f3ria e continuam inspirando novas Experi\u00eancias AGaleria Uma trajet\u00f3ria de encontros A hist\u00f3ria da AGaleria \u00e9 constru\u00edda por obras, artistas, espa\u00e7os e pessoas. Das exposi\u00e7\u00f5es realizadas em Ubatuba \u00e0s experi\u00eancias da AGaleria em Casa, cada encontro abriu novas possibilidades de conviv\u00eancia, cria\u00e7\u00e3o e aproxima\u00e7\u00e3o com a arte. Este percurso re\u00fane momentos que permanecem em nossa mem\u00f3ria e continuam inspirando novas","inLanguage":"en-US","isPartOf":{"@id":"https:\/\/arvorecultural.com.br\/en\/#website"},"breadcrumb":{"@id":"https:\/\/arvorecultural.com.br\/en\/experiencias-agaleria\/#breadcrumblist"},"datePublished":"2026-08-25T08:51:40-03:00","dateModified":"2026-08-29T08:45:15-03:00"},{"@type":"WebSite","@id":"https:\/\/arvorecultural.com.br\/en\/#website","url":"https:\/\/arvorecultural.com.br\/en\/","name":"ArvoreCultural","description":"Arte, cultura e estrat\u00e9gia que geram valor.","inLanguage":"en-US","publisher":{"@id":"https:\/\/arvorecultural.com.br\/en\/#organization"}}]},"og:locale":"en_US","og:site_name":"ArvoreCultural - Arte, cultura e estrat\u00e9gia que geram valor.","og:type":"article","og:title":"Experi\u00eancias AGaleria - ArvoreCultural","og:description":"Experi\u00eancias AGaleria Uma trajet\u00f3ria de encontros A hist\u00f3ria da AGaleria \u00e9 constru\u00edda por obras, artistas, espa\u00e7os e pessoas. Das exposi\u00e7\u00f5es realizadas em Ubatuba \u00e0s experi\u00eancias da AGaleria em Casa, cada encontro abriu novas possibilidades de conviv\u00eancia, cria\u00e7\u00e3o e aproxima\u00e7\u00e3o com a arte. Este percurso re\u00fane momentos que permanecem em nossa mem\u00f3ria e continuam inspirando novas Experi\u00eancias AGaleria Uma trajet\u00f3ria de encontros A hist\u00f3ria da AGaleria \u00e9 constru\u00edda por obras, artistas, espa\u00e7os e pessoas. Das exposi\u00e7\u00f5es realizadas em Ubatuba \u00e0s experi\u00eancias da AGaleria em Casa, cada encontro abriu novas possibilidades de conviv\u00eancia, cria\u00e7\u00e3o e aproxima\u00e7\u00e3o com a arte. Este percurso re\u00fane momentos que permanecem em nossa mem\u00f3ria e continuam inspirando novas","og:url":"https:\/\/arvorecultural.com.br\/en\/experiencias-agaleria\/","og:image":"https:\/\/arvorecultural.com.br\/wp-content\/uploads\/2026\/08\/cropped-logo-arvore-cultural-azul-verde.png","og:image:secure_url":"https:\/\/arvorecultural.com.br\/wp-content\/uploads\/2026\/08\/cropped-logo-arvore-cultural-azul-verde.png","og:image:width":512,"og:image:height":512,"article:published_time":"2026-08-25T11:51:40+00:00","article:modified_time":"2026-08-29T11:45:15+00:00","twitter:card":"summary_large_image","twitter:title":"Experi\u00eancias AGaleria - ArvoreCultural","twitter:description":"Experi\u00eancias AGaleria Uma trajet\u00f3ria de encontros A hist\u00f3ria da AGaleria \u00e9 constru\u00edda por obras, artistas, espa\u00e7os e pessoas. Das exposi\u00e7\u00f5es realizadas em Ubatuba \u00e0s experi\u00eancias da AGaleria em Casa, cada encontro abriu novas possibilidades de conviv\u00eancia, cria\u00e7\u00e3o e aproxima\u00e7\u00e3o com a arte. Este percurso re\u00fane momentos que permanecem em nossa mem\u00f3ria e continuam inspirando novas Experi\u00eancias AGaleria Uma trajet\u00f3ria de encontros A hist\u00f3ria da AGaleria \u00e9 constru\u00edda por obras, artistas, espa\u00e7os e pessoas. Das exposi\u00e7\u00f5es realizadas em Ubatuba \u00e0s experi\u00eancias da AGaleria em Casa, cada encontro abriu novas possibilidades de conviv\u00eancia, cria\u00e7\u00e3o e aproxima\u00e7\u00e3o com a arte. Este percurso re\u00fane momentos que permanecem em nossa mem\u00f3ria e continuam inspirando novas","twitter:image":"https:\/\/arvorecultural.com.br\/wp-content\/uploads\/2026\/08\/cropped-logo-arvore-cultural-azul-verde.png"},"aioseo_meta_data":{"post_id":"2503","title":null,"description":"#post_content #post_content","keywords":null,"keyphrases":{"focus":{"keyphrase":"","score":0,"analysis":{"keyphraseInTitle":{"score":0,"maxScore":9,"error":1}}},"additional":[]},"focus_keyword":null,"additional_keywords":null,"truseo_locale":null,"primary_term":null,"canonical_url":null,"og_title":null,"og_description":null,"og_object_type":"default","og_image_type":"default","og_image_custom_url":null,"og_image_custom_fields":null,"og_image_url":null,"og_image_width":null,"og_image_height":null,"og_video":"","og_custom_url":null,"og_article_section":null,"og_article_tags":null,"twitter_use_og":false,"twitter_card":"default","twitter_image_type":"default","twitter_image_custom_url":null,"twitter_image_custom_fields":null,"twitter_image_url":null,"twitter_title":null,"twitter_description":null,"schema_type":"default","schema_type_options":null,"schema":{"blockGraphs":[],"customGraphs":[],"default":{"data":{"Article":[],"Course":[],"Dataset":[],"FAQPage":[],"Movie":[],"Person":[],"Product":[],"ProductReview":[],"Car":[],"Recipe":[],"Service":[],"SoftwareApplication":[],"WebPage":[]},"graphName":"WebPage","isEnabled":true},"graphs":[]},"pillar_content":false,"robots_default":true,"robots_noindex":false,"robots_noarchive":false,"robots_nosnippet":false,"robots_nofollow":false,"robots_noimageindex":false,"robots_noodp":false,"robots_notranslate":false,"robots_max_snippet":"-1","robots_max_videopreview":"-1","robots_max_imagepreview":"large","priority":null,"frequency":"default","local_seo":null,"limit_modified_date":false,"ai":{"faqs":[],"keyPoints":[],"schemas":[],"titles":[],"descriptions":[],"socialPosts":{"email":{"subject":"","preview":"","content":""},"linkedin":[],"twitter":[],"facebook":[],"instagram":[]}},"breadcrumb_settings":null,"seo_analyzer_scan_date":null,"created":"2026-08-23 23:08:24","updated":"2026-08-29 11:46:29"},"aioseo_breadcrumb":"<div class=\"aioseo-breadcrumbs\"><span class=\"aioseo-breadcrumb\">\n\t\t\t<a href=\"https:\/\/arvorecultural.com.br\/en\" title=\"Home\">Home<\/a>\n\t\t<\/span><span class=\"aioseo-breadcrumb-separator\">&raquo;<\/span><span class=\"aioseo-breadcrumb\">\n\t\t\tExperi\u00eancias AGaleria\n\t\t<\/span><\/div>","aioseo_breadcrumb_json":[{"label":"Home","link":"https:\/\/arvorecultural.com.br\/en"},{"label":"Experi\u00eancias AGaleria","link":"https:\/\/arvorecultural.com.br\/en\/experiencias-agaleria\/"}],"_links":{"self":[{"href":"https:\/\/arvorecultural.com.br\/en\/wp-json\/wp\/v2\/pages\/2503"}],"collection":[{"href":"https:\/\/arvorecultural.com.br\/en\/wp-json\/wp\/v2\/pages"}],"about":[{"href":"https:\/\/arvorecultural.com.br\/en\/wp-json\/wp\/v2\/types\/page"}],"author":[{"embeddable":true,"href":"https:\/\/arvorecultural.com.br\/en\/wp-json\/wp\/v2\/users\/5"}],"replies":[{"embeddable":true,"href":"https:\/\/arvorecultural.com.br\/en\/wp-json\/wp\/v2\/comments?post=2503"}],"version-history":[{"count":42,"href":"https:\/\/arvorecultural.com.br\/en\/wp-json\/wp\/v2\/pages\/2503\/revisions"}],"predecessor-version":[{"id":3143,"href":"https:\/\/arvorecultural.com.br\/en\/wp-json\/wp\/v2\/pages\/2503\/revisions\/3143"}],"wp:attachment":[{"href":"https:\/\/arvorecultural.com.br\/en\/wp-json\/wp\/v2\/media?parent=2503"}],"curies":[{"name":"wp","href":"https:\/\/api.w.org\/{rel}","templated":true}]}}