{"id":3164,"date":"2026-08-29T13:42:55","date_gmt":"2026-08-29T16:42:55","guid":{"rendered":"https:\/\/arvorecultural.com.br\/?page_id=3164"},"modified":"2026-08-30T07:56:43","modified_gmt":"2026-08-30T10:56:43","slug":"bienal-sonora","status":"publish","type":"page","link":"https:\/\/arvorecultural.com.br\/en\/bienal-sonora\/","title":{"rendered":"Bienal Sonora"},"content":{"rendered":"<h2 class=\"wp-block-heading\">Bienal Sonora <\/h2>\n\n\n\n<div class=\"wp-block-columns is-layout-flex wp-container-core-columns-layout-1 wp-block-columns-is-layout-flex\">\n<div class=\"wp-block-column is-layout-flow wp-block-column-is-layout-flow\">\n<figure class=\"wp-block-image size-large\"><img loading=\"lazy\" decoding=\"async\" width=\"1024\" height=\"683\" src=\"https:\/\/arvorecultural.com.br\/wp-content\/uploads\/2026\/08\/bienal-sonora-capa-site-1200x800-4-1024x683.webp\" alt=\"\" class=\"wp-image-3171\" srcset=\"https:\/\/arvorecultural.com.br\/wp-content\/uploads\/2026\/08\/bienal-sonora-capa-site-1200x800-4-1024x683.webp 1024w, https:\/\/arvorecultural.com.br\/wp-content\/uploads\/2026\/08\/bienal-sonora-capa-site-1200x800-4-300x200.webp 300w, https:\/\/arvorecultural.com.br\/wp-content\/uploads\/2026\/08\/bienal-sonora-capa-site-1200x800-4-768x512.webp 768w, https:\/\/arvorecultural.com.br\/wp-content\/uploads\/2026\/08\/bienal-sonora-capa-site-1200x800-4.webp 1200w\" sizes=\"(max-width: 1024px) 100vw, 1024px\" \/><\/figure>\n<\/div>\n\n\n\n<div class=\"wp-block-column is-layout-flow wp-block-column-is-layout-flow\">\n<h2 class=\"wp-block-heading\">From the First Pulse to the Sound of the Future<\/h2>\n\n\n\n<p><strong>Cultural Music Platform | Rouanet Law<\/strong><\/p>\n\n\n\n<p>Bienal Sonora is a cultural platform that connects music, memory, education, and innovation, creating experiences that bring artists, audiences, territories, and different generations together.<\/p>\n\n\n\n<p>Through performances, educational activities, and encounters between different artistic languages, the project explores the history of sound while opening space for new possibilities in creation, listening, and cultural engagement.<\/p>\n<\/div>\n<\/div>\n\n\n\n<p>Bienal Sonora was created from the desire to broaden the ways we listen and reveal how music moves across eras, territories, cultures, and social transformations.<\/p>\n\n\n\n<p>Its program brings together musical performances, educational experiences, and activities that connect memory with the contemporary world, celebrating artists, repertoires, knowledge, and new forms of creation.<\/p>\n\n\n\n<p>More than a series of concerts, Bienal Sonora is a platform for encounters: a space for audience development, artistic circulation, intergenerational dialogue, and connections between music, culture, cities, and the future.<\/p>\n\n\n\n<figure class=\"wp-block-image size-large\"><img loading=\"lazy\" decoding=\"async\" width=\"1024\" height=\"555\" src=\"https:\/\/arvorecultural.com.br\/wp-content\/uploads\/2026\/08\/bienal-sonora-musica-atraves-do-tempo-1200x650-1-1024x555.webp\" alt=\"nstrumentos musicais de diferentes \u00e9pocas conectados por uma linha sonora em dire\u00e7\u00e3o ao futuro\" class=\"wp-image-3193\" srcset=\"https:\/\/arvorecultural.com.br\/wp-content\/uploads\/2026\/08\/bienal-sonora-musica-atraves-do-tempo-1200x650-1-1024x555.webp 1024w, https:\/\/arvorecultural.com.br\/wp-content\/uploads\/2026\/08\/bienal-sonora-musica-atraves-do-tempo-1200x650-1-300x163.webp 300w, https:\/\/arvorecultural.com.br\/wp-content\/uploads\/2026\/08\/bienal-sonora-musica-atraves-do-tempo-1200x650-1-768x416.webp 768w, https:\/\/arvorecultural.com.br\/wp-content\/uploads\/2026\/08\/bienal-sonora-musica-atraves-do-tempo-1200x650-1.webp 1200w\" sizes=\"(max-width: 1024px) 100vw, 1024px\" \/><\/figure>\n\n\n\n<p class=\"has-small-font-size\"><em>Concept and creative direction: \u00c1rvore Cultural. Concept illustration created with the support of artificial intelligence to represent the journey from the first pulse to the sound of the future.<\/em><\/p>\n\n\n\n<h2 class=\"wp-block-heading\"><strong>Bienal Experiences<\/strong><\/h2>\n\n\n\n<div class=\"wp-block-columns is-layout-flex wp-container-core-columns-layout-2 wp-block-columns-is-layout-flex\">\n<div class=\"wp-block-column is-layout-flow wp-block-column-is-layout-flow\">\n<h3 class=\"wp-block-heading\">Concerts and Musical Encounters<\/h3>\n\n\n\n<p>Free performances bring together artists, repertoires, and different musical expressions, creating opportunities for listening and shared experiences for diverse audiences.<\/p>\n<\/div>\n\n\n\n<div class=\"wp-block-column is-layout-flow wp-block-column-is-layout-flow\">\n<h3 class=\"wp-block-heading\">Education and New Generations<\/h3>\n\n\n\n<p>Workshops, educational concerts, and learning activities bring students, artists, and educators together, encouraging new discoveries and expanding access to music.<\/p>\n<\/div>\n\n\n\n<div class=\"wp-block-column is-layout-flow wp-block-column-is-layout-flow\">\n<h3 class=\"wp-block-heading\">Memory, Innovation, and the Future<\/h3>\n\n\n\n<p>Interactive experiences and intergenerational encounters connect the memory of sound with new technologies, artistic languages, and possibilities for musical creation.<\/p>\n<\/div>\n<\/div>\n\n\n\n<h2 class=\"wp-block-heading\">Bienal Sonora in Numbers<\/h2>\n\n\n\n<div class=\"wp-block-columns is-layout-flex wp-container-core-columns-layout-3 wp-block-columns-is-layout-flex\">\n<div class=\"wp-block-column is-layout-flow wp-block-column-is-layout-flow\">\n<h3 class=\"wp-block-heading\">42 Performances<\/h3>\n\n\n\n<p>A musical program comprising 30 weekday performances and 12 weekend performances.<\/p>\n<\/div>\n\n\n\n<div class=\"wp-block-column is-layout-flow wp-block-column-is-layout-flow\">\n<h3 class=\"wp-block-heading\">More Than 30,000 People<\/h3>\n\n\n\n<p>An estimated direct audience of 20,000 people, with a total reach of more than 30,000 participants throughout the activities.<\/p>\n<\/div>\n\n\n\n<div class=\"wp-block-column is-layout-flow wp-block-column-is-layout-flow\">\n<h3 class=\"wp-block-heading\">Free Admission<\/h3>\n\n\n\n<p>Concerts, workshops, educational experiences, and cultural activities offered free of charge, expanding access to music and culture.<\/p>\n<\/div>\n<\/div>\n\n\n\n<figure class=\"wp-block-image size-large\"><img loading=\"lazy\" decoding=\"async\" width=\"1024\" height=\"555\" src=\"https:\/\/arvorecultural.com.br\/wp-content\/uploads\/2026\/08\/bienal-sonora-pavilhao-conceitual-1200x650-1-1024x555.webp\" alt=\"Pavilh\u00e3o conceitual da Bienal Sonora com apresenta\u00e7\u00f5es, instala\u00e7\u00f5es interativas e p\u00fablico diverso\" class=\"wp-image-3196\" srcset=\"https:\/\/arvorecultural.com.br\/wp-content\/uploads\/2026\/08\/bienal-sonora-pavilhao-conceitual-1200x650-1-1024x555.webp 1024w, https:\/\/arvorecultural.com.br\/wp-content\/uploads\/2026\/08\/bienal-sonora-pavilhao-conceitual-1200x650-1-300x163.webp 300w, https:\/\/arvorecultural.com.br\/wp-content\/uploads\/2026\/08\/bienal-sonora-pavilhao-conceitual-1200x650-1-768x416.webp 768w, https:\/\/arvorecultural.com.br\/wp-content\/uploads\/2026\/08\/bienal-sonora-pavilhao-conceitual-1200x650-1.webp 1200w\" sizes=\"(max-width: 1024px) 100vw, 1024px\" \/><\/figure>\n\n\n\n<p class=\"has-small-font-size\"><em>Concept and creative direction: \u00c1rvore Cultural. Concept visualization created with the support of artificial intelligence to guide future architectural, scenographic, and audience-experience studies. The image does not represent a definitive architectural design.<\/em><\/p>\n\n\n\n<h2 class=\"wp-block-heading\">An Approved Project Open to Partnerships<\/h2>\n\n\n\n<div class=\"wp-block-columns is-layout-flex wp-container-core-columns-layout-4 wp-block-columns-is-layout-flex\">\n<div class=\"wp-block-column is-layout-flow wp-block-column-is-layout-flow\">\n<h2 class=\"wp-block-heading\">Rouanet Law<\/h2>\n\n\n\n<p>PRONAC 258852 | Artigo 18<\/p>\n\n\n\n<p>The project is authorized to raise funds through Brazil\u2019s federal tax incentive program, allowing companies taxed under the Lucro Real regime to allocate a portion of their income tax to its implementation.<\/p>\n<\/div>\n\n\n\n<div class=\"wp-block-column is-layout-flow wp-block-column-is-layout-flow\">\n<h2 class=\"wp-block-heading\">Direct Cultural Investment<\/h2>\n\n\n\n<p>Bienal Sonora is also open to direct investment, private funding, and commercial partnerships developed according to each organization\u2019s objectives and strategies.<\/p>\n<\/div>\n\n\n\n<div class=\"wp-block-column is-layout-flow wp-block-column-is-layout-flow\">\n<h2 class=\"wp-block-heading\">Brand Activations and Experiences<\/h2>\n\n\n\n<p>Partner brands can take part in content, experiences, events, educational initiatives, technology, audience engagement, and other activations integrated into the project\u2019s universe.<\/p>\n<\/div>\n<\/div>\n\n\n\n<h2 class=\"wp-block-heading\"><strong>A Cultural Platform for Brands and Investors<\/strong><\/h2>\n\n\n\n<div class=\"wp-block-columns is-layout-flex wp-container-core-columns-layout-5 wp-block-columns-is-layout-flex\">\n<div class=\"wp-block-column is-layout-flow wp-block-column-is-layout-flow\">\n<h3 class=\"wp-block-heading\">Culture, Access, and Impact<\/h3>\n\n\n\n<p>By participating in Bienal Sonora, companies and investors become associated with an initiative that expands free access to music, celebrates cultural diversity, and promotes education, shared experiences, and exchange between generations.<\/p>\n\n\n\n<p>The project creates opportunities for social and cultural impact through experiences designed to remain in participants\u2019 memories and strengthen connections with different audiences.<\/p>\n<\/div>\n\n\n\n<div class=\"wp-block-column is-layout-flow wp-block-column-is-layout-flow\">\n<h3 class=\"wp-block-heading\">Brand, Content, and Engagement<\/h3>\n\n\n\n<p>Bienal Sonora\u2019s broad scope enables the development of visibility opportunities, audiovisual content, audience engagement, hospitality, behind-the-scenes access, educational initiatives, and customized experiences.<\/p>\n\n\n\n<p>Each partnership can be developed in dialogue with the organization\u2019s objectives, connecting culture, innovation, institutional positioning, and value creation.<\/p>\n<\/div>\n<\/div>\n\n\n\n<h2 class=\"wp-block-heading\">Accessibility and Democratizing Access<\/h2>\n\n\n\n<p>Bienal Sonora was conceived to expand encounters between music and different audiences. Its free program helps democratize access to culture and brings together people of different ages, backgrounds, and territories.<\/p>\n\n\n\n<p>The project includes accessibility resources such as Brazilian Sign Language interpretation, audio description, and accessible spaces, as well as educational concerts, workshops, and learning activities that strengthen participation and cultural inclusion.<\/p>\n\n\n\n<p>More than ensuring attendance, the initiative seeks to create the conditions for different audiences to experience, understand, and share everything Bienal Sonora has to offer.<\/p>\n\n\n\n<h2 class=\"wp-block-heading\">Concept and Creative Partnership<\/h2>\n\n\n\n<div class=\"wp-block-columns is-layout-flex wp-container-core-columns-layout-6 wp-block-columns-is-layout-flex\">\n<div class=\"wp-block-column is-layout-flow wp-block-column-is-layout-flow\">\n<h2 class=\"wp-block-heading\">Ney Marques \u2014 Concept and Artistic Direction<\/h2>\n\n\n\n<p>Musician, producer, and researcher Ney Marques is one of the creators of Bienal Sonora and leads its artistic direction, contributing his experience, career, and knowledge of Brazilian music.<\/p>\n\n\n\n<p><a href=\"https:\/\/neymarques.com\/biografia-e-premios\/\" target=\"_blank\" rel=\"noreferrer noopener\"><strong>Discover Ney Marques\u2019s Artistic Career <\/strong><\/a><\/p>\n<\/div>\n\n\n\n<div class=\"wp-block-column is-layout-flow wp-block-column-is-layout-flow\">\n<h2 class=\"wp-block-heading\">\u00c1rvore Cultural \u2014 Concept and Cultural Production<\/h2>\n\n\n\n<p>\u00c1rvore Cultural is one of the creators of Bienal Sonora and is responsible for developing its name and concept as an independent cultural platform.<\/p>\n\n\n\n<p>Under the coordination of Dirce Abreu, \u00c1rvore Cultural works on project development, cultural production, strategy, identity, institutional relations, and partnership building.<\/p>\n<\/div>\n<\/div>\n\n\n\n<p>Project Applicant: Est\u00fadio e Gravadora Flautin 55 Ltda.<\/p>\n\n\n\n<h2 class=\"wp-block-heading\"><strong>Your Brand Can Be Part of Music\u2019s Future<\/strong><\/h2>\n\n\n\n<p>Bienal Sonora invites companies, investors, and partners to help build a cultural platform that connects music, memory, education, innovation, and new experiences.<\/p>\n\n\n\n<p>Together, we can develop a partnership that expands access to culture, builds audience relationships, strengthens brand presence, and creates value for society.<\/p>\n\n\n\n<div class=\"wp-block-buttons is-content-justification-center is-layout-flex wp-container-core-buttons-layout-1 wp-block-buttons-is-layout-flex\">\n<div class=\"wp-block-button\"><a class=\"wp-block-button__link wp-element-button\" href=\"https:\/\/wa.me\/5511955007575\" target=\"_blank\" rel=\"noreferrer noopener\">Explore Partnership Opportunities<\/a><\/div>\n<\/div>\n\n\n\n<div class=\"wp-block-buttons is-content-justification-center is-layout-flex wp-container-core-buttons-layout-2 wp-block-buttons-is-layout-flex\">\n<div class=\"wp-block-button is-style-outline\"><a class=\"wp-block-button__link wp-element-button\" href=\"https:\/\/arvorecultural.com.br\/en\/\">Back to Home<\/a><\/div>\n<\/div>","protected":false},"excerpt":{"rendered":"<p>Bienal Sonora Da primeira pulsa\u00e7\u00e3o ao som do futuro Plataforma cultural de m\u00fasica | Lei Rouanet A Bienal Sonora \u00e9 uma plataforma cultural que conecta m\u00fasica, mem\u00f3ria, forma\u00e7\u00e3o e inova\u00e7\u00e3o, criando experi\u00eancias capazes de aproximar artistas, p\u00fablicos, territ\u00f3rios e diferentes gera\u00e7\u00f5es. Com apresenta\u00e7\u00f5es, a\u00e7\u00f5es educativas e encontros entre linguagens, o projeto percorre a hist\u00f3ria dos&#8230;<\/p>","protected":false},"author":5,"featured_media":0,"parent":0,"menu_order":0,"comment_status":"closed","ping_status":"closed","template":"","meta":{"_kad_post_transparent":"","_kad_post_title":"","_kad_post_layout":"","_kad_post_sidebar_id":"","_kad_post_content_style":"","_kad_post_vertical_padding":"","_kad_post_feature":"","_kad_post_feature_position":"","_kad_post_header":false,"_kad_post_footer":false,"_kad_post_classname":"","footnotes":"","_joinchat":[]},"aioseo_notices":[],"aioseo_head":"\n\t\t<!-- All in One SEO 5.0.0.1 - aioseo.com -->\n\t<meta name=\"description\" content=\"Conhe\u00e7a a Bienal Sonora, plataforma cultural de m\u00fasica, mem\u00f3ria, forma\u00e7\u00e3o e inova\u00e7\u00e3o, aberta a patrocinadores, investidores e novas parcerias.\" \/>\n\t<meta name=\"robots\" content=\"max-image-preview:large\" \/>\n\t<link rel=\"canonical\" href=\"https:\/\/arvorecultural.com.br\/en\/bienal-sonora\/\" \/>\n\t<meta name=\"generator\" content=\"All in One SEO (AIOSEO) 5.0.0.1\" \/>\n\t\t<meta property=\"og:locale\" content=\"en_US\" \/>\n\t\t<meta property=\"og:site_name\" content=\"ArvoreCultural - Arte, cultura e estrat\u00e9gia que geram valor.\" \/>\n\t\t<meta property=\"og:type\" content=\"article\" \/>\n\t\t<meta property=\"og:title\" content=\"Bienal Sonora | M\u00fasica, inova\u00e7\u00e3o e investimento cultural\" \/>\n\t\t<meta property=\"og:description\" content=\"Conhe\u00e7a a Bienal Sonora, plataforma cultural de m\u00fasica, mem\u00f3ria, forma\u00e7\u00e3o e inova\u00e7\u00e3o, aberta a patrocinadores, investidores e novas parcerias.\" \/>\n\t\t<meta property=\"og:url\" content=\"https:\/\/arvorecultural.com.br\/en\/bienal-sonora\/\" \/>\n\t\t<meta property=\"og:image\" content=\"https:\/\/arvorecultural.com.br\/wp-content\/uploads\/2026\/08\/bienal-sonora-capa-site-1200x800-2.webp\" \/>\n\t\t<meta property=\"og:image:secure_url\" content=\"https:\/\/arvorecultural.com.br\/wp-content\/uploads\/2026\/08\/bienal-sonora-capa-site-1200x800-2.webp\" \/>\n\t\t<meta property=\"article:published_time\" content=\"2026-08-29T16:42:55+00:00\" \/>\n\t\t<meta property=\"article:modified_time\" content=\"2026-08-30T10:56:43+00:00\" \/>\n\t\t<meta name=\"twitter:card\" content=\"summary_large_image\" \/>\n\t\t<meta name=\"twitter:title\" content=\"Bienal Sonora | M\u00fasica, inova\u00e7\u00e3o e investimento cultural\" \/>\n\t\t<meta name=\"twitter:description\" content=\"Conhe\u00e7a a Bienal Sonora, plataforma cultural de m\u00fasica, mem\u00f3ria, forma\u00e7\u00e3o e inova\u00e7\u00e3o, aberta a patrocinadores, investidores e novas parcerias.\" \/>\n\t\t<meta name=\"twitter:image\" content=\"https:\/\/arvorecultural.com.br\/wp-content\/uploads\/2026\/08\/cropped-logo-arvore-cultural-azul-verde.png\" \/>\n\t\t<script type=\"application\/ld+json\" class=\"aioseo-schema\">\n\t\t\t{\"@context\":\"https:\\\/\\\/schema.org\",\"@graph\":[{\"@type\":\"BreadcrumbList\",\"@id\":\"https:\\\/\\\/arvorecultural.com.br\\\/en\\\/bienal-sonora\\\/#breadcrumblist\",\"itemListElement\":[{\"@type\":\"ListItem\",\"@id\":\"https:\\\/\\\/arvorecultural.com.br\\\/en#listItem\",\"position\":1,\"name\":\"Home\",\"item\":\"https:\\\/\\\/arvorecultural.com.br\\\/en\",\"nextItem\":{\"@type\":\"ListItem\",\"@id\":\"https:\\\/\\\/arvorecultural.com.br\\\/en\\\/bienal-sonora\\\/#listItem\",\"name\":\"Bienal Sonora\"}},{\"@type\":\"ListItem\",\"@id\":\"https:\\\/\\\/arvorecultural.com.br\\\/en\\\/bienal-sonora\\\/#listItem\",\"position\":2,\"name\":\"Bienal Sonora\",\"previousItem\":{\"@type\":\"ListItem\",\"@id\":\"https:\\\/\\\/arvorecultural.com.br\\\/en#listItem\",\"name\":\"Home\"}}]},{\"@type\":\"Organization\",\"@id\":\"https:\\\/\\\/arvorecultural.com.br\\\/en\\\/#organization\",\"name\":\"ArvoreCultural \\u00c1rvore Cultural\",\"description\":\"Arte, cultura e estrat\\u00e9gia que geram valor. Produtora e consultoria cultural especializada em cria\\u00e7\\u00e3o, coordena\\u00e7\\u00e3o, produ\\u00e7\\u00e3o e gest\\u00e3o de projetos de arte e cultura.\",\"url\":\"https:\\\/\\\/arvorecultural.com.br\\\/en\\\/\",\"telephone\":\"+5511955007575\",\"logo\":{\"@type\":\"ImageObject\",\"url\":\"https:\\\/\\\/arvorecultural.com.br\\\/wp-content\\\/uploads\\\/2026\\\/08\\\/cropped-logo-arvore-cultural-azul-verde.png\",\"@id\":\"https:\\\/\\\/arvorecultural.com.br\\\/en\\\/bienal-sonora\\\/#organizationLogo\",\"width\":512,\"height\":512},\"image\":{\"@id\":\"https:\\\/\\\/arvorecultural.com.br\\\/en\\\/bienal-sonora\\\/#organizationLogo\"},\"sameAs\":[\"https:\\\/\\\/www.instagram.com\\\/arvorecultural\\\/\"]},{\"@type\":\"WebPage\",\"@id\":\"https:\\\/\\\/arvorecultural.com.br\\\/en\\\/bienal-sonora\\\/#webpage\",\"url\":\"https:\\\/\\\/arvorecultural.com.br\\\/en\\\/bienal-sonora\\\/\",\"name\":\"Bienal Sonora | M\\u00fasica, inova\\u00e7\\u00e3o e investimento cultural\",\"description\":\"Conhe\\u00e7a a Bienal Sonora, plataforma cultural de m\\u00fasica, mem\\u00f3ria, forma\\u00e7\\u00e3o e inova\\u00e7\\u00e3o, aberta a patrocinadores, investidores e novas parcerias.\",\"inLanguage\":\"en-US\",\"isPartOf\":{\"@id\":\"https:\\\/\\\/arvorecultural.com.br\\\/en\\\/#website\"},\"breadcrumb\":{\"@id\":\"https:\\\/\\\/arvorecultural.com.br\\\/en\\\/bienal-sonora\\\/#breadcrumblist\"},\"datePublished\":\"2026-08-29T13:42:55-03:00\",\"dateModified\":\"2026-08-30T07:56:43-03:00\"},{\"@type\":\"WebSite\",\"@id\":\"https:\\\/\\\/arvorecultural.com.br\\\/en\\\/#website\",\"url\":\"https:\\\/\\\/arvorecultural.com.br\\\/en\\\/\",\"name\":\"ArvoreCultural\",\"description\":\"Arte, cultura e estrat\\u00e9gia que geram valor.\",\"inLanguage\":\"en-US\",\"publisher\":{\"@id\":\"https:\\\/\\\/arvorecultural.com.br\\\/en\\\/#organization\"}}]}\n\t\t<\/script>\n\t\t<!-- All in One SEO -->\n\n","aioseo_head_json":{"title":"Bienal Sonora | M\u00fasica, inova\u00e7\u00e3o e investimento cultural","description":"Conhe\u00e7a a Bienal Sonora, plataforma cultural de m\u00fasica, mem\u00f3ria, forma\u00e7\u00e3o e inova\u00e7\u00e3o, aberta a patrocinadores, investidores e novas parcerias.","canonical_url":"https:\/\/arvorecultural.com.br\/en\/bienal-sonora\/","robots":"max-image-preview:large","keywords":"","webmasterTools":{"miscellaneous":""},"schema":{"@context":"https:\/\/schema.org","@graph":[{"@type":"BreadcrumbList","@id":"https:\/\/arvorecultural.com.br\/en\/bienal-sonora\/#breadcrumblist","itemListElement":[{"@type":"ListItem","@id":"https:\/\/arvorecultural.com.br\/en#listItem","position":1,"name":"Home","item":"https:\/\/arvorecultural.com.br\/en","nextItem":{"@type":"ListItem","@id":"https:\/\/arvorecultural.com.br\/en\/bienal-sonora\/#listItem","name":"Bienal Sonora"}},{"@type":"ListItem","@id":"https:\/\/arvorecultural.com.br\/en\/bienal-sonora\/#listItem","position":2,"name":"Bienal Sonora","previousItem":{"@type":"ListItem","@id":"https:\/\/arvorecultural.com.br\/en#listItem","name":"Home"}}]},{"@type":"Organization","@id":"https:\/\/arvorecultural.com.br\/en\/#organization","name":"ArvoreCultural \u00c1rvore Cultural","description":"Arte, cultura e estrat\u00e9gia que geram valor. Produtora e consultoria cultural especializada em cria\u00e7\u00e3o, coordena\u00e7\u00e3o, produ\u00e7\u00e3o e gest\u00e3o de projetos de arte e cultura.","url":"https:\/\/arvorecultural.com.br\/en\/","telephone":"+5511955007575","logo":{"@type":"ImageObject","url":"https:\/\/arvorecultural.com.br\/wp-content\/uploads\/2026\/08\/cropped-logo-arvore-cultural-azul-verde.png","@id":"https:\/\/arvorecultural.com.br\/en\/bienal-sonora\/#organizationLogo","width":512,"height":512},"image":{"@id":"https:\/\/arvorecultural.com.br\/en\/bienal-sonora\/#organizationLogo"},"sameAs":["https:\/\/www.instagram.com\/arvorecultural\/"]},{"@type":"WebPage","@id":"https:\/\/arvorecultural.com.br\/en\/bienal-sonora\/#webpage","url":"https:\/\/arvorecultural.com.br\/en\/bienal-sonora\/","name":"Bienal Sonora | M\u00fasica, inova\u00e7\u00e3o e investimento cultural","description":"Conhe\u00e7a a Bienal Sonora, plataforma cultural de m\u00fasica, mem\u00f3ria, forma\u00e7\u00e3o e inova\u00e7\u00e3o, aberta a patrocinadores, investidores e novas parcerias.","inLanguage":"en-US","isPartOf":{"@id":"https:\/\/arvorecultural.com.br\/en\/#website"},"breadcrumb":{"@id":"https:\/\/arvorecultural.com.br\/en\/bienal-sonora\/#breadcrumblist"},"datePublished":"2026-08-29T13:42:55-03:00","dateModified":"2026-08-30T07:56:43-03:00"},{"@type":"WebSite","@id":"https:\/\/arvorecultural.com.br\/en\/#website","url":"https:\/\/arvorecultural.com.br\/en\/","name":"ArvoreCultural","description":"Arte, cultura e estrat\u00e9gia que geram valor.","inLanguage":"en-US","publisher":{"@id":"https:\/\/arvorecultural.com.br\/en\/#organization"}}]},"og:locale":"en_US","og:site_name":"ArvoreCultural - Arte, cultura e estrat\u00e9gia que geram valor.","og:type":"article","og:title":"Bienal Sonora | M\u00fasica, inova\u00e7\u00e3o e investimento cultural","og:description":"Conhe\u00e7a a Bienal Sonora, plataforma cultural de m\u00fasica, mem\u00f3ria, forma\u00e7\u00e3o e inova\u00e7\u00e3o, aberta a patrocinadores, investidores e novas parcerias.","og:url":"https:\/\/arvorecultural.com.br\/en\/bienal-sonora\/","og:image":"https:\/\/arvorecultural.com.br\/wp-content\/uploads\/2026\/08\/bienal-sonora-capa-site-1200x800-2.webp","og:image:secure_url":"https:\/\/arvorecultural.com.br\/wp-content\/uploads\/2026\/08\/bienal-sonora-capa-site-1200x800-2.webp","article:published_time":"2026-08-29T16:42:55+00:00","article:modified_time":"2026-08-30T10:56:43+00:00","twitter:card":"summary_large_image","twitter:title":"Bienal Sonora | M\u00fasica, inova\u00e7\u00e3o e investimento cultural","twitter:description":"Conhe\u00e7a a Bienal Sonora, plataforma cultural de m\u00fasica, mem\u00f3ria, forma\u00e7\u00e3o e inova\u00e7\u00e3o, aberta a patrocinadores, investidores e novas parcerias.","twitter:image":"https:\/\/arvorecultural.com.br\/wp-content\/uploads\/2026\/08\/cropped-logo-arvore-cultural-azul-verde.png"},"aioseo_meta_data":{"post_id":"3164","title":"Bienal Sonora | M\u00fasica, inova\u00e7\u00e3o e investimento cultural","description":"Conhe\u00e7a a Bienal Sonora, plataforma cultural de m\u00fasica, mem\u00f3ria, forma\u00e7\u00e3o e inova\u00e7\u00e3o, aberta a patrocinadores, investidores e novas parcerias.","keywords":null,"keyphrases":{"focus":{"keyphrase":"Bienal Sonora","score":0,"analysis":[]},"additional":[]},"focus_keyword":"Bienal Sonora","additional_keywords":null,"truseo_locale":null,"primary_term":null,"canonical_url":null,"og_title":null,"og_description":null,"og_object_type":"default","og_image_type":"custom_image","og_image_custom_url":"https:\/\/arvorecultural.com.br\/wp-content\/uploads\/2026\/08\/bienal-sonora-capa-site-1200x800-2.webp","og_image_custom_fields":null,"og_image_url":"https:\/\/arvorecultural.com.br\/wp-content\/uploads\/2026\/08\/bienal-sonora-capa-site-1200x800-2.webp","og_image_width":"0","og_image_height":"0","og_video":"","og_custom_url":null,"og_article_section":null,"og_article_tags":null,"twitter_use_og":false,"twitter_card":"default","twitter_image_type":"default","twitter_image_custom_url":null,"twitter_image_custom_fields":null,"twitter_image_url":null,"twitter_title":null,"twitter_description":null,"schema_type":"default","schema_type_options":null,"schema":{"blockGraphs":[],"customGraphs":[],"default":{"data":{"Article":[],"Course":[],"Dataset":[],"FAQPage":[],"Movie":[],"Person":[],"Product":[],"ProductReview":[],"Car":[],"Recipe":[],"Service":[],"SoftwareApplication":[],"WebPage":[]},"graphName":"WebPage","isEnabled":true},"graphs":[]},"pillar_content":false,"robots_default":true,"robots_noindex":false,"robots_noarchive":false,"robots_nosnippet":false,"robots_nofollow":false,"robots_noimageindex":false,"robots_noodp":false,"robots_notranslate":false,"robots_max_snippet":"-1","robots_max_videopreview":"-1","robots_max_imagepreview":"large","priority":null,"frequency":"default","local_seo":null,"limit_modified_date":false,"ai":{"faqs":[],"keyPoints":[],"schemas":[],"titles":[],"descriptions":[],"socialPosts":{"email":{"subject":"","preview":"","content":""},"linkedin":[],"twitter":[],"facebook":[],"instagram":[]}},"breadcrumb_settings":null,"seo_analyzer_scan_date":null,"created":"2026-08-29 12:43:12","updated":"2026-08-30 11:53:08"},"aioseo_breadcrumb":"<div class=\"aioseo-breadcrumbs\"><span class=\"aioseo-breadcrumb\">\n\t\t\t<a href=\"https:\/\/arvorecultural.com.br\/en\" title=\"Home\">Home<\/a>\n\t\t<\/span><span class=\"aioseo-breadcrumb-separator\">&raquo;<\/span><span class=\"aioseo-breadcrumb\">\n\t\t\tBienal Sonora\n\t\t<\/span><\/div>","aioseo_breadcrumb_json":[{"label":"Home","link":"https:\/\/arvorecultural.com.br\/en"},{"label":"Bienal Sonora","link":"https:\/\/arvorecultural.com.br\/en\/bienal-sonora\/"}],"_links":{"self":[{"href":"https:\/\/arvorecultural.com.br\/en\/wp-json\/wp\/v2\/pages\/3164"}],"collection":[{"href":"https:\/\/arvorecultural.com.br\/en\/wp-json\/wp\/v2\/pages"}],"about":[{"href":"https:\/\/arvorecultural.com.br\/en\/wp-json\/wp\/v2\/types\/page"}],"author":[{"embeddable":true,"href":"https:\/\/arvorecultural.com.br\/en\/wp-json\/wp\/v2\/users\/5"}],"replies":[{"embeddable":true,"href":"https:\/\/arvorecultural.com.br\/en\/wp-json\/wp\/v2\/comments?post=3164"}],"version-history":[{"count":40,"href":"https:\/\/arvorecultural.com.br\/en\/wp-json\/wp\/v2\/pages\/3164\/revisions"}],"predecessor-version":[{"id":3279,"href":"https:\/\/arvorecultural.com.br\/en\/wp-json\/wp\/v2\/pages\/3164\/revisions\/3279"}],"wp:attachment":[{"href":"https:\/\/arvorecultural.com.br\/en\/wp-json\/wp\/v2\/media?parent=3164"}],"curies":[{"name":"wp","href":"https:\/\/api.w.org\/{rel}","templated":true}]}}