{"id":3209,"date":"2026-08-29T14:51:45","date_gmt":"2026-08-29T17:51:45","guid":{"rendered":"https:\/\/arvorecultural.com.br\/?page_id=3209"},"modified":"2026-08-30T07:54:26","modified_gmt":"2026-08-30T10:54:26","slug":"oportunidades-de-investimento-em-arte-e-cultura","status":"publish","type":"page","link":"https:\/\/arvorecultural.com.br\/en\/oportunidades-de-investimento-em-arte-e-cultura\/","title":{"rendered":"Oportunidades de investimento em arte e cultura"},"content":{"rendered":"<h2 class=\"wp-block-heading\">Arte e cultura como ativos de marca, relacionamento e transforma\u00e7\u00e3o<\/h2>\n\n\n\n<p>A \u00c1rvore Cultural conecta empresas, investidores e organiza\u00e7\u00f5es a projetos de arte e cultura capazes de gerar impacto cultural, social e institucional.<\/p>\n\n\n\n<p>Reunimos oportunidades aprovadas por mecanismos de incentivo fiscal e projetos abertos a investimentos diretos, ativa\u00e7\u00f5es de marca e parcerias constru\u00eddas de forma personalizada.<\/p>\n\n\n\n<div class=\"wp-block-columns is-layout-flex wp-container-core-columns-layout-1 wp-block-columns-is-layout-flex\">\n<div class=\"wp-block-column is-layout-flow wp-block-column-is-layout-flow\">\n<h3 class=\"wp-block-heading\">Mulher de 50 Pode &#8230;<\/h3>\n\n\n\n<figure class=\"wp-block-image size-full\"><img loading=\"lazy\" decoding=\"async\" width=\"1200\" height=\"800\" src=\"https:\/\/arvorecultural.com.br\/wp-content\/uploads\/2026\/08\/Mulher_de_50_Pode_Denise_1200x800-2.webp\" alt=\"Denise Prado caracterizada para o espet\u00e1culo Mulher de 50 Pode\" class=\"wp-image-3111\" srcset=\"https:\/\/arvorecultural.com.br\/wp-content\/uploads\/2026\/08\/Mulher_de_50_Pode_Denise_1200x800-2.webp 1200w, https:\/\/arvorecultural.com.br\/wp-content\/uploads\/2026\/08\/Mulher_de_50_Pode_Denise_1200x800-2-300x200.webp 300w, https:\/\/arvorecultural.com.br\/wp-content\/uploads\/2026\/08\/Mulher_de_50_Pode_Denise_1200x800-2-1024x683.webp 1024w, https:\/\/arvorecultural.com.br\/wp-content\/uploads\/2026\/08\/Mulher_de_50_Pode_Denise_1200x800-2-768x512.webp 768w\" sizes=\"(max-width: 1200px) 100vw, 1200px\" \/><\/figure>\n\n\n\n<p>A thoughtful comedy by Denise Prado that celebrates women over 50, exploring transformation, discovery and new possibilities with humor and sensitivity.<\/p>\n\n\n\n<div class=\"wp-block-buttons is-layout-flex wp-block-buttons-is-layout-flex\">\n<div class=\"wp-block-button\"><a class=\"wp-block-button__link wp-element-button\" href=\"https:\/\/arvorecultural.com.br\/en\/mulher-de-50-pode\/\">Conhe\u00e7a a oportunidade<\/a><\/div>\n<\/div>\n<\/div>\n\n\n\n<div class=\"wp-block-column is-layout-flow wp-block-column-is-layout-flow\">\n<h3 class=\"wp-block-heading\">SPAMALOT <\/h3>\n\n\n\n<figure class=\"wp-block-image size-large\"><img loading=\"lazy\" decoding=\"async\" width=\"1024\" height=\"683\" src=\"https:\/\/arvorecultural.com.br\/wp-content\/uploads\/2026\/08\/spamalot-capa-site-1200x800-3-1024x683.webp\" alt=\"Ilustra\u00e7\u00e3o conceitual da montagem brasileira de SPAMALOT em um palco teatral\" class=\"wp-image-3114\" srcset=\"https:\/\/arvorecultural.com.br\/wp-content\/uploads\/2026\/08\/spamalot-capa-site-1200x800-3-1024x683.webp 1024w, https:\/\/arvorecultural.com.br\/wp-content\/uploads\/2026\/08\/spamalot-capa-site-1200x800-3-300x200.webp 300w, https:\/\/arvorecultural.com.br\/wp-content\/uploads\/2026\/08\/spamalot-capa-site-1200x800-3-768x512.webp 768w, https:\/\/arvorecultural.com.br\/wp-content\/uploads\/2026\/08\/spamalot-capa-site-1200x800-3.webp 1200w\" sizes=\"(max-width: 1024px) 100vw, 1024px\" \/><\/figure>\n\n\n\n<p>An irreverent musical comedy about journeys, encounters, and the quest for the Grail itself, ready for a major production on Brazilian stages.<\/p>\n\n\n\n<div class=\"wp-block-buttons is-layout-flex wp-block-buttons-is-layout-flex\">\n<div class=\"wp-block-button\"><a class=\"wp-block-button__link wp-element-button\" href=\"https:\/\/arvorecultural.com.br\/en\/spamalot-a-comedia-musical\/\">Conhe\u00e7a a oportunidade<\/a><\/div>\n<\/div>\n<\/div>\n<\/div>\n\n\n\n<div class=\"wp-block-columns is-layout-flex wp-container-core-columns-layout-2 wp-block-columns-is-layout-flex\">\n<div class=\"wp-block-column is-layout-flow wp-block-column-is-layout-flow\">\n<h3 class=\"wp-block-heading\">Livro da BAB 2026 <\/h3>\n\n\n\n<figure class=\"wp-block-image size-large\"><img loading=\"lazy\" decoding=\"async\" width=\"1024\" height=\"683\" src=\"https:\/\/arvorecultural.com.br\/wp-content\/uploads\/2026\/08\/livro-bab-2026-capa-1200x800-1-1024x683.webp\" alt=\"Capa do Livro da BAB 2026 \u2014 Registrar a arquitetura de um pa\u00eds\" class=\"wp-image-3221\" srcset=\"https:\/\/arvorecultural.com.br\/wp-content\/uploads\/2026\/08\/livro-bab-2026-capa-1200x800-1-1024x683.webp 1024w, https:\/\/arvorecultural.com.br\/wp-content\/uploads\/2026\/08\/livro-bab-2026-capa-1200x800-1-300x200.webp 300w, https:\/\/arvorecultural.com.br\/wp-content\/uploads\/2026\/08\/livro-bab-2026-capa-1200x800-1-768x512.webp 768w, https:\/\/arvorecultural.com.br\/wp-content\/uploads\/2026\/08\/livro-bab-2026-capa-1200x800-1.webp 1200w\" sizes=\"(max-width: 1024px) 100vw, 1024px\" \/><\/figure>\n\n\n\n<p>Uma publica\u00e7\u00e3o especial que registra a diversidade e a for\u00e7a da arquitetura brasileira, aberta a empresas interessadas em cultura, mem\u00f3ria, relacionamento e incentivo fiscal.<\/p>\n\n\n\n<div class=\"wp-block-buttons is-layout-flex wp-block-buttons-is-layout-flex\">\n<div class=\"wp-block-button\"><a class=\"wp-block-button__link wp-element-button\" href=\"https:\/\/wa.me\/5511955007575\">Conhe\u00e7a a oportunidade<\/a><\/div>\n<\/div>\n<\/div>\n\n\n\n<div class=\"wp-block-column is-layout-flow wp-block-column-is-layout-flow\">\n<h3 class=\"wp-block-heading\">Bienal Sonora<\/h3>\n\n\n\n<figure class=\"wp-block-image size-large\"><img loading=\"lazy\" decoding=\"async\" width=\"1024\" height=\"683\" src=\"https:\/\/arvorecultural.com.br\/wp-content\/uploads\/2026\/08\/bienal-sonora-capa-site-1200x800-2-1024x683.webp\" alt=\"Identidade visual da Bienal Sonora em azul, cobre e violeta\" class=\"wp-image-3117\" srcset=\"https:\/\/arvorecultural.com.br\/wp-content\/uploads\/2026\/08\/bienal-sonora-capa-site-1200x800-2-1024x683.webp 1024w, https:\/\/arvorecultural.com.br\/wp-content\/uploads\/2026\/08\/bienal-sonora-capa-site-1200x800-2-300x200.webp 300w, https:\/\/arvorecultural.com.br\/wp-content\/uploads\/2026\/08\/bienal-sonora-capa-site-1200x800-2-768x512.webp 768w, https:\/\/arvorecultural.com.br\/wp-content\/uploads\/2026\/08\/bienal-sonora-capa-site-1200x800-2.webp 1200w\" sizes=\"(max-width: 1024px) 100vw, 1024px\" \/><\/figure>\n\n\n\n<p>A cultural platform connecting music, memory, education, and new experiences, tracing the history of sound and envisioning possibilities for the future.<\/p>\n\n\n\n<div class=\"wp-block-buttons is-layout-flex wp-block-buttons-is-layout-flex\">\n<div class=\"wp-block-button\"><a class=\"wp-block-button__link wp-element-button\" href=\"https:\/\/arvorecultural.com.br\/en\/bienal-sonora\/\">Conhe\u00e7a a oportunidade<\/a><\/div>\n<\/div>\n<\/div>\n<\/div>\n\n\n\n<div class=\"wp-block-buttons is-content-justification-center is-layout-flex wp-container-core-buttons-layout-5 wp-block-buttons-is-layout-flex\">\n<div class=\"wp-block-button is-style-outline\"><a class=\"wp-block-button__link wp-element-button\" href=\"https:\/\/arvorecultural.com.br\/en\/\">Back to Home<\/a><\/div>\n<\/div>","protected":false},"excerpt":{"rendered":"<p>Arte e cultura como ativos de marca, relacionamento e transforma\u00e7\u00e3o A \u00c1rvore Cultural conecta empresas, investidores e organiza\u00e7\u00f5es a projetos de arte e cultura capazes de gerar impacto cultural, social e institucional. Reunimos oportunidades aprovadas por mecanismos de incentivo fiscal e projetos abertos a investimentos diretos, ativa\u00e7\u00f5es de marca e parcerias constru\u00eddas de forma personalizada&#8230;.<\/p>","protected":false},"author":5,"featured_media":0,"parent":0,"menu_order":0,"comment_status":"closed","ping_status":"closed","template":"","meta":{"_kad_post_transparent":"","_kad_post_title":"","_kad_post_layout":"","_kad_post_sidebar_id":"","_kad_post_content_style":"","_kad_post_vertical_padding":"","_kad_post_feature":"","_kad_post_feature_position":"","_kad_post_header":false,"_kad_post_footer":false,"_kad_post_classname":"","footnotes":"","_joinchat":[]},"aioseo_notices":[],"aioseo_head":"\n\t\t<!-- All in One SEO 5.0.0.1 - aioseo.com -->\n\t<meta name=\"description\" content=\"Arte e cultura como ativos de marca, relacionamento e transforma\u00e7\u00e3o A \u00c1rvore Cultural conecta empresas, investidores e organiza\u00e7\u00f5es a projetos de arte e cultura capazes de gerar impacto cultural, social e institucional. Reunimos oportunidades aprovadas por mecanismos de incentivo fiscal e projetos abertos a investimentos diretos, ativa\u00e7\u00f5es de marca e parcerias constru\u00eddas de forma personalizada.\" \/>\n\t<meta name=\"robots\" content=\"max-image-preview:large\" \/>\n\t<link rel=\"canonical\" href=\"https:\/\/arvorecultural.com.br\/en\/oportunidades-de-investimento-em-arte-e-cultura\/\" \/>\n\t<meta name=\"generator\" content=\"All in One SEO (AIOSEO) 5.0.0.1\" \/>\n\t\t<meta property=\"og:locale\" content=\"en_US\" \/>\n\t\t<meta property=\"og:site_name\" content=\"ArvoreCultural - Arte, cultura e estrat\u00e9gia que geram valor.\" \/>\n\t\t<meta property=\"og:type\" content=\"article\" \/>\n\t\t<meta property=\"og:title\" content=\"Oportunidades de investimento em arte e cultura - ArvoreCultural\" \/>\n\t\t<meta property=\"og:description\" content=\"Arte e cultura como ativos de marca, relacionamento e transforma\u00e7\u00e3o A \u00c1rvore Cultural conecta empresas, investidores e organiza\u00e7\u00f5es a projetos de arte e cultura capazes de gerar impacto cultural, social e institucional. Reunimos oportunidades aprovadas por mecanismos de incentivo fiscal e projetos abertos a investimentos diretos, ativa\u00e7\u00f5es de marca e parcerias constru\u00eddas de forma personalizada.\" \/>\n\t\t<meta property=\"og:url\" content=\"https:\/\/arvorecultural.com.br\/en\/oportunidades-de-investimento-em-arte-e-cultura\/\" \/>\n\t\t<meta property=\"og:image\" content=\"https:\/\/arvorecultural.com.br\/wp-content\/uploads\/2026\/08\/cropped-logo-arvore-cultural-azul-verde.png\" \/>\n\t\t<meta property=\"og:image:secure_url\" content=\"https:\/\/arvorecultural.com.br\/wp-content\/uploads\/2026\/08\/cropped-logo-arvore-cultural-azul-verde.png\" \/>\n\t\t<meta property=\"og:image:width\" content=\"512\" \/>\n\t\t<meta property=\"og:image:height\" content=\"512\" \/>\n\t\t<meta property=\"article:published_time\" content=\"2026-08-29T17:51:45+00:00\" \/>\n\t\t<meta property=\"article:modified_time\" content=\"2026-08-30T10:54:26+00:00\" \/>\n\t\t<meta name=\"twitter:card\" content=\"summary_large_image\" \/>\n\t\t<meta name=\"twitter:title\" content=\"Oportunidades de investimento em arte e cultura - ArvoreCultural\" \/>\n\t\t<meta name=\"twitter:description\" content=\"Arte e cultura como ativos de marca, relacionamento e transforma\u00e7\u00e3o A \u00c1rvore Cultural conecta empresas, investidores e organiza\u00e7\u00f5es a projetos de arte e cultura capazes de gerar impacto cultural, social e institucional. Reunimos oportunidades aprovadas por mecanismos de incentivo fiscal e projetos abertos a investimentos diretos, ativa\u00e7\u00f5es de marca e parcerias constru\u00eddas de forma personalizada.\" \/>\n\t\t<meta name=\"twitter:image\" content=\"https:\/\/arvorecultural.com.br\/wp-content\/uploads\/2026\/08\/cropped-logo-arvore-cultural-azul-verde.png\" \/>\n\t\t<script type=\"application\/ld+json\" class=\"aioseo-schema\">\n\t\t\t{\"@context\":\"https:\\\/\\\/schema.org\",\"@graph\":[{\"@type\":\"BreadcrumbList\",\"@id\":\"https:\\\/\\\/arvorecultural.com.br\\\/en\\\/oportunidades-de-investimento-em-arte-e-cultura\\\/#breadcrumblist\",\"itemListElement\":[{\"@type\":\"ListItem\",\"@id\":\"https:\\\/\\\/arvorecultural.com.br\\\/en#listItem\",\"position\":1,\"name\":\"Home\",\"item\":\"https:\\\/\\\/arvorecultural.com.br\\\/en\",\"nextItem\":{\"@type\":\"ListItem\",\"@id\":\"https:\\\/\\\/arvorecultural.com.br\\\/en\\\/oportunidades-de-investimento-em-arte-e-cultura\\\/#listItem\",\"name\":\"Oportunidades de investimento em arte e cultura\"}},{\"@type\":\"ListItem\",\"@id\":\"https:\\\/\\\/arvorecultural.com.br\\\/en\\\/oportunidades-de-investimento-em-arte-e-cultura\\\/#listItem\",\"position\":2,\"name\":\"Oportunidades de investimento em arte e cultura\",\"previousItem\":{\"@type\":\"ListItem\",\"@id\":\"https:\\\/\\\/arvorecultural.com.br\\\/en#listItem\",\"name\":\"Home\"}}]},{\"@type\":\"Organization\",\"@id\":\"https:\\\/\\\/arvorecultural.com.br\\\/en\\\/#organization\",\"name\":\"ArvoreCultural \\u00c1rvore Cultural\",\"description\":\"Arte, cultura e estrat\\u00e9gia que geram valor. Produtora e consultoria cultural especializada em cria\\u00e7\\u00e3o, coordena\\u00e7\\u00e3o, produ\\u00e7\\u00e3o e gest\\u00e3o de projetos de arte e cultura.\",\"url\":\"https:\\\/\\\/arvorecultural.com.br\\\/en\\\/\",\"telephone\":\"+5511955007575\",\"logo\":{\"@type\":\"ImageObject\",\"url\":\"https:\\\/\\\/arvorecultural.com.br\\\/wp-content\\\/uploads\\\/2026\\\/08\\\/cropped-logo-arvore-cultural-azul-verde.png\",\"@id\":\"https:\\\/\\\/arvorecultural.com.br\\\/en\\\/oportunidades-de-investimento-em-arte-e-cultura\\\/#organizationLogo\",\"width\":512,\"height\":512},\"image\":{\"@id\":\"https:\\\/\\\/arvorecultural.com.br\\\/en\\\/oportunidades-de-investimento-em-arte-e-cultura\\\/#organizationLogo\"},\"sameAs\":[\"https:\\\/\\\/www.instagram.com\\\/arvorecultural\\\/\"]},{\"@type\":\"WebPage\",\"@id\":\"https:\\\/\\\/arvorecultural.com.br\\\/en\\\/oportunidades-de-investimento-em-arte-e-cultura\\\/#webpage\",\"url\":\"https:\\\/\\\/arvorecultural.com.br\\\/en\\\/oportunidades-de-investimento-em-arte-e-cultura\\\/\",\"name\":\"Oportunidades de investimento em arte e cultura - ArvoreCultural\",\"description\":\"Arte e cultura como ativos de marca, relacionamento e transforma\\u00e7\\u00e3o A \\u00c1rvore Cultural conecta empresas, investidores e organiza\\u00e7\\u00f5es a projetos de arte e cultura capazes de gerar impacto cultural, social e institucional. Reunimos oportunidades aprovadas por mecanismos de incentivo fiscal e projetos abertos a investimentos diretos, ativa\\u00e7\\u00f5es de marca e parcerias constru\\u00eddas de forma personalizada.\",\"inLanguage\":\"en-US\",\"isPartOf\":{\"@id\":\"https:\\\/\\\/arvorecultural.com.br\\\/en\\\/#website\"},\"breadcrumb\":{\"@id\":\"https:\\\/\\\/arvorecultural.com.br\\\/en\\\/oportunidades-de-investimento-em-arte-e-cultura\\\/#breadcrumblist\"},\"datePublished\":\"2026-08-29T14:51:45-03:00\",\"dateModified\":\"2026-08-30T07:54:26-03:00\"},{\"@type\":\"WebSite\",\"@id\":\"https:\\\/\\\/arvorecultural.com.br\\\/en\\\/#website\",\"url\":\"https:\\\/\\\/arvorecultural.com.br\\\/en\\\/\",\"name\":\"ArvoreCultural\",\"description\":\"Arte, cultura e estrat\\u00e9gia que geram valor.\",\"inLanguage\":\"en-US\",\"publisher\":{\"@id\":\"https:\\\/\\\/arvorecultural.com.br\\\/en\\\/#organization\"}}]}\n\t\t<\/script>\n\t\t<!-- All in One SEO -->\n\n","aioseo_head_json":{"title":"Oportunidades de investimento em arte e cultura - ArvoreCultural","description":"Arte e cultura como ativos de marca, relacionamento e transforma\u00e7\u00e3o A \u00c1rvore Cultural conecta empresas, investidores e organiza\u00e7\u00f5es a projetos de arte e cultura capazes de gerar impacto cultural, social e institucional. Reunimos oportunidades aprovadas por mecanismos de incentivo fiscal e projetos abertos a investimentos diretos, ativa\u00e7\u00f5es de marca e parcerias constru\u00eddas de forma personalizada.","canonical_url":"https:\/\/arvorecultural.com.br\/en\/oportunidades-de-investimento-em-arte-e-cultura\/","robots":"max-image-preview:large","keywords":"","webmasterTools":{"miscellaneous":""},"schema":{"@context":"https:\/\/schema.org","@graph":[{"@type":"BreadcrumbList","@id":"https:\/\/arvorecultural.com.br\/en\/oportunidades-de-investimento-em-arte-e-cultura\/#breadcrumblist","itemListElement":[{"@type":"ListItem","@id":"https:\/\/arvorecultural.com.br\/en#listItem","position":1,"name":"Home","item":"https:\/\/arvorecultural.com.br\/en","nextItem":{"@type":"ListItem","@id":"https:\/\/arvorecultural.com.br\/en\/oportunidades-de-investimento-em-arte-e-cultura\/#listItem","name":"Oportunidades de investimento em arte e cultura"}},{"@type":"ListItem","@id":"https:\/\/arvorecultural.com.br\/en\/oportunidades-de-investimento-em-arte-e-cultura\/#listItem","position":2,"name":"Oportunidades de investimento em arte e cultura","previousItem":{"@type":"ListItem","@id":"https:\/\/arvorecultural.com.br\/en#listItem","name":"Home"}}]},{"@type":"Organization","@id":"https:\/\/arvorecultural.com.br\/en\/#organization","name":"ArvoreCultural \u00c1rvore Cultural","description":"Arte, cultura e estrat\u00e9gia que geram valor. Produtora e consultoria cultural especializada em cria\u00e7\u00e3o, coordena\u00e7\u00e3o, produ\u00e7\u00e3o e gest\u00e3o de projetos de arte e cultura.","url":"https:\/\/arvorecultural.com.br\/en\/","telephone":"+5511955007575","logo":{"@type":"ImageObject","url":"https:\/\/arvorecultural.com.br\/wp-content\/uploads\/2026\/08\/cropped-logo-arvore-cultural-azul-verde.png","@id":"https:\/\/arvorecultural.com.br\/en\/oportunidades-de-investimento-em-arte-e-cultura\/#organizationLogo","width":512,"height":512},"image":{"@id":"https:\/\/arvorecultural.com.br\/en\/oportunidades-de-investimento-em-arte-e-cultura\/#organizationLogo"},"sameAs":["https:\/\/www.instagram.com\/arvorecultural\/"]},{"@type":"WebPage","@id":"https:\/\/arvorecultural.com.br\/en\/oportunidades-de-investimento-em-arte-e-cultura\/#webpage","url":"https:\/\/arvorecultural.com.br\/en\/oportunidades-de-investimento-em-arte-e-cultura\/","name":"Oportunidades de investimento em arte e cultura - ArvoreCultural","description":"Arte e cultura como ativos de marca, relacionamento e transforma\u00e7\u00e3o A \u00c1rvore Cultural conecta empresas, investidores e organiza\u00e7\u00f5es a projetos de arte e cultura capazes de gerar impacto cultural, social e institucional. Reunimos oportunidades aprovadas por mecanismos de incentivo fiscal e projetos abertos a investimentos diretos, ativa\u00e7\u00f5es de marca e parcerias constru\u00eddas de forma personalizada.","inLanguage":"en-US","isPartOf":{"@id":"https:\/\/arvorecultural.com.br\/en\/#website"},"breadcrumb":{"@id":"https:\/\/arvorecultural.com.br\/en\/oportunidades-de-investimento-em-arte-e-cultura\/#breadcrumblist"},"datePublished":"2026-08-29T14:51:45-03:00","dateModified":"2026-08-30T07:54:26-03:00"},{"@type":"WebSite","@id":"https:\/\/arvorecultural.com.br\/en\/#website","url":"https:\/\/arvorecultural.com.br\/en\/","name":"ArvoreCultural","description":"Arte, cultura e estrat\u00e9gia que geram valor.","inLanguage":"en-US","publisher":{"@id":"https:\/\/arvorecultural.com.br\/en\/#organization"}}]},"og:locale":"en_US","og:site_name":"ArvoreCultural - Arte, cultura e estrat\u00e9gia que geram valor.","og:type":"article","og:title":"Oportunidades de investimento em arte e cultura - ArvoreCultural","og:description":"Arte e cultura como ativos de marca, relacionamento e transforma\u00e7\u00e3o A \u00c1rvore Cultural conecta empresas, investidores e organiza\u00e7\u00f5es a projetos de arte e cultura capazes de gerar impacto cultural, social e institucional. Reunimos oportunidades aprovadas por mecanismos de incentivo fiscal e projetos abertos a investimentos diretos, ativa\u00e7\u00f5es de marca e parcerias constru\u00eddas de forma personalizada.","og:url":"https:\/\/arvorecultural.com.br\/en\/oportunidades-de-investimento-em-arte-e-cultura\/","og:image":"https:\/\/arvorecultural.com.br\/wp-content\/uploads\/2026\/08\/cropped-logo-arvore-cultural-azul-verde.png","og:image:secure_url":"https:\/\/arvorecultural.com.br\/wp-content\/uploads\/2026\/08\/cropped-logo-arvore-cultural-azul-verde.png","og:image:width":512,"og:image:height":512,"article:published_time":"2026-08-29T17:51:45+00:00","article:modified_time":"2026-08-30T10:54:26+00:00","twitter:card":"summary_large_image","twitter:title":"Oportunidades de investimento em arte e cultura - ArvoreCultural","twitter:description":"Arte e cultura como ativos de marca, relacionamento e transforma\u00e7\u00e3o A \u00c1rvore Cultural conecta empresas, investidores e organiza\u00e7\u00f5es a projetos de arte e cultura capazes de gerar impacto cultural, social e institucional. Reunimos oportunidades aprovadas por mecanismos de incentivo fiscal e projetos abertos a investimentos diretos, ativa\u00e7\u00f5es de marca e parcerias constru\u00eddas de forma personalizada.","twitter:image":"https:\/\/arvorecultural.com.br\/wp-content\/uploads\/2026\/08\/cropped-logo-arvore-cultural-azul-verde.png"},"aioseo_meta_data":{"post_id":"3209","title":null,"description":null,"keywords":null,"keyphrases":{"focus":{"keyphrase":"","score":0,"analysis":{"keyphraseInTitle":{"score":0,"maxScore":9,"error":1}}},"additional":[]},"focus_keyword":null,"additional_keywords":null,"truseo_locale":null,"primary_term":null,"canonical_url":null,"og_title":null,"og_description":null,"og_object_type":"default","og_image_type":"default","og_image_custom_url":null,"og_image_custom_fields":null,"og_image_url":null,"og_image_width":null,"og_image_height":null,"og_video":"","og_custom_url":null,"og_article_section":null,"og_article_tags":null,"twitter_use_og":false,"twitter_card":"default","twitter_image_type":"default","twitter_image_custom_url":null,"twitter_image_custom_fields":null,"twitter_image_url":null,"twitter_title":null,"twitter_description":null,"schema_type":"default","schema_type_options":null,"schema":{"blockGraphs":[],"customGraphs":[],"default":{"data":{"Article":[],"Course":[],"Dataset":[],"FAQPage":[],"Movie":[],"Person":[],"Product":[],"ProductReview":[],"Car":[],"Recipe":[],"Service":[],"SoftwareApplication":[],"WebPage":[]},"graphName":"WebPage","isEnabled":true},"graphs":[]},"pillar_content":false,"robots_default":true,"robots_noindex":false,"robots_noarchive":false,"robots_nosnippet":false,"robots_nofollow":false,"robots_noimageindex":false,"robots_noodp":false,"robots_notranslate":false,"robots_max_snippet":"-1","robots_max_videopreview":"-1","robots_max_imagepreview":"large","priority":null,"frequency":"default","local_seo":null,"limit_modified_date":false,"ai":{"faqs":[],"keyPoints":[],"schemas":[],"titles":[],"descriptions":[],"socialPosts":{"email":{"subject":"","preview":"","content":""},"linkedin":[],"twitter":[],"facebook":[],"instagram":[]}},"breadcrumb_settings":null,"seo_analyzer_scan_date":null,"created":"2026-08-29 17:19:07","updated":"2026-08-30 11:53:08"},"aioseo_breadcrumb":"<div class=\"aioseo-breadcrumbs\"><span class=\"aioseo-breadcrumb\">\n\t\t\t<a href=\"https:\/\/arvorecultural.com.br\/en\" title=\"Home\">Home<\/a>\n\t\t<\/span><span class=\"aioseo-breadcrumb-separator\">&raquo;<\/span><span class=\"aioseo-breadcrumb\">\n\t\t\tOportunidades de investimento em arte e cultura\n\t\t<\/span><\/div>","aioseo_breadcrumb_json":[{"label":"Home","link":"https:\/\/arvorecultural.com.br\/en"},{"label":"Oportunidades de investimento em arte e cultura","link":"https:\/\/arvorecultural.com.br\/en\/oportunidades-de-investimento-em-arte-e-cultura\/"}],"_links":{"self":[{"href":"https:\/\/arvorecultural.com.br\/en\/wp-json\/wp\/v2\/pages\/3209"}],"collection":[{"href":"https:\/\/arvorecultural.com.br\/en\/wp-json\/wp\/v2\/pages"}],"about":[{"href":"https:\/\/arvorecultural.com.br\/en\/wp-json\/wp\/v2\/types\/page"}],"author":[{"embeddable":true,"href":"https:\/\/arvorecultural.com.br\/en\/wp-json\/wp\/v2\/users\/5"}],"replies":[{"embeddable":true,"href":"https:\/\/arvorecultural.com.br\/en\/wp-json\/wp\/v2\/comments?post=3209"}],"version-history":[{"count":21,"href":"https:\/\/arvorecultural.com.br\/en\/wp-json\/wp\/v2\/pages\/3209\/revisions"}],"predecessor-version":[{"id":3277,"href":"https:\/\/arvorecultural.com.br\/en\/wp-json\/wp\/v2\/pages\/3209\/revisions\/3277"}],"wp:attachment":[{"href":"https:\/\/arvorecultural.com.br\/en\/wp-json\/wp\/v2\/media?parent=3209"}],"curies":[{"name":"wp","href":"https:\/\/api.w.org\/{rel}","templated":true}]}}